{"id":166,"date":"2022-04-30T17:28:00","date_gmt":"2022-04-30T15:28:00","guid":{"rendered":"https:\/\/test636937616.wordpress.com\/?page_id=166"},"modified":"2026-04-26T21:20:46","modified_gmt":"2026-04-26T19:20:46","slug":"kostproben","status":"publish","type":"page","link":"https:\/\/insahaertel.de\/index.php\/kostproben\/","title":{"rendered":"Kostproben"},"content":{"rendered":"\n<div class=\"wp-block-cover alignfull is-light\" style=\"min-height:120px;aspect-ratio:unset;\"><img decoding=\"async\" class=\"wp-block-cover__image-background wp-image-2857 lazyload\" alt=\"Cover &quot;Kostproben&quot;, Insa H\u00e4rtel\" data-src=\"https:\/\/test636937616.files.wordpress.com\/2022\/06\/versuch2-1.jpg\" style=\"object-position:97% 84%\" data-object-fit=\"cover\" data-object-position=\"97% 84%\" src=\"data:image\/svg+xml;base64,PHN2ZyB3aWR0aD0iMSIgaGVpZ2h0PSIxIiB4bWxucz0iaHR0cDovL3d3dy53My5vcmcvMjAwMC9zdmciPjwvc3ZnPg==\" \/><span aria-hidden=\"true\" class=\"wp-block-cover__background has-white-background-color has-background-dim-0 has-background-dim\"><\/span><div class=\"wp-block-cover__inner-container is-layout-flow wp-block-cover-is-layout-flow\">\n<h2 class=\"wp-block-heading speziell-H2 has-text-color has-large-font-size\" style=\"color:#b5182d;font-style:normal;font-weight:500;letter-spacing:3px\">KOSTPROBEN<\/h2>\n<\/div><\/div>\n\n\n\n<div class=\"wp-block-columns is-layout-flex wp-container-core-columns-is-layout-9d6595d7 wp-block-columns-is-layout-flex\">\n<div class=\"wp-block-column is-layout-flow wp-block-column-is-layout-flow\">\n<p class=\"has-white-color has-text-color\" style=\"font-size:19px;line-height:1.5\">Kostproben<\/p>\n<\/div>\n<\/div>\n\n\n\n<div class=\"wp-block-media-text alignwide is-stacked-on-mobile is-vertically-aligned-center\" style=\"grid-template-columns:21% auto\"><figure class=\"wp-block-media-text__media\"><a href=\"https:\/\/www.vpsz.ch\/fortbildung\/\" target=\"_blank\" rel=\"noreferrer noopener\"><img decoding=\"async\" width=\"946\" height=\"644\" data-src=\"https:\/\/insahaertel.de\/wp-content\/uploads\/2026\/02\/vpsz-Dont-panic-Spaltung.png\" alt=\"Insa Haertel: Roboter, mediale Blasen, Realit\u00e4ten \u2013 Fragen der Spaltung im R\u00fcckblick auf Wall-E, Z\u00fcrich 20.6.26\" class=\"wp-image-8401 size-full lazyload\" data-srcset=\"https:\/\/insahaertel.de\/wp-content\/uploads\/2026\/02\/vpsz-Dont-panic-Spaltung.png 946w, https:\/\/insahaertel.de\/wp-content\/uploads\/2026\/02\/vpsz-Dont-panic-Spaltung-300x204.png 300w, https:\/\/insahaertel.de\/wp-content\/uploads\/2026\/02\/vpsz-Dont-panic-Spaltung-768x523.png 768w\" data-sizes=\"(max-width: 946px) 100vw, 946px\" src=\"data:image\/svg+xml;base64,PHN2ZyB3aWR0aD0iMSIgaGVpZ2h0PSIxIiB4bWxucz0iaHR0cDovL3d3dy53My5vcmcvMjAwMC9zdmciPjwvc3ZnPg==\" style=\"--smush-placeholder-width: 946px; --smush-placeholder-aspect-ratio: 946\/644;\" \/><\/a><\/figure><div class=\"wp-block-media-text__content\">\n<p class=\"has-white-color has-text-color\" style=\"font-size:1px\">&#8211;<\/p>\n\n\n\n<p class=\"has-medium-font-size\" style=\"font-style:normal;font-weight:400\"><a href=\"https:\/\/www.vpsz.ch\/fortbildung\/\" target=\"_blank\" rel=\"noreferrer noopener\">Roboter, mediale Blasen, Realit\u00e4ten \u2013 Fragen der Spaltung im R\u00fcckblick auf Wall-E, Z\u00fcrich 20.6.26<\/a><\/p>\n\n\n\n<p class=\"has-text-color\" style=\"color:#605252e0;font-size:18px\">Im Rahmen der Veranstaltungsreihe <em>Don\u2019t Panic! Ph\u00e4nomene der Spaltung in Psyche, Familie und Gesellschaft<\/em> des Vereins f\u00fcr psychoanalytische Sozialarbeit Z\u00fcrich steuere ich im Juni einen Beitrag bei zu dem Film <em>WALL\u00b7E \u2013 Der Letzte r\u00e4umt die Erde auf<\/em> (USA 2008, R: Andrew Stanton) &#8211; der sich, wie ich zeigen m\u00f6chte, immer noch zu betrachten lohnt: L\u00e4sst sich die Gegen\u00fcberstellung der cleanen Axiom und des dreckigen Geheimnisses Erde in der Filmgegenwart um 2805 als Effekt einer Spaltung begreifen?<\/p>\n<\/div><\/div>\n\n\n\n<div class=\"wp-block-media-text alignwide has-media-on-the-right is-stacked-on-mobile is-vertically-aligned-center\" style=\"grid-template-columns:auto 21%\"><div class=\"wp-block-media-text__content\">\n<p class=\"has-white-color has-text-color\" style=\"font-size:1px\">&#8211;<\/p>\n\n\n\n<p class=\"has-medium-font-size\" style=\"font-style:normal;font-weight:400\"><a href=\"https:\/\/michael-balint-institut.de\/veranstaltungen-podcast\/michael-balint-vorlesungen\" target=\"_blank\" rel=\"noreferrer noopener\">Zum Thema A-Sexualit\u00e4t: Psychoanalytisch-kulturwissenschaftliche Betrachtungen, Hamburg 3.6.26<\/a><\/p>\n\n\n\n<p class=\"has-text-color\" style=\"color:#605252e0;font-size:18px\">Mit dem Begriff Asexualit\u00e4t bezeichnen sich \u2013 in einem differenzierten Spektrum \u2013 Personen, die kaum oder keine sexuelle Anziehung empfinden. In diesem Vortrag soll das Video \u201eA wie Analsex \u00e4h&#8230; Asexualit\u00e4t\u201c im Mittelpunkt stehen, mit dem das <em>Sex ABC <\/em>des YouTube-Kanals <em>Survival Guide <\/em>2014 startet. Der co-moderierende Stoffhund R\u00fcdiger mit Brille scheint die Asexualit\u00e4t, die Moderatorin Mia erkl\u00e4ren will, partout nicht zu verstehen und r\u00fcckt ihr auf die Pelle. Wie wird A-Sexualit\u00e4t hier repr\u00e4sentiert und was kann das auch&nbsp;f\u00fcr die Psychoanalyse besagen?<\/p>\n\n\n\n<p class=\"has-text-color\" style=\"color:#605252e0;font-size:18px\">.<\/p>\n<\/div><figure class=\"wp-block-media-text__media\"><a href=\"https:\/\/michael-balint-institut.de\/veranstaltungen-podcast\/michael-balint-vorlesungen\" target=\"_blank\" rel=\"noreferrer noopener\"><img decoding=\"async\" width=\"318\" height=\"206\" data-src=\"https:\/\/insahaertel.de\/wp-content\/uploads\/2026\/02\/Balint-Vorlesung.png\" alt=\"Insa Haertel - Michael Balint Vorlesung 2026\" class=\"wp-image-8394 size-full lazyload\" data-srcset=\"https:\/\/insahaertel.de\/wp-content\/uploads\/2026\/02\/Balint-Vorlesung.png 318w, https:\/\/insahaertel.de\/wp-content\/uploads\/2026\/02\/Balint-Vorlesung-300x194.png 300w\" data-sizes=\"(max-width: 318px) 100vw, 318px\" src=\"data:image\/svg+xml;base64,PHN2ZyB3aWR0aD0iMSIgaGVpZ2h0PSIxIiB4bWxucz0iaHR0cDovL3d3dy53My5vcmcvMjAwMC9zdmciPjwvc3ZnPg==\" style=\"--smush-placeholder-width: 318px; --smush-placeholder-aspect-ratio: 318\/206;\" \/><\/a><\/figure><\/div>\n\n\n\n<div class=\"wp-block-media-text alignwide is-stacked-on-mobile is-vertically-aligned-center\" style=\"grid-template-columns:21% auto\"><figure class=\"wp-block-media-text__media\"><a href=\"https:\/\/film-medien.ftmk.uni-mainz.de\/dfg-netzwerk-interdisziplinaere-pornografie-forschung\/\" target=\"_blank\" rel=\"noreferrer noopener\"><img decoding=\"async\" width=\"837\" height=\"162\" data-src=\"https:\/\/insahaertel.de\/wp-content\/uploads\/2026\/04\/DFG-Netzwerk.png\" alt=\"DFG-Netzwerk Interdisziplin\u00e4re Pornografie-Forschung\" class=\"wp-image-8433 size-full lazyload\" data-srcset=\"https:\/\/insahaertel.de\/wp-content\/uploads\/2026\/04\/DFG-Netzwerk.png 837w, https:\/\/insahaertel.de\/wp-content\/uploads\/2026\/04\/DFG-Netzwerk-300x58.png 300w, https:\/\/insahaertel.de\/wp-content\/uploads\/2026\/04\/DFG-Netzwerk-768x149.png 768w\" data-sizes=\"(max-width: 837px) 100vw, 837px\" src=\"data:image\/svg+xml;base64,PHN2ZyB3aWR0aD0iMSIgaGVpZ2h0PSIxIiB4bWxucz0iaHR0cDovL3d3dy53My5vcmcvMjAwMC9zdmciPjwvc3ZnPg==\" style=\"--smush-placeholder-width: 837px; --smush-placeholder-aspect-ratio: 837\/162;\" \/><\/a><\/figure><div class=\"wp-block-media-text__content\">\n<p class=\"has-white-color has-text-color\" style=\"font-size:1px\">&#8211;<\/p>\n\n\n\n<p class=\"has-medium-font-size\" style=\"font-style:normal;font-weight:400\"><a href=\"https:\/\/film-medien.ftmk.uni-mainz.de\/dfg-netzwerk-interdisziplinaere-pornografie-forschung\/\" target=\"_blank\" rel=\"noreferrer noopener\">DFG-Netzwerk Interdisziplin\u00e4re Pornografie-Forschung<br><\/a><\/p>\n\n\n\n<p class=\"has-text-color\" style=\"color:#605252e0;font-size:18px\">Aus dem Scoping-Workshop ist ein DFG-Netzwerks  geworden (Leitung: Leonie Zilch, Friederike Nastold, 2026-2028), das eine interdisziplin\u00e4r angelegte Pornografie-Forschung verfolgt. Das Pornografische bewegt sich an Schnittstellen medialer, \u00e4sthetischer, k\u00f6rperlicher, vergeschlechtlichter, kultureller, juristischer, p\u00e4dagogischer, gesundheitlicher, psychologischer, sexualwissenschaftlicher, wirtschaftlicher Diskurse. 20 Wissenschaftler:innen verschiedener Disziplinen kommen zusammen, um fachspezifische Zug\u00e4nge und Kenntnisse zu b\u00fcndeln, aber auch um Unterschiede und Debatten sichtbar zu machen.<\/p>\n\n\n\n<p class=\"has-text-color\" style=\"color:#605252e0;font-size:18px\">.<\/p>\n<\/div><\/div>\n\n\n\n<div class=\"wp-block-media-text alignwide has-media-on-the-right is-stacked-on-mobile is-vertically-aligned-center\" style=\"grid-template-columns:auto 21%\"><div class=\"wp-block-media-text__content\">\n<p class=\"has-white-color has-text-color\" style=\"font-size:1px\">&#8211;<\/p>\n\n\n\n<p class=\"has-medium-font-size\" style=\"font-style:normal;font-weight:400\"><a href=\"https:\/\/insahaertel.de\/wp-content\/uploads\/2025\/08\/sexuologie_2025-1-2_Haertel.pdf\" target=\"_blank\" rel=\"noreferrer noopener\">Affekt im Vokabular des Triebs<\/a><\/p>\n\n\n\n<p class=\"has-text-color\" style=\"color:#605252e0;font-size:18px\">Der Trieb hat derzeit einen schweren Stand. Auch im Namen des<br>vielversprechend Affektiven wird Einspruch gegen ihn erhoben.<br>Dementgegen argumentiert dieser Beitrag f\u00fcr die Produktivit\u00e4t der<br>psychoanalytischen Triebtheorie, deren Potenzial keineswegs ausgesch\u00f6pft ist. Wie ist der Affekt im Zusammenhang mit dem Trieb zu denken, wie kann gerade dessen Vokabular der Verwobenheit von Repr\u00e4sentanz und Affekt Rechnung tragen &#8211; und \u00fcber das, was nicht aufgeht, sondern hapert, auch eine politische Dimension aufschlie\u00dfen?<\/p>\n\n\n\n<p class=\"has-text-color\" style=\"color:#605252e0;font-size:18px\">.<\/p>\n<\/div><figure class=\"wp-block-media-text__media\"><a href=\"https:\/\/sexuologie-info.de\/aktuelle-ausgaben-3\/\" target=\"_blank\" rel=\"noreferrer noopener\"><img decoding=\"async\" width=\"394\" height=\"473\" data-src=\"https:\/\/insahaertel.de\/wp-content\/uploads\/2025\/08\/Sexuologie_20025.png\" alt=\"Beitrag Haertel Sexuologie 2025, Affekt \/Trieb\" class=\"wp-image-8339 size-full lazyload\" data-srcset=\"https:\/\/insahaertel.de\/wp-content\/uploads\/2025\/08\/Sexuologie_20025.png 394w, https:\/\/insahaertel.de\/wp-content\/uploads\/2025\/08\/Sexuologie_20025-250x300.png 250w\" data-sizes=\"(max-width: 394px) 100vw, 394px\" src=\"data:image\/svg+xml;base64,PHN2ZyB3aWR0aD0iMSIgaGVpZ2h0PSIxIiB4bWxucz0iaHR0cDovL3d3dy53My5vcmcvMjAwMC9zdmciPjwvc3ZnPg==\" style=\"--smush-placeholder-width: 394px; --smush-placeholder-aspect-ratio: 394\/473;\" \/><\/a><\/figure><\/div>\n\n\n\n<div class=\"wp-block-media-text alignwide is-stacked-on-mobile is-vertically-aligned-center\" style=\"grid-template-columns:21% auto\"><figure class=\"wp-block-media-text__media\"><a href=\"https:\/\/open.spotify.com\/show\/0MCbhGczzmUN4VBYGnQJIZ\" target=\"_blank\" rel=\"noreferrer noopener\"><img decoding=\"async\" width=\"768\" height=\"1024\" data-src=\"https:\/\/insahaertel.de\/wp-content\/uploads\/2025\/07\/falling_asleep_27_Traumstation-768x1024.jpg\" alt=\"falling_asleep_27 Traumstation\" class=\"wp-image-8326 size-full lazyload\" src=\"data:image\/svg+xml;base64,PHN2ZyB3aWR0aD0iMSIgaGVpZ2h0PSIxIiB4bWxucz0iaHR0cDovL3d3dy53My5vcmcvMjAwMC9zdmciPjwvc3ZnPg==\" style=\"--smush-placeholder-width: 768px; --smush-placeholder-aspect-ratio: 768\/1024;\" \/><\/a><\/figure><div class=\"wp-block-media-text__content\">\n<p class=\"has-white-color has-text-color\" style=\"font-size:1px\">&#8211;<\/p>\n\n\n\n<p class=\"has-medium-font-size\" style=\"font-style:normal;font-weight:400\"><a href=\"https:\/\/the-missing-link.online\/traumstationen\/\" target=\"_blank\" rel=\"noreferrer noopener\">Podcast Traumstation<\/a><\/p>\n\n\n\n<p class=\"has-text-color\" style=\"color:#605252e0;font-size:18px\">Ich freue mich, beim Traumstation \u2013 Podcast zu Psychoanalyse und Traumdeutung vom Verein <em>The Missing Link<\/em> mitzumachen! In jeder Folge wird in einer kleinen Gruppe gratis und anonym&nbsp;ein Traum gedeutet, der per Email zugeschickt werden kann: traum@the-missing-link.online. Alle Tr\u00e4ume sind willkommen! Neue Folgen erscheinen Sonntags am Vormittag. Weitere Informationen finden sich <a href=\"https:\/\/the-missing-link.online\/traumstationen\/\" target=\"_blank\" rel=\"noreferrer noopener\"><span style=\"text-decoration: underline;\">hier<\/span><\/a>. <\/p>\n\n\n\n<p class=\"has-text-color\" style=\"color:#605252e0;font-size:18px\"><\/p>\n\n\n\n<p class=\"has-text-color\" style=\"color:#605252e0;font-size:18px\">.<\/p>\n<\/div><\/div>\n\n\n\n<div class=\"wp-block-media-text alignwide has-media-on-the-right is-stacked-on-mobile is-vertically-aligned-center\" style=\"grid-template-columns:auto 21%\"><div class=\"wp-block-media-text__content\">\n<p class=\"has-white-color has-text-color\" style=\"font-size:1px\">&#8211;<\/p>\n\n\n\n<p class=\"has-medium-font-size\" style=\"font-style:normal;font-weight:400\"><a href=\"https:\/\/insahaertel.de\/wp-content\/uploads\/2025\/03\/Catherine-Opie_Beitrag-Insa-Haertel.pdf\" target=\"_blank\" rel=\"noreferrer noopener\"><em>Pervert<\/em>, Mutterbrust, Fotografie <\/a><\/p>\n\n\n\n<p class=\"has-text-color\" style=\"color:#605252e0;font-size:18px\">Unter dieser \u00dcberschrift verbirgt sich <a href=\"https:\/\/insahaertel.de\/wp-content\/uploads\/2025\/03\/Catherine-Opie_Beitrag-Insa-Haertel.pdf\" target=\"_blank\" rel=\"noreferrer noopener\"><span style=\"text-decoration: underline;\">mein Beitrag<\/span><\/a> zu Catherine Opies Fotografie <em>\u00bbSelf-Portrait\/Nursing\u00ab <\/em>(2004) in der Zeitschrift f\u00fcr Sexualforschung, Schwerpunktheft \u00bbKunst und Sexualit\u00e4t\u00ab. Er ist <a href=\"https:\/\/insahaertel.de\/wp-content\/uploads\/2025\/03\/Catherine-Opie_Beitrag-Insa-Haertel.pdf\" target=\"_blank\" rel=\"noreferrer noopener\">hier <\/a>nachzulesen. Der Befund: Mit der bildlichen Wunschbelebung angesichts dieses \u00bbstillenden Bildes\u00ab werden ebenso fetischistische Qualit\u00e4ten des fotografischen Mediums thematisiert wie \u00bbpervers-sexuelle\u00ab Einschreibungen, wie sie im Stillakt selbst wirksam werden.<\/p>\n<\/div><figure class=\"wp-block-media-text__media\"><a href=\"https:\/\/insahaertel.de\/wp-content\/uploads\/2025\/03\/Catherine-Opie_Beitrag-Insa-Haertel.pdf\" target=\"_blank\" rel=\"noreferrer noopener\"><img decoding=\"async\" width=\"315\" height=\"361\" data-src=\"https:\/\/insahaertel.de\/wp-content\/uploads\/2025\/03\/Beitrag-Haertel-Zeitschrift-fuer-Sexualforschung-2025.png\" alt=\"Beitrag zu Catherin Opie: Selfportrait\/Nursing (2004)\" class=\"wp-image-8283 size-full lazyload\" data-srcset=\"https:\/\/insahaertel.de\/wp-content\/uploads\/2025\/03\/Beitrag-Haertel-Zeitschrift-fuer-Sexualforschung-2025.png 315w, https:\/\/insahaertel.de\/wp-content\/uploads\/2025\/03\/Beitrag-Haertel-Zeitschrift-fuer-Sexualforschung-2025-262x300.png 262w\" data-sizes=\"(max-width: 315px) 100vw, 315px\" src=\"data:image\/svg+xml;base64,PHN2ZyB3aWR0aD0iMSIgaGVpZ2h0PSIxIiB4bWxucz0iaHR0cDovL3d3dy53My5vcmcvMjAwMC9zdmciPjwvc3ZnPg==\" style=\"--smush-placeholder-width: 315px; --smush-placeholder-aspect-ratio: 315\/361;\" \/><\/a><\/figure><\/div>\n\n\n\n<div class=\"wp-block-media-text alignwide is-stacked-on-mobile is-vertically-aligned-center\" style=\"grid-template-columns:21% auto\"><figure class=\"wp-block-media-text__media\"><a href=\"https:\/\/zeitschrift.riss-psychoanalyse.de\/index.php\/riss\/index\" target=\"_blank\" rel=\"noreferrer noopener\"><img decoding=\"async\" width=\"347\" height=\"250\" data-src=\"https:\/\/insahaertel.de\/wp-content\/uploads\/2025\/01\/RISS.png\" alt=\"RISS\" class=\"wp-image-8255 size-full lazyload\" data-srcset=\"https:\/\/insahaertel.de\/wp-content\/uploads\/2025\/01\/RISS.png 347w, https:\/\/insahaertel.de\/wp-content\/uploads\/2025\/01\/RISS-300x216.png 300w\" data-sizes=\"(max-width: 347px) 100vw, 347px\" src=\"data:image\/svg+xml;base64,PHN2ZyB3aWR0aD0iMSIgaGVpZ2h0PSIxIiB4bWxucz0iaHR0cDovL3d3dy53My5vcmcvMjAwMC9zdmciPjwvc3ZnPg==\" style=\"--smush-placeholder-width: 347px; --smush-placeholder-aspect-ratio: 347\/250;\" \/><\/a><\/figure><div class=\"wp-block-media-text__content\">\n<p class=\"has-white-color has-text-color\" style=\"font-size:1px\">&#8211;<\/p>\n\n\n\n<p class=\"has-medium-font-size\" style=\"font-style:normal;font-weight:400\"><a href=\"https:\/\/zeitschrift.riss-psychoanalyse.de\/index.php\/riss\/index\" target=\"_blank\" rel=\"noreferrer noopener\">RISS im OpenAcess<\/a><\/p>\n\n\n\n<p class=\"has-text-color\" style=\"color:#605252e0;font-size:18px\"><em>RISS. Zeitschrift f\u00fcr Psychoanalyse <\/em>erscheint jetzt im OpenAccess, dank der Universit\u00e4tsbibliothek Johann Christian Senckenberg und dem Fachinformationsdienst AVLdigital. Die Zeitschrift l\u00e4sst sich auch weiterhin gedruckt kaufen, im Buchhandel oder direkt bei der Redaktion. Weitere Infos und die aktuelle Ausgabe unter:&nbsp;www.riss-psychoanalyse.de.<\/p>\n<\/div><\/div>\n\n\n\n<div class=\"wp-block-media-text alignwide has-media-on-the-right is-stacked-on-mobile is-vertically-aligned-center\" style=\"grid-template-columns:auto 21%\"><div class=\"wp-block-media-text__content\">\n<p class=\"has-white-color has-text-color\" style=\"font-size:1px\">&#8211;<\/p>\n\n\n\n<p class=\"has-medium-font-size\" style=\"font-style:normal;font-weight:400\"><a href=\"https:\/\/kultur-denken.podigee.io\/s3e1-neue-episode\" target=\"_blank\" rel=\"noreferrer noopener\">Podcast <em>Nichts Besonderes<\/em>: Auftakt<\/a><\/p>\n\n\n\n<p class=\"has-text-color\" style=\"color:#605252e0;font-size:18px\">Diese Staffel im Rahmen des Podcasts <a href=\"https:\/\/kultur-denken.podigee.io\/episodes\" target=\"_blank\" rel=\"noreferrer noopener\"><em><strong>Kultur denken<\/strong><\/em><\/a> des Internationalen Forschungszentrums Kulturwissenschaften in Wien (ifk) widmet sich dem Beil\u00e4ufigen, das hei\u00dft weniger dem Aufsehenerregenden als dem Erregenden am Allt\u00e4glichen. Denn: Auch im scheinbar Banalen, in \u00bbnormal\u00ab gewordenen kollektiven Wahrnehmungsweisen, Formen, Materialien werden kulturell virulente Themen verhandelt. Als Auftakt: Martin Gasteiner im Gespr\u00e4ch mit mir als Kuratorin\/Macherin der Staffel.<\/p>\n<\/div><figure class=\"wp-block-media-text__media\"><a href=\"https:\/\/kultur-denken.podigee.io\/s3e1-neue-episode\" target=\"_blank\" rel=\"noreferrer noopener\"><img decoding=\"async\" width=\"194\" height=\"198\" data-src=\"https:\/\/insahaertel.de\/wp-content\/uploads\/2024\/10\/Podcast-Insa-Haertel.png\" alt=\"Nichts Besonderes Podcast Insa H\u00e4rtel\" class=\"wp-image-8202 size-full lazyload\" src=\"data:image\/svg+xml;base64,PHN2ZyB3aWR0aD0iMSIgaGVpZ2h0PSIxIiB4bWxucz0iaHR0cDovL3d3dy53My5vcmcvMjAwMC9zdmciPjwvc3ZnPg==\" style=\"--smush-placeholder-width: 194px; --smush-placeholder-aspect-ratio: 194\/198;\" \/><\/a><\/figure><\/div>\n\n\n\n<div class=\"wp-block-media-text alignwide is-stacked-on-mobile is-vertically-aligned-center\" style=\"grid-template-columns:21% auto\"><figure class=\"wp-block-media-text__media\"><a href=\"https:\/\/kultur-denken.podigee.io\/s3e2-neue-episode\" target=\"_blank\" rel=\"noreferrer noopener\"><img decoding=\"async\" width=\"194\" height=\"198\" data-src=\"https:\/\/insahaertel.de\/wp-content\/uploads\/2024\/10\/Podcast-Insa-Haertel.png\" alt=\"Nichts Besonderes Podcast Insa H\u00e4rtel\" class=\"wp-image-8202 size-full lazyload\" src=\"data:image\/svg+xml;base64,PHN2ZyB3aWR0aD0iMSIgaGVpZ2h0PSIxIiB4bWxucz0iaHR0cDovL3d3dy53My5vcmcvMjAwMC9zdmciPjwvc3ZnPg==\" style=\"--smush-placeholder-width: 194px; --smush-placeholder-aspect-ratio: 194\/198;\" \/><\/a><\/figure><div class=\"wp-block-media-text__content\">\n<p class=\"has-white-color has-text-color\" style=\"font-size:1px\">&#8211;<\/p>\n\n\n\n<p class=\"has-medium-font-size\" style=\"font-style:normal;font-weight:400\"><a href=\"https:\/\/kultur-denken.podigee.io\/s3e2-neue-episode\" target=\"_blank\" rel=\"noreferrer noopener\">Flie\u00dfende Grenzen des \u00bbA\/Normalen\u00ab: die Fehlleistung<\/a><\/p>\n\n\n\n<p class=\"has-text-color\" style=\"color:#605252e0;font-size:18px\">In dieser Episode ist <strong>Michael Sch\u00f6dlbauer<\/strong> (Hamburg) mein Gast. Im Gespr\u00e4ch: Sigmund Freuds Schrift<em> Zur Psychopathologie des Alltagslebens<\/em>, mit der sich die faszinierende Welt der Fehlleistungen er\u00f6ffnet. Ausgehend von einem Internet-Cartoon zum \u00bbAusrutscher\u00ab wird diskutiert, wie die kleinen Pannen funktionieren. Auch Freuds Absage an <em>psychische Zuf\u00e4lligkeit<\/em> ger\u00e4t in den Blick, durch die ihm jedes Detail bedeutungsvoll erscheint \u2013 <em>fast<\/em> wie bei einer Paranoia.<\/p>\n<\/div><\/div>\n\n\n\n<div class=\"wp-block-media-text alignwide has-media-on-the-right is-stacked-on-mobile is-vertically-aligned-center\" style=\"grid-template-columns:auto 21%\"><div class=\"wp-block-media-text__content\">\n<p class=\"has-white-color has-text-color\" style=\"font-size:1px\">&#8211;<\/p>\n\n\n\n<p class=\"has-medium-font-size\" style=\"font-style:normal;font-weight:400\"><a href=\"https:\/\/kultur-denken.podigee.io\/s3e3-neue-episode\" target=\"_blank\" rel=\"noreferrer noopener\">Taktile Allt\u00e4glichkeit: Der Tastsinn als Beziehungsstifter:<\/a><\/p>\n\n\n\n<p class=\"has-text-color\" style=\"color:#605252e0;font-size:18px\"> Diese Folge widmet sich einem Thema von allt\u00e4glicher Relevanz und subtiler Dringlichkeit: der Qualit\u00e4t des Taktilen. Zu Gast: <strong>Karin Harrasser<\/strong> (Linz). Im Gespr\u00e4ch: sozio-kulturelle Bedeutungen des Tastsinns, wie sie nicht zuletzt vor dem Hintergrund der COVID-19-Pandemie virulent geworden sind, Aspekte taktiler Medialit\u00e4t, der Tastsinn als <em>Gemeinsinn<\/em>.Pl\u00e4diert wird f\u00fcr ein taktvolles Ber\u00fchrbarmachen wie auch f\u00fcr tastende Weisen des Forschens und Schreibens.<\/p>\n<\/div><figure class=\"wp-block-media-text__media\"><a href=\"https:\/\/kultur-denken.podigee.io\/s3e3-neue-episode\" target=\"_blank\" rel=\"noreferrer noopener\"><img decoding=\"async\" width=\"194\" height=\"198\" data-src=\"https:\/\/insahaertel.de\/wp-content\/uploads\/2024\/10\/Podcast-Insa-Haertel.png\" alt=\"Nichts Besonderes Podcast Insa H\u00e4rtel\" class=\"wp-image-8202 size-full lazyload\" src=\"data:image\/svg+xml;base64,PHN2ZyB3aWR0aD0iMSIgaGVpZ2h0PSIxIiB4bWxucz0iaHR0cDovL3d3dy53My5vcmcvMjAwMC9zdmciPjwvc3ZnPg==\" style=\"--smush-placeholder-width: 194px; --smush-placeholder-aspect-ratio: 194\/198;\" \/><\/a><\/figure><\/div>\n\n\n\n<div class=\"wp-block-media-text alignwide is-stacked-on-mobile is-vertically-aligned-center\" style=\"grid-template-columns:21% auto\"><figure class=\"wp-block-media-text__media\"><a href=\"https:\/\/kultur-denken.podigee.io\/s3e4-neue-episode\" target=\"_blank\" rel=\"noreferrer noopener\"><img decoding=\"async\" width=\"194\" height=\"198\" data-src=\"https:\/\/insahaertel.de\/wp-content\/uploads\/2024\/10\/Podcast-Insa-Haertel.png\" alt=\"Nichts Besonderes Podcast Insa H\u00e4rtel\" class=\"wp-image-8202 size-full lazyload\" src=\"data:image\/svg+xml;base64,PHN2ZyB3aWR0aD0iMSIgaGVpZ2h0PSIxIiB4bWxucz0iaHR0cDovL3d3dy53My5vcmcvMjAwMC9zdmciPjwvc3ZnPg==\" style=\"--smush-placeholder-width: 194px; --smush-placeholder-aspect-ratio: 194\/198;\" \/><\/a><\/figure><div class=\"wp-block-media-text__content\">\n<p class=\"has-white-color has-text-color\" style=\"font-size:1px\">&#8211;<\/p>\n\n\n\n<p class=\"has-medium-font-size\" style=\"font-style:normal;font-weight:400\"><a href=\"https:\/\/kultur-denken.podigee.io\/s3e4-neue-episode\" target=\"_blank\" rel=\"noreferrer noopener\">\u00bbNeugierig auf mein Holzregal?\u00ab Tagebuch als k\u00fcnstlerisches Projekt<\/a><\/p>\n\n\n\n<p class=\"has-text-color\" style=\"color:#605252e0;font-size:18px\">In dieser Folge begr\u00fc\u00dfe ich die K\u00fcnstlerin <strong>Kyung-hwa Choi-ahoi<\/strong> (Berlin\/Hamburg) f\u00fcr eine Lesung. Sie stellt Stationen ihrer Lebensreise in k\u00fcnstlerischer Bearbeitung vor: Es geht um Alltagsgegenst\u00e4nde (z.B. einen weitergegebenen Schreibtisch), um scheinbar Banales (z.B. eine Kontonummer) oder darum, wie ein Reiskocher zum Politikum werden kann. Auch im Umgang mit der Sprache wird das allzu Gew\u00f6hnliche verst\u00f6rt \u2013 wenn etwa im \u00bbSprach-Tischtennis\u00ab deren Klang mit in den Vordergrund r\u00fcckt.<\/p>\n<\/div><\/div>\n\n\n\n<div class=\"wp-block-media-text alignwide has-media-on-the-right is-stacked-on-mobile is-vertically-aligned-center\" style=\"grid-template-columns:auto 21%\"><div class=\"wp-block-media-text__content\">\n<p class=\"has-white-color has-text-color\" style=\"font-size:1px\">&#8211;<\/p>\n\n\n\n<p class=\"has-medium-font-size\" style=\"font-style:normal;font-weight:400\"><a href=\"https:\/\/kultur-denken.podigee.io\/s3e5-new-episode\" target=\"_blank\" rel=\"noreferrer noopener\">Entzug von Selbstverst\u00e4ndlichkeit: Alltagsmythenanalysen<\/a><\/p>\n\n\n\n<p class=\"has-text-color\" style=\"color:#605252e0;font-size:18px\">Zu dieser Folge habe ich <strong>Melanie Reichert<\/strong> (Kiel) eingeladen. Im Mittelpunkt: Mythisch aufgeladene Formen allt\u00e4glicher Erscheinungen, wie sie Roland Barthes in seinen \u2013 selbst zum Mythos gewordenen \u2013 <em>Mythen des Alltags<\/em> vorf\u00fchrt und analysiert. Das Gespr\u00e4ch hebt auf die Verf\u00fchrungskr\u00e4fte des Mythos ab sowie auf die Triebkr\u00e4fte von dessen Analyse, die die vermeintlichen Selbstverst\u00e4ndlichkeiten offenlegen und mobilisieren will. Wohin kann die Besch\u00e4ftigung mit diesem Ansatz f\u00fchren?<\/p>\n<\/div><figure class=\"wp-block-media-text__media\"><a href=\"https:\/\/kultur-denken.podigee.io\/s3e5-new-episode\" target=\"_blank\" rel=\"noreferrer noopener\"><img decoding=\"async\" width=\"194\" height=\"198\" data-src=\"https:\/\/insahaertel.de\/wp-content\/uploads\/2024\/10\/Podcast-Insa-Haertel.png\" alt=\"Nichts Besonderes Podcast Insa H\u00e4rtel\" class=\"wp-image-8202 size-full lazyload\" src=\"data:image\/svg+xml;base64,PHN2ZyB3aWR0aD0iMSIgaGVpZ2h0PSIxIiB4bWxucz0iaHR0cDovL3d3dy53My5vcmcvMjAwMC9zdmciPjwvc3ZnPg==\" style=\"--smush-placeholder-width: 194px; --smush-placeholder-aspect-ratio: 194\/198;\" \/><\/a><\/figure><\/div>\n\n\n\n<div class=\"wp-block-media-text alignwide is-stacked-on-mobile is-vertically-aligned-center\" style=\"grid-template-columns:21% auto\"><figure class=\"wp-block-media-text__media\"><a href=\"https:\/\/kultur-denken.podigee.io\/s3e6-new-episode\" target=\"_blank\" rel=\"noreferrer noopener\"><img decoding=\"async\" width=\"194\" height=\"198\" data-src=\"https:\/\/insahaertel.de\/wp-content\/uploads\/2024\/10\/Podcast-Insa-Haertel.png\" alt=\"Nichts Besonderes Podcast Insa H\u00e4rtel\" class=\"wp-image-8202 size-full lazyload\" src=\"data:image\/svg+xml;base64,PHN2ZyB3aWR0aD0iMSIgaGVpZ2h0PSIxIiB4bWxucz0iaHR0cDovL3d3dy53My5vcmcvMjAwMC9zdmciPjwvc3ZnPg==\" style=\"--smush-placeholder-width: 194px; --smush-placeholder-aspect-ratio: 194\/198;\" \/><\/a><\/figure><div class=\"wp-block-media-text__content\">\n<p class=\"has-white-color has-text-color\" style=\"font-size:1px\">&#8211;<\/p>\n\n\n\n<p class=\"has-medium-font-size\" style=\"font-style:normal;font-weight:400\"><a href=\"https:\/\/kultur-denken.podigee.io\/s3e6-new-episode\" target=\"_blank\" rel=\"noreferrer noopener\">Begehren, Smalltalk, Krise: \u00fcber das Wetter<\/a><\/p>\n\n\n\n<p class=\"has-text-color\" style=\"color:#605252e0;font-size:18px\">Hier diskutiere ich mit <strong>Eva Laqui\u00e9ze-Waniek<\/strong> (Nizza) \u00fcber das Wetter als Alltagsph\u00e4nomen. Das Wetter wird in dieser Episode als bevorzugte Metapher f\u00fcr das Begehren thematisiert, als eine Macht, der man auf angsteinfl\u00f6\u00dfende Weise ausgesetzt sein kann \u2013 und in seiner Funktion als Smalltalkthema. Wobei es in Zeiten des vieldiskutierten Klimawandels nicht mehr so unverf\u00e4nglich erscheint&#8230; Welche psychoanalytisch beschreibbaren Dimensionen kommen hierbei zum Tragen?<\/p>\n<\/div><\/div>\n\n\n\n<div class=\"wp-block-media-text alignwide has-media-on-the-right is-stacked-on-mobile is-vertically-aligned-center\" style=\"grid-template-columns:auto 21%\"><div class=\"wp-block-media-text__content\">\n<p class=\"has-white-color has-text-color\" style=\"font-size:1px\">&#8211;<\/p>\n\n\n\n<p class=\"has-medium-font-size\" style=\"font-style:normal;font-weight:400\"><a href=\"https:\/\/www.textem-verlag.de\/textem\/magazine\/riss\/541\" target=\"_blank\" rel=\"noreferrer noopener\">RISS-Heft zum Thema \u00bbMasturbation\u00ab<\/a><\/p>\n\n\n\n<p class=\"has-text-color\" style=\"color:#605252e0;font-size:18px\">Unser Heft zum Thema \u00bbMasturbation\u00ab enth\u00e4lt Kommentare zu einem einschl\u00e4gigen Freud-Fragment sowie Beitr\u00e4ge zu z.B. (trieb-)theoretischen Fragen oder derzeitigen westlichen Masturbationskulturen. Mein eigener Text befasst sich mit dem \u00bbCrotch Grab\u00ab, speziell in Miley Cyrus: Mother\u2019s Daughter (2019): Nimmt die masturbatorisch anmutende Geste im Bild das Genie\u00dfen des autoerotisch konsumierenden Publikums medienreflexiv in sich auf?<\/p>\n<\/div><figure class=\"wp-block-media-text__media\"><a href=\"https:\/\/www.textem-verlag.de\/textem\/magazine\/riss\/541\" target=\"_blank\" rel=\"noreferrer noopener\"><img decoding=\"async\" width=\"1024\" height=\"1024\" data-src=\"https:\/\/insahaertel.de\/wp-content\/uploads\/2023\/11\/RISS-99-Thema-Masturbation-1024x1024.jpg\" alt=\"RISS- Heft 99 zum Thema Masturbation\" class=\"wp-image-7957 size-full lazyload\" data-srcset=\"https:\/\/insahaertel.de\/wp-content\/uploads\/2023\/11\/RISS-99-Thema-Masturbation-1024x1024.jpg 1024w, https:\/\/insahaertel.de\/wp-content\/uploads\/2023\/11\/RISS-99-Thema-Masturbation-300x300.jpg 300w, https:\/\/insahaertel.de\/wp-content\/uploads\/2023\/11\/RISS-99-Thema-Masturbation-150x150.jpg 150w, https:\/\/insahaertel.de\/wp-content\/uploads\/2023\/11\/RISS-99-Thema-Masturbation-768x767.jpg 768w, https:\/\/insahaertel.de\/wp-content\/uploads\/2023\/11\/RISS-99-Thema-Masturbation-800x800.jpg 800w, https:\/\/insahaertel.de\/wp-content\/uploads\/2023\/11\/RISS-99-Thema-Masturbation.jpg 1464w\" data-sizes=\"(max-width: 1024px) 100vw, 1024px\" src=\"data:image\/svg+xml;base64,PHN2ZyB3aWR0aD0iMSIgaGVpZ2h0PSIxIiB4bWxucz0iaHR0cDovL3d3dy53My5vcmcvMjAwMC9zdmciPjwvc3ZnPg==\" style=\"--smush-placeholder-width: 1024px; --smush-placeholder-aspect-ratio: 1024\/1024;\" \/><\/a><\/figure><\/div>\n\n\n\n<div class=\"wp-block-media-text alignwide is-stacked-on-mobile is-vertically-aligned-center\" style=\"grid-template-columns:21% auto\"><figure class=\"wp-block-media-text__media\"><a href=\"https:\/\/www.thieme-connect.com\/products\/ejournals\/abstract\/10.1055\/a-2366-3783\" target=\"_blank\" rel=\"noreferrer noopener\"><img decoding=\"async\" width=\"637\" height=\"544\" data-src=\"https:\/\/insahaertel.de\/wp-content\/uploads\/2024\/01\/kritische-Porno-Forschung.png\" alt=\"kritische Pornografieforschung\" class=\"wp-image-8119 size-full lazyload\" data-srcset=\"https:\/\/insahaertel.de\/wp-content\/uploads\/2024\/01\/kritische-Porno-Forschung.png 637w, https:\/\/insahaertel.de\/wp-content\/uploads\/2024\/01\/kritische-Porno-Forschung-300x256.png 300w\" data-sizes=\"(max-width: 637px) 100vw, 637px\" src=\"data:image\/svg+xml;base64,PHN2ZyB3aWR0aD0iMSIgaGVpZ2h0PSIxIiB4bWxucz0iaHR0cDovL3d3dy53My5vcmcvMjAwMC9zdmciPjwvc3ZnPg==\" style=\"--smush-placeholder-width: 637px; --smush-placeholder-aspect-ratio: 637\/544;\" \/><\/a><\/figure><div class=\"wp-block-media-text__content\">\n<p class=\"has-white-color has-text-color\" style=\"font-size:1px\">&#8211;<\/p>\n\n\n\n<p class=\"has-medium-font-size\" style=\"font-style:normal;font-weight:400\"><a href=\"https:\/\/www.thieme-connect.com\/products\/ejournals\/abstract\/10.1055\/a-2366-3783\" target=\"_blank\" rel=\"noreferrer noopener\">Kritische Pornografie-Forschung<\/a><\/p>\n\n\n\n<p class=\"has-text-color\" style=\"color:#605252e0;font-size:18px\">Ein Workshop \u00fcber Pornografie-Forschung in Hannover hat Wissenschaftler\/innen aus verschiedenen Disziplinen zusammengebracht. Das Pornografische wird hier an den Schnittstellen zwischen audiovisuellen, k\u00f6rperlichen, vergeschlechtlichten, kulturellen, juristischen, p\u00e4dagogischen, gesundheitlichen, psychologischen, wirtschaftlichen Diskursen verortet. Wie kann eine kritische Pornografie-Forschung aussehen?<\/p>\n<\/div><\/div>\n\n\n\n<div class=\"wp-block-media-text alignwide has-media-on-the-right is-stacked-on-mobile is-vertically-aligned-center\" style=\"grid-template-columns:auto 41%\"><div class=\"wp-block-media-text__content\">\n<p class=\"has-white-color has-text-color\" style=\"font-size:1px;font-style:normal;font-weight:400\">Insa H\u00e4rtel Kostproben<\/p>\n\n\n\n<p class=\"has-medium-font-size\" style=\"font-style:normal;font-weight:400\"><a href=\"https:\/\/slub.qucosa.de\/landing-page\/?tx_dlf[id]=https%3A%2F%2Fslub.qucosa.de%2Fapi%2Fqucosa%253A86526%2Fmets\" target=\"_blank\" rel=\"noreferrer noopener\">Gendiagnostik und Pr\u00e4vention am Beispiel der Mastektomie Angelina Jolies: Versprechung, Verdacht, Versprecher<\/a><\/p>\n\n\n\n<p class=\"has-text-color\" style=\"color:#605252e0;font-size:18px\">Im Mittelpunkt meines Beitrags in diesem Band steht Jolies Entscheidung, sich angesichts eines erh\u00f6hten Risikos f\u00fcr BRCA1-Krebs prophylaktisch die Br\u00fcste entfernen zu lassen. Gerade im Rahmen der Celebrity-Welt kann es, so der Befund, zu einer Ambivalenz-Zuspitzung kommen, die auf eine kulturelle Konflikthaftigkeit der Versprechen des Vorhersagens und Vorbeugens verweist.<\/p>\n\n\n\n<p class=\"has-white-color has-text-color\" style=\"font-size:1px\">xxxxx<\/p>\n<\/div><figure class=\"wp-block-media-text__media\"><a href=\"https:\/\/slub.qucosa.de\/landing-page\/?tx_dlf[id]=https%3A%2F%2Fslub.qucosa.de%2Fapi%2Fqucosa%253A86526%2Fmets\" target=\"_blank\" rel=\"noreferrer noopener\"><img decoding=\"async\" width=\"621\" height=\"351\" data-src=\"https:\/\/insahaertel.de\/wp-content\/uploads\/2023\/07\/Versprechen-Beitrag-Haertel-e1688734708536.jpg\" alt=\"Verspechen Beitrag Haertel\" class=\"wp-image-7796 size-full lazyload\" data-srcset=\"https:\/\/insahaertel.de\/wp-content\/uploads\/2023\/07\/Versprechen-Beitrag-Haertel-e1688734708536.jpg 621w, https:\/\/insahaertel.de\/wp-content\/uploads\/2023\/07\/Versprechen-Beitrag-Haertel-e1688734708536-300x170.jpg 300w\" data-sizes=\"(max-width: 621px) 100vw, 621px\" src=\"data:image\/svg+xml;base64,PHN2ZyB3aWR0aD0iMSIgaGVpZ2h0PSIxIiB4bWxucz0iaHR0cDovL3d3dy53My5vcmcvMjAwMC9zdmciPjwvc3ZnPg==\" style=\"--smush-placeholder-width: 621px; --smush-placeholder-aspect-ratio: 621\/351;\" \/><\/a><\/figure><\/div>\n\n\n\n<div class=\"wp-block-media-text alignwide is-stacked-on-mobile is-vertically-aligned-center\" style=\"grid-template-columns:41% auto\"><figure class=\"wp-block-media-text__media\"><a href=\"https:\/\/vigia.tech\/wp-content\/uploads\/2025\/02\/2_Vigia_Elektroschrott.pdf\" target=\"_blank\" rel=\"noreferrer noopener\"><img decoding=\"async\" width=\"1024\" height=\"483\" data-src=\"https:\/\/insahaertel.de\/wp-content\/uploads\/2022\/11\/Vigia-Elektroschrott-1024x483.png\" alt=\"\" class=\"wp-image-7324 size-full lazyload\" data-srcset=\"https:\/\/insahaertel.de\/wp-content\/uploads\/2022\/11\/Vigia-Elektroschrott-1024x483.png 1024w, https:\/\/insahaertel.de\/wp-content\/uploads\/2022\/11\/Vigia-Elektroschrott-300x141.png 300w, https:\/\/insahaertel.de\/wp-content\/uploads\/2022\/11\/Vigia-Elektroschrott-768x362.png 768w, https:\/\/insahaertel.de\/wp-content\/uploads\/2022\/11\/Vigia-Elektroschrott-1536x724.png 1536w, https:\/\/insahaertel.de\/wp-content\/uploads\/2022\/11\/Vigia-Elektroschrott.png 1907w\" data-sizes=\"(max-width: 1024px) 100vw, 1024px\" src=\"data:image\/svg+xml;base64,PHN2ZyB3aWR0aD0iMSIgaGVpZ2h0PSIxIiB4bWxucz0iaHR0cDovL3d3dy53My5vcmcvMjAwMC9zdmciPjwvc3ZnPg==\" style=\"--smush-placeholder-width: 1024px; --smush-placeholder-aspect-ratio: 1024\/483;\" \/><\/a><\/figure><div class=\"wp-block-media-text__content\">\n<p class=\"has-medium-font-size\" style=\"font-style:normal;font-weight:400\"><a href=\"https:\/\/vigia.tech\/wp-content\/uploads\/2025\/02\/2_Vigia_Elektroschrott.pdf\" target=\"_blank\" rel=\"noreferrer noopener\">Elektroschrott-Therapie im Messie-TV<\/a><\/p>\n\n\n\n<p class=\"has-text-color\" style=\"color:#605252e0;font-size:18px\">Zur Ausgabe des Magazins Vigia, das sich Technologiefragen im Kontext ihrer gesellschafts-politischen Bedeutung widmet, habe ich einen Beitrag zum Elektroschrott im Messie-TV beigesteuert. In einer Episode wird eine Mauer aus Monitoren arrangiert und &#8211; als Sinnbild f\u00fcr \u00bbdas alte Leben ohne Liebe\u00ab &#8211; anschlie\u00dfend eingerissen. Mein Beitrag zeigt, inwiefern diese Demontage des Elektrom\u00fclls auch den Status des TV-Mediums selbst betrifft.<\/p>\n\n\n\n<p class=\"has-white-color has-text-color\" style=\"font-size:1px\">xxxxx<\/p>\n<\/div><\/div>\n\n\n\n<div class=\"wp-block-media-text alignwide has-media-on-the-right is-stacked-on-mobile is-vertically-aligned-center\" style=\"grid-template-columns:auto 26%\"><div class=\"wp-block-media-text__content\">\n<p class=\"has-medium-font-size\" style=\"font-style:normal;font-weight:400\"><a href=\"https:\/\/podcasts.apple.com\/de\/podcast\/medialit%C3%A4t-des-messies\/id1496389205?i=1000564657824\" target=\"_blank\" rel=\"noreferrer noopener\">Medialit\u00e4t des Messies. Episode des Podcasts Eclectic Engineering (M. v. Heyl) <\/a><\/p>\n\n\n\n<p class=\"has-text-color\" style=\"color:#605252e0;font-size:18px\">Wie wird das Ph\u00e4nomen Messie medial dargestellt und kulturell verhandelt? Wie werden in Trash-TV-Sendungen virulente Fragen bearbeitet, zum Beispiel Trauma- oder Responsibilisierungsdiskurse? Welche R\u00fcckschl\u00fcsse lassen sich anhand dieses Umgangs mit der Messiefigur auf neue Kulturtheorien wie den New Materialism ziehen? Im Gespr\u00e4ch sind Sammeln vs. Ansammeln, emotional baggage, r\u00e4tselhafte Botschaften, und immer wieder \u00fcber die Spannung der Grenze.<\/p>\n<\/div><figure class=\"wp-block-media-text__media\"><a href=\"https:\/\/podcasts.apple.com\/de\/podcast\/medialit%C3%A4t-des-messies\/id1496389205?i=1000564657824\" target=\"_blank\" rel=\"noreferrer noopener\"><img decoding=\"async\" data-src=\"https:\/\/test636937616.files.wordpress.com\/2022\/05\/827aebc7-e8fb-439e-807a-5edbc2c5332b.jpg?w=1024\" alt=\"Podcast M. v. Heyl \/ Insa H\u00e4rtel \" class=\"wp-image-2378 size-full lazyload\" src=\"data:image\/svg+xml;base64,PHN2ZyB3aWR0aD0iMSIgaGVpZ2h0PSIxIiB4bWxucz0iaHR0cDovL3d3dy53My5vcmcvMjAwMC9zdmciPjwvc3ZnPg==\" \/><\/a><\/figure><\/div>\n\n\n\n<div class=\"wp-block-media-text alignwide is-stacked-on-mobile is-image-fill-element\" style=\"grid-template-columns:36% auto\"><figure class=\"wp-block-media-text__media\"><img decoding=\"async\" data-src=\"https:\/\/test636937616.files.wordpress.com\/2022\/05\/couch-nd.jpg?w=1020\" alt=\"nd-Interview\" class=\"wp-image-1053 size-full lazyload\" style=\"object-position:50% 50%\" src=\"data:image\/svg+xml;base64,PHN2ZyB3aWR0aD0iMSIgaGVpZ2h0PSIxIiB4bWxucz0iaHR0cDovL3d3dy53My5vcmcvMjAwMC9zdmciPjwvc3ZnPg==\" \/><\/figure><div class=\"wp-block-media-text__content\">\n<p class=\"has-white-color has-text-color\" style=\"font-size:10px\">xxxxxxxxxxx<\/p>\n\n\n\n<p class=\"has-medium-font-size\" style=\"font-style:normal;font-weight:400\"><a href=\"https:\/\/www.nd-aktuell.de\/artikel\/1160643.psychoanalyse-und-kulturwissenschaft-treffen-sich-psychoanalyse-und-kulturwissenschaft.html\" target=\"_blank\" rel=\"noreferrer noopener\">Treffen sich Psychoanalyse und Kulturwissenschaft, nd-Interview<\/a><\/p>\n\n\n\n<p class=\"has-text-color\" style=\"color:#605252e0;font-size:18px\">Warum die Psychoanalyse sich nicht nur f\u00fcr Subjekte auf der Couch interessiert und die Kulturwissenschaft immer wieder auf psychoanalystische Ans\u00e4tze zur\u00fcckhgreift &#8211; und es trotzdem nicht ausschie\u00dflich harmonisch zugeht, wenn beide sich begegnen.<\/p>\n<\/div><\/div>\n\n\n\n<div class=\"wp-block-media-text alignwide has-media-on-the-right is-stacked-on-mobile\" style=\"grid-template-columns:auto 25%\"><div class=\"wp-block-media-text__content\">\n<p class=\"has-white-color has-text-color\" style=\"font-size:1px\">&#8211;<\/p>\n\n\n\n<p class=\"has-medium-font-size\" style=\"font-style:normal;font-weight:400\"><a href=\"https:\/\/50minuten.podigee.io\/8-kultur-haertel\" target=\"_blank\" rel=\"noreferrer noopener\">50 Minuten &#8211; Podcast der IPU Berlin<\/a><\/p>\n\n\n\n<p class=\"has-text-color\" style=\"color:#605252e0;font-size:18px\">Popkultur, Kulturindustrie oder Unternehmenskultur: Wo Kultur anf\u00e4ngt und was der Begriff genau bezeichnet, l\u00e4sst sich nicht so einfach festlegen. Das hei\u00dft, es gibt vielf\u00e4ltige und sich sogar widersprechende Kulturbegriffe. Au\u00dferdem umgibt Kultur jede\/n st\u00e4ndig, was einen klaren Blick auf sie gar nicht so einfach macht. Das Gespr\u00e4ch n\u00e4hert sich einem Kulturbegriff, der psychoanalytisch gesch\u00e4rft ist, und thematisiert meine Forschung. <\/p>\n<\/div><figure class=\"wp-block-media-text__media\"><a href=\"https:\/\/50minuten.podigee.io\/8-kultur-haertel\" target=\"_blank\" rel=\" noreferrer noopener\"><img decoding=\"async\" width=\"300\" height=\"300\" data-src=\"https:\/\/insahaertel.de\/wp-content\/uploads\/2022\/08\/podcast-insa-haertel-1.jpg\" alt=\"Podcast IPU Berlin, Insa H\u00e4rtel\" class=\"wp-image-3387 size-full lazyload\" data-srcset=\"https:\/\/insahaertel.de\/wp-content\/uploads\/2022\/08\/podcast-insa-haertel-1.jpg 300w, https:\/\/insahaertel.de\/wp-content\/uploads\/2022\/08\/podcast-insa-haertel-1-150x150.jpg 150w\" data-sizes=\"(max-width: 300px) 100vw, 300px\" src=\"data:image\/svg+xml;base64,PHN2ZyB3aWR0aD0iMSIgaGVpZ2h0PSIxIiB4bWxucz0iaHR0cDovL3d3dy53My5vcmcvMjAwMC9zdmciPjwvc3ZnPg==\" style=\"--smush-placeholder-width: 300px; --smush-placeholder-aspect-ratio: 300\/300;\" \/><\/a><\/figure><\/div>\n\n\n\n<div class=\"wp-block-media-text alignwide is-stacked-on-mobile is-vertically-aligned-center\" style=\"grid-template-columns:26% auto\"><figure class=\"wp-block-media-text__media\"><img decoding=\"async\" data-src=\"https:\/\/test636937616.files.wordpress.com\/2022\/04\/5d1b5e62-a44c-4d85-b627-0bcb047c05b3_1_105_c.jpeg?w=886\" alt=\"Lecture ICI Berlin Insa H\u00e4rtel\" class=\"wp-image-160 size-full lazyload\" src=\"data:image\/svg+xml;base64,PHN2ZyB3aWR0aD0iMSIgaGVpZ2h0PSIxIiB4bWxucz0iaHR0cDovL3d3dy53My5vcmcvMjAwMC9zdmciPjwvc3ZnPg==\" \/><\/figure><div class=\"wp-block-media-text__content\">\n<p class=\"has-white-color has-text-color\" style=\"font-size:1px\">&#8211; <\/p>\n\n\n\n<p class=\"has-medium-font-size\" style=\"font-style:normal;font-weight:400\"><a href=\"https:\/\/www.ici-berlin.org\/events\/insa-haertel\/\" target=\"_blank\" rel=\"noreferrer noopener\">\u00bbPenile Stile\u00ab: Filmische Figuren der Impotenz. Lecture ICI Berlin<\/a><\/p>\n\n\n\n<p class=\"has-text-color\" style=\"color:#605252e0;font-size:18px\">Der nachzuh\u00f6rende Vortrag widmet sich Fragen von Erektion, Dysfunktion und Viagra-Pille anhand von Filmausschnitten: Wie wird Genie\u00dfen dergestalt organisiert, welche kulturellen Dynamiken zeigen sich? Humor, Viagra-Unf\u00e4lle und Peinlichkeit inklusive.<\/p>\n<\/div><\/div>\n\n\n\n<div class=\"wp-block-media-text alignwide has-media-on-the-right is-stacked-on-mobile is-image-fill-element\" style=\"grid-template-columns:auto 30%\"><div class=\"wp-block-media-text__content\">\n<p class=\"has-white-color has-text-color\" style=\"font-size:15px\">mmmmmmmmmmmmmmmmmm<\/p>\n\n\n\n<p class=\"has-medium-font-size\" style=\"font-style:normal;font-weight:400\"><a href=\"https:\/\/kunst.uni-koeln.de\/szenen-des-sexuellen\/2021\/08\/04\/test-vimeo-video\/\" target=\"_blank\" rel=\"noreferrer noopener\">Szenen des Sexuellen I &#8211; Videaufzeichnungen der Vortr\u00e4ge<\/a><\/p>\n\n\n\n<p class=\"has-text-color\" style=\"color:#605252e0;font-size:18px\">Interdisziplin\u00e4re Arbeitstagung (2021), die sich auf Spielfilme als Erkenntnisinstrumente richtet. Entsprechend wird danach gefragt, wie filmische Produktionen das Sexuelle in seinen vielf\u00e4ltigen Aspekten analysieren. Dabei beschr\u00e4nkt sich der kulturell-sexuelle Gehalt eines Films keineswegs auf dessen Inhalte. Vielmehr liegt das Augenmerk auch auf dem \u201eWie\u201c des filmischen Aufschlusses bzw. den medialen Mitteln und Mechanismen.<\/p>\n<\/div><figure class=\"wp-block-media-text__media\"><a href=\"https:\/\/kunst.uni-koeln.de\/szenen-des-sexuellen\/2021\/08\/04\/test-vimeo-video\/\" target=\"_blank\" rel=\" noreferrer noopener\"><img decoding=\"async\" data-src=\"https:\/\/test636937616.files.wordpress.com\/2022\/05\/szenen.jpg?w=991\" alt=\"Szenen des Sexuellen Videoaufzeichnungen\" class=\"wp-image-1083 size-full lazyload\" style=\"object-position:52% 55%\" src=\"data:image\/svg+xml;base64,PHN2ZyB3aWR0aD0iMSIgaGVpZ2h0PSIxIiB4bWxucz0iaHR0cDovL3d3dy53My5vcmcvMjAwMC9zdmciPjwvc3ZnPg==\" \/><\/a><\/figure><\/div>\n\n\n\n<div class=\"wp-block-media-text alignwide is-stacked-on-mobile\" style=\"grid-template-columns:16% auto\"><figure class=\"wp-block-media-text__media\"><a href=\"https:\/\/textem-verlag.de\/textem\/magazine\/riss\/503\" target=\"_blank\" rel=\" noreferrer noopener\"><img decoding=\"async\" data-src=\"https:\/\/test636937616.files.wordpress.com\/2022\/05\/riss-96-cover.webp?w=611\" alt=\"Szenen des Sexuellen, Publikation\" class=\"wp-image-1055 size-full lazyload\" src=\"data:image\/svg+xml;base64,PHN2ZyB3aWR0aD0iMSIgaGVpZ2h0PSIxIiB4bWxucz0iaHR0cDovL3d3dy53My5vcmcvMjAwMC9zdmciPjwvc3ZnPg==\" \/><\/a><\/figure><div class=\"wp-block-media-text__content\">\n<p class=\"has-white-color has-text-color\" style=\"font-size:1px\">&#8211; <\/p>\n\n\n\n<p class=\"has-medium-font-size\" style=\"font-style:normal;font-weight:400\"><a href=\"https:\/\/textem-verlag.de\/textem\/magazine\/riss\/503\" target=\"_blank\" rel=\"noreferrer noopener\">Szenen des Sexuellen II &#8211; Ausgabe des RISS<\/a><\/p>\n\n\n\n<p class=\"has-text-color\" style=\"color:#605252e0;font-size:18px\">Diese Ausgabe richtet sich auf Spielfilme als Erkenntnisinstrumente und -generatoren. In Differenz zu mancherlei psychoanalytischen Betrachtungen von Filmen, in denen diese zum thematischen Zuspieler f\u00fcr ohnehin etablierte psychoanalytische Theorien und Diskurse geraten, soll der Film hier als empirisches Material, als (Forschungs-)Dokument bzw. als \u00e4sthetischer Gegenstand oder Akteur thematisch werden. <\/p>\n<\/div><\/div>\n\n\n\n<div class=\"wp-block-media-text alignwide has-media-on-the-right is-stacked-on-mobile\" style=\"grid-template-columns:auto 25%\"><div class=\"wp-block-media-text__content\">\n<p class=\"has-white-color has-text-color\" style=\"font-size:1px\">&#8211;<\/p>\n\n\n\n<p class=\"has-medium-font-size\" style=\"font-style:normal;font-weight:400\"><a href=\"https:\/\/www.arte.tv\/de\/videos\/086962-061-A\/flick-flack\/\" target=\"_blank\" rel=\"noreferrer noopener\">Flick Flack Folge<\/a><\/p>\n\n\n\n<p class=\"has-text-color\" style=\"color:#605252e0;font-size:18px\">In dieser arte-Folge von Flick Flack &#8222;Nippel ist nicht gleich Nippel!&#8220;, die sich mit dem Entbl\u00f6\u00dfungsverbot von weiblichen Nippeln etwa in den Sozialen Medien befasst, steht die K\u00fcnstlerin Annique Delphine mit ihrer Arbeit im Mittelpunkt &#8211; und ich liefere ein paar kurze Anmerkungen zu diesem interessanten Ph\u00e4nomen.<\/p>\n<\/div><figure class=\"wp-block-media-text__media\"><a href=\"https:\/\/www.arte.tv\/de\/videos\/086962-061-A\/flick-flack\/\" target=\"_blank\" rel=\" noreferrer noopener\"><img decoding=\"async\" width=\"422\" height=\"222\" data-src=\"https:\/\/insahaertel.de\/wp-content\/uploads\/2023\/12\/Nippel.png\" alt=\"Flick Flack Folge arte\" class=\"wp-image-7978 size-full lazyload\" data-srcset=\"https:\/\/insahaertel.de\/wp-content\/uploads\/2023\/12\/Nippel.png 422w, https:\/\/insahaertel.de\/wp-content\/uploads\/2023\/12\/Nippel-300x158.png 300w\" data-sizes=\"(max-width: 422px) 100vw, 422px\" src=\"data:image\/svg+xml;base64,PHN2ZyB3aWR0aD0iMSIgaGVpZ2h0PSIxIiB4bWxucz0iaHR0cDovL3d3dy53My5vcmcvMjAwMC9zdmciPjwvc3ZnPg==\" style=\"--smush-placeholder-width: 422px; --smush-placeholder-aspect-ratio: 422\/222;\" \/><\/a><\/figure><\/div>\n\n\n\n<div class=\"wp-block-media-text alignwide is-stacked-on-mobile\" style=\"grid-template-columns:25% auto\"><figure class=\"wp-block-media-text__media\"><a href=\"https:\/\/assoziationen.the-missing-link.online\/\" target=\"_blank\" rel=\" noreferrer noopener\"><img decoding=\"async\" data-src=\"https:\/\/test636937616.files.wordpress.com\/2022\/05\/missing.jpg?w=851\" alt=\"The Missing Link, Programm Preisverleihung 2022\" class=\"wp-image-2213 size-full lazyload\" src=\"data:image\/svg+xml;base64,PHN2ZyB3aWR0aD0iMSIgaGVpZ2h0PSIxIiB4bWxucz0iaHR0cDovL3d3dy53My5vcmcvMjAwMC9zdmciPjwvc3ZnPg==\" \/><\/a><\/figure><div class=\"wp-block-media-text__content\">\n<p class=\"has-white-color has-text-color\" style=\"font-size:1px\">&#8211; <\/p>\n\n\n\n<p class=\"has-medium-font-size\" style=\"font-style:normal;font-weight:400\"><a href=\"https:\/\/assoziationen.the-missing-link.online\/\" target=\"_blank\" rel=\"noreferrer noopener\">{&#8230;} The Missing Link. Preis f\u00fcr Psychoanalyse und &#8230;<\/a><\/p>\n\n\n\n<p class=\"has-text-color\" style=\"color:#605252e0;font-size:18px\">Preisverleihung von <em>The Missing Link&nbsp;<\/em>und&nbsp;<em>Link to Future 2021<\/em>, Mai 2022 in Z\u00fcrich. Kurz gesagt: Ein rauschendes Fest! 2007-2022 durfte ich Mitglied der Jury sein, eine enorme Freude. Und zum Abschluss noch ein Vortrag \u00fcber TV-Messies&#8230;<\/p>\n<\/div><\/div>\n\n\n\n<div class=\"wp-block-media-text alignwide has-media-on-the-right is-stacked-on-mobile\" style=\"grid-template-columns:auto 35%\"><div class=\"wp-block-media-text__content\">\n<p class=\"has-white-color has-text-color\">mmmmmmm<\/p>\n\n\n\n<p class=\"has-medium-font-size\" style=\"font-style:normal;font-weight:400\"><a href=\"https:\/\/nachdemfilm.de\/index.php\/issues\/text\/corona-virus-advice\" target=\"_blank\" rel=\"noreferrer noopener\">Corona Virus Advice: nachdemfilm (online)<\/a><\/p>\n\n\n\n<p class=\"has-text-color\" style=\"color:#605252e0;font-size:18px\">Zur\u00fcck zu Zur\u00fcck in die Zukunft: Der Artikel widmet sich einem kurzen Videoclip, der den sozialen Medien entstammt. Denn dieser setzt einige Sequenzen des \u00fcber 30 Jahre alten Films <em>Back to the Future<\/em> mit Corona-Vorbeugema\u00dfgaben in Beziehung. Der Beitrag zeigt auf, wie der Clip eine aktualisierende Lesart von den pr\u00e4ventiven, nostalgischen und zukunftsbezogenen Tendenzen des Films m\u00f6glich macht.<\/p>\n<\/div><figure class=\"wp-block-media-text__media\"><a href=\"https:\/\/nachdemfilm.de\/index.php\/issues\/text\/corona-virus-advice\" target=\"_blank\" rel=\" noreferrer noopener\"><img decoding=\"async\" data-src=\"https:\/\/test636937616.files.wordpress.com\/2022\/05\/19_haertel_corona_teaser.jpg?w=790\" alt=\"nach dem FIlm, Artikel Insa H\u00e4rtel\" class=\"wp-image-1901 size-full lazyload\" src=\"data:image\/svg+xml;base64,PHN2ZyB3aWR0aD0iMSIgaGVpZ2h0PSIxIiB4bWxucz0iaHR0cDovL3d3dy53My5vcmcvMjAwMC9zdmciPjwvc3ZnPg==\" \/><\/a><\/figure><\/div>\n\n\n\n<div class=\"wp-block-media-text alignwide is-stacked-on-mobile\" style=\"grid-template-columns:31% auto\"><figure class=\"wp-block-media-text__media\"><a href=\"http:\/\/stay-in-touch.org\/\" target=\"_blank\" rel=\" noreferrer noopener\"><img decoding=\"async\" data-src=\"https:\/\/test636937616.files.wordpress.com\/2022\/05\/sit_logo_v5.png?w=400\" alt=\"Stay in Touch \/ Kollaboration Kulturwissenschaft\" class=\"wp-image-2200 size-full lazyload\" src=\"data:image\/svg+xml;base64,PHN2ZyB3aWR0aD0iMSIgaGVpZ2h0PSIxIiB4bWxucz0iaHR0cDovL3d3dy53My5vcmcvMjAwMC9zdmciPjwvc3ZnPg==\" \/><\/a><\/figure><div class=\"wp-block-media-text__content\">\n<p class=\"has-white-color has-text-color\" style=\"font-size:1px\"><\/p>\n\n\n\n<p class=\"has-medium-font-size\" style=\"font-style:normal;font-weight:400\"><a rel=\"noreferrer noopener\" href=\"http:\/\/stay-in-touch.org\/\" target=\"_blank\">Stay in Touch<\/a><\/p>\n\n\n\n<p class=\"has-text-color\" style=\"color:#605252e0;font-size:18px\">Beteiligung an einer Kollaboration von Kulturwissenschaftler\/innen, um eine Bibliothek von Texten (online) zusammenzustellen, welche die Suche nach einem solidarischen und informierten Umgang mit der Pandemie unterst\u00fctzen. In diesem Sinne werden klassische und aktuelle Texte zu Themen wie z.B. Ansteckung, Hygiene, Sorgearbeit, Bellizismus, Allianzbildung kommentiert und zur Verf\u00fcgung gestellt. Kontakt Karin Harrasser, Kunstuniversit\u00e4t Linz. <\/p>\n<\/div><\/div>\n\n\n\n<div class=\"wp-block-media-text alignwide has-media-on-the-right is-stacked-on-mobile\" style=\"grid-template-columns:auto 21%\"><div class=\"wp-block-media-text__content\">\n<p class=\"has-medium-font-size\" style=\"font-style:normal;font-weight:400\"><a href=\"https:\/\/lfbrecht.de\/mediathek\/vom-gelebten-traum-zur-ertraeumten-wirklichkeit\/\" target=\"_blank\" rel=\"noreferrer noopener\">Moderation \/ Gespr\u00e4ch: Vom gelebten Traum zur ertr\u00e4umten Wirklichkeit<\/a><\/p>\n\n\n\n<p class=\"has-text-color\" style=\"color:#605252e0;font-size:18px\">Moderation \/ Gespr\u00e4ch mit Robert Pfaller zu seinem Vortrag, der Wendungen gegen eine Wirklichkeit, in der es Tr\u00e4ume gibt, beleuchtet. Folgerichtig lautet eine Frage: Was brauchen Menschen, um sich nicht alles gefallen zu lassen?<\/p>\n<\/div><figure class=\"wp-block-media-text__media\"><a href=\"https:\/\/lfbrecht.de\/mediathek\/vom-gelebten-traum-zur-ertraeumten-wirklichkeit\/\" target=\"_blank\" rel=\" noreferrer noopener\"><img decoding=\"async\" data-src=\"https:\/\/test636937616.files.wordpress.com\/2022\/05\/brecht.jpg?w=474\" alt=\"Moderation Robert Pfaller, Brecht-Tage 2022\" class=\"wp-image-2204 size-full lazyload\" src=\"data:image\/svg+xml;base64,PHN2ZyB3aWR0aD0iMSIgaGVpZ2h0PSIxIiB4bWxucz0iaHR0cDovL3d3dy53My5vcmcvMjAwMC9zdmciPjwvc3ZnPg==\" \/><\/a><\/figure><\/div>\n\n\n\n<div class=\"wp-block-media-text alignwide is-stacked-on-mobile is-vertically-aligned-center\" style=\"grid-template-columns:21% auto\"><figure class=\"wp-block-media-text__media\"><a href=\"https:\/\/insahaertel.de\/wp-content\/uploads\/2022\/09\/Reibung-und-Reizung_Insa-Haertel.pdf\" target=\"_blank\" rel=\" noreferrer noopener\"><img decoding=\"async\" width=\"441\" height=\"323\" data-src=\"https:\/\/insahaertel.de\/wp-content\/uploads\/2022\/09\/Insa-Haertel-Reibung-und-Reizung-Ausschnitt-1.png\" alt=\"Reibung und Reizung, Insa H\u00e4rtel\" class=\"wp-image-6307 size-full lazyload\" data-srcset=\"https:\/\/insahaertel.de\/wp-content\/uploads\/2022\/09\/Insa-Haertel-Reibung-und-Reizung-Ausschnitt-1.png 441w, https:\/\/insahaertel.de\/wp-content\/uploads\/2022\/09\/Insa-Haertel-Reibung-und-Reizung-Ausschnitt-1-300x220.png 300w\" data-sizes=\"(max-width: 441px) 100vw, 441px\" src=\"data:image\/svg+xml;base64,PHN2ZyB3aWR0aD0iMSIgaGVpZ2h0PSIxIiB4bWxucz0iaHR0cDovL3d3dy53My5vcmcvMjAwMC9zdmciPjwvc3ZnPg==\" style=\"--smush-placeholder-width: 441px; --smush-placeholder-aspect-ratio: 441\/323;\" \/><\/a><\/figure><div class=\"wp-block-media-text__content\">\n<p class=\"has-white-color has-text-color\" style=\"font-size:1px\">&#8211;<\/p>\n\n\n\n<p class=\"has-medium-font-size\" style=\"font-style:normal;font-weight:400\"><a href=\"https:\/\/insahaertel.de\/wp-content\/uploads\/2022\/09\/Reibung-und-Reizung_Insa-Haertel.pdf\" target=\"_blank\" rel=\"noreferrer noopener\">Leseprobe: Reibung und Reizung. Psychoanalyse \/ Kulturwissenschaft<\/a><\/p>\n\n\n\n<p class=\"has-text-color\" style=\"color:#605252e0;font-size:18px\">Hier l\u00e4sst sich meine Einf\u00fchrung aus dem im Textem-Verlag erschienenen Band \u00bbReibung und Reizung\u00ab nachlesen, das hei\u00dft: Es geht um Verh\u00e4ltnisbestimmungen zwischen Kulturwissenschaft und Psychoanalyse. Zudem zu finden: Zeichnungen der K\u00fcnstlerin JOY AHOI.<\/p>\n<\/div><\/div>\n\n\n\n<div class=\"wp-block-media-text alignwide has-media-on-the-right is-stacked-on-mobile\" style=\"grid-template-columns:auto 24%\"><div class=\"wp-block-media-text__content\">\n<p class=\"has-medium-font-size\" style=\"font-style:normal;font-weight:400\"><a href=\"https:\/\/textem-verlag.de\/textem\/theorie\/473\" target=\"_blank\" rel=\"noreferrer noopener\">Erschienen: Reibung und Reizung. Psychoanalyse \/ Kulturwissenschaft<\/a><\/p>\n\n\n\n<p class=\"has-text-color\" style=\"color:#605252e0;font-size:18px\">Wie ist das \u00bbZwischen\u00ab von Psychoanalyse und Kultur bzw. deren Wissenschaften beschaffen? Dieser Band fragt hierzu nach m\u00f6glichen Ber\u00fchrungs-, Reibungspunkten oder -fl\u00e4chen, Zwischen- und Grenzbereichen oder sonstigen Gebilden zwischen den Disziplinen, Herangehensweisen, Methoden.<\/p>\n<\/div><figure class=\"wp-block-media-text__media\"><a href=\"https:\/\/textem-verlag.de\/textem\/theorie\/473\" target=\"_blank\" rel=\" noreferrer noopener\"><img decoding=\"async\" data-src=\"https:\/\/test636937616.files.wordpress.com\/2022\/05\/104b466732.jpg?w=344\" alt=\"Reibung und Reizung Insa H\u00e4rtel\" class=\"wp-image-1046 size-full lazyload\" src=\"data:image\/svg+xml;base64,PHN2ZyB3aWR0aD0iMSIgaGVpZ2h0PSIxIiB4bWxucz0iaHR0cDovL3d3dy53My5vcmcvMjAwMC9zdmciPjwvc3ZnPg==\" \/><\/a><\/figure><\/div>\n\n\n\n<div class=\"wp-block-media-text alignwide is-stacked-on-mobile\" style=\"grid-template-columns:24% auto\"><figure class=\"wp-block-media-text__media\"><a href=\"https:\/\/www.transcript-verlag.de\/978-3-8376-4953-6\/heil-versprechen\/\" target=\"_blank\" rel=\" noreferrer noopener\"><img decoding=\"async\" data-src=\"https:\/\/test636937616.files.wordpress.com\/2022\/05\/9783837649536zccs1wqhlvw7c_600x600-1.jpg?w=425\" alt=\"Heil versprechen, Netzwerkpublikation\" class=\"wp-image-1897 size-full lazyload\" src=\"data:image\/svg+xml;base64,PHN2ZyB3aWR0aD0iMSIgaGVpZ2h0PSIxIiB4bWxucz0iaHR0cDovL3d3dy53My5vcmcvMjAwMC9zdmciPjwvc3ZnPg==\" \/><\/a><\/figure><div class=\"wp-block-media-text__content\">\n<p class=\"has-medium-font-size\" style=\"font-style:normal;font-weight:400\"><a href=\"https:\/\/www.transcript-verlag.de\/978-3-8376-4953-6\/heil-versprechen\/\" target=\"_blank\" rel=\"noreferrer noopener\">Heil versprechen<\/a><\/p>\n\n\n\n<p class=\"has-text-color\" style=\"color:#605252e0;font-size:18px\">In W\u00fcnschen nach Heil(em) steckt die Sehnsucht nach Ganzheit, Vitalit\u00e4t, Genesung oder Erl\u00f6sung. Das Heft der Zeitschrift f\u00fcr Kulturwissenschaften nimmt heterogene Inszenierungen des \u00bbHeils\u00ab als Austragungsorte kulturellen Widerstreits in den Blick. Welche gesellschaftlichen Tendenzen werden in solchen Inszenierungen verhandelt oder imagin\u00e4r stillgelegt \u2013 und was hat das f\u00fcr politische Konsequenzen?<br><a href=\"http:\/\/heil-versprechen.org\/\" target=\"_blank\" rel=\"noreferrer noopener\">Netzwerk HEILVERSPRECHEN<\/a><\/p>\n<\/div><\/div>\n\n\n\n<div class=\"wp-block-media-text alignwide has-media-on-the-right is-stacked-on-mobile\" style=\"grid-template-columns:auto 18%\"><div class=\"wp-block-media-text__content\">\n<p class=\"has-medium-font-size\" style=\"font-style:normal;font-weight:400\"><a href=\"https:\/\/textem-verlag.de\/textem\/magazine\/riss\/326\" target=\"_blank\" rel=\"noreferrer noopener\">Trans<\/a><\/p>\n\n\n\n<p class=\"has-text-color\" style=\"color:#605252e0;font-size:18px\">Die in diesem Heft pr\u00e4sentierten Beitr\u00e4ge gehen von <em>Trans <\/em>aus, k\u00f6nnten allerdings in ihrem Zugang, ihrem Stil und ihren Aussagen kaum unterschiedlicher sein. Umso mehr sollen die Widerspr\u00fcche in ihren Dynamiken und Irritationspotenzialen verdeutlicht werden, um auf diese Weise weiterf\u00fchrende und bestenfalls \u00fcberraschende Aufschl\u00fcsse dar\u00fcber, wie <em>Trans <\/em>heute diskutiert wird, zu erm\u00f6glichen. <\/p>\n<\/div><figure class=\"wp-block-media-text__media\"><a href=\"https:\/\/textem-verlag.de\/textem\/magazine\/riss\/326\" target=\"_blank\" rel=\" noreferrer noopener\"><img decoding=\"async\" data-src=\"https:\/\/test636937616.files.wordpress.com\/2022\/05\/riss_91-1.webp?w=518\" alt=\"Trans - Publikation RISS\" class=\"wp-image-1903 size-full lazyload\" src=\"data:image\/svg+xml;base64,PHN2ZyB3aWR0aD0iMSIgaGVpZ2h0PSIxIiB4bWxucz0iaHR0cDovL3d3dy53My5vcmcvMjAwMC9zdmciPjwvc3ZnPg==\" \/><\/a><\/figure><\/div>\n\n\n\n<div class=\"wp-block-media-text alignwide is-stacked-on-mobile\" style=\"grid-template-columns:34% auto\"><figure class=\"wp-block-media-text__media\"><a href=\"https:\/\/german.princeton.edu\/whats-on\/events\/past\/sexuality-failure-psychoanalytic-concepts-cultural-perspectives\" target=\"_blank\" rel=\" noreferrer noopener\"><img decoding=\"async\" data-src=\"https:\/\/test636937616.files.wordpress.com\/2022\/05\/sexuality-as-failure-poster-image_crop_4.jpg?w=900\" alt=\"Vortrag Princeton, Insa H\u00e4rtel\" class=\"wp-image-2157 size-full lazyload\" src=\"data:image\/svg+xml;base64,PHN2ZyB3aWR0aD0iMSIgaGVpZ2h0PSIxIiB4bWxucz0iaHR0cDovL3d3dy53My5vcmcvMjAwMC9zdmciPjwvc3ZnPg==\" \/><\/a><\/figure><div class=\"wp-block-media-text__content\">\n<p style=\"font-size:1px\"><\/p>\n\n\n\n<p class=\"has-medium-font-size\" style=\"font-style:normal;font-weight:400\"><a href=\"https:\/\/german.princeton.edu\/whats-on\/events\/past\/sexuality-failure-psychoanalytic-concepts-cultural-perspectives\" target=\"_blank\" rel=\"noreferrer noopener\">Sexuality as failure. Lecture German Department Princeton<\/a><\/p>\n\n\n\n<p class=\"has-text-color\" style=\"color:#605252e0;font-size:18px\">In western societies a removal of the old sexual moral is predicated: there is talk, for example, of negotiating morals. Shown in view of selected cultural productions, this lecture confronts the question as to what is missing in today\u2019s cultural concepts of&nbsp;sexuality. <br>\u00dcberarbeitete Fassung in: <a rel=\"noreferrer noopener\" href=\"https:\/\/link.springer.com\/article\/10.1007\/s12119-018-9552-0\" target=\"_blank\">Sexuality &amp; Culture 2019<\/a><\/p>\n<\/div><\/div>\n\n\n\n<div class=\"wp-block-media-text alignwide has-media-on-the-right is-stacked-on-mobile\" style=\"grid-template-columns:auto 17%\"><div class=\"wp-block-media-text__content\">\n<div class=\"wp-block-group\"><div class=\"wp-block-group__inner-container is-layout-constrained wp-block-group-is-layout-constrained\">\n<p class=\"has-white-color has-text-color\">mmmmmmm<\/p>\n\n\n\n<p class=\"has-medium-font-size\" style=\"font-style:normal;font-weight:400\"><a href=\"https:\/\/www.sexuologie-info.de\/artikel\/2020.34.32.pdf\" target=\"_blank\" rel=\"noreferrer noopener\">\u201eA story about asexuality\u00ab (2020)<\/a><\/p>\n\n\n\n<p class=\"has-text-color\" style=\"color:#605252e0;font-size:18px\">In diesem Beitrag bilden YouTubeVideos den Ausgangspunkt, um Auffassungen und Selbstkonzepten von Asexualit\u00e4t nachzugehen.<br>Wird letztere einerseits im Zuge sog. Identit\u00e4tspolitiken aufgegriffen, so wird sie zugleich als deren Unterbrechung gedacht. Davon ausgehend widme ich mich der Frage nach psychoanalytischen Begrifflichkeiten f\u00fcr das, was jene disruptive Kraft \u00fcber jede Identit\u00e4tskonzeption hinaus<br>denkbar macht.<\/p>\n<\/div><\/div>\n<\/div><figure class=\"wp-block-media-text__media\"><a href=\"http:\/\/sexuologie-info.de\/pdf\/Bd.27_2020_2.pdf\" target=\"_blank\" rel=\"noreferrer noopener\"><img decoding=\"async\" width=\"613\" height=\"743\" data-src=\"https:\/\/insahaertel.de\/wp-content\/uploads\/2023\/07\/Insa-Haertel-about-Asexuality.jpg\" alt=\"Asexualit\u00e4t, Artikel von Insa H\u00e4rtel\" class=\"wp-image-7843 size-full lazyload\" data-srcset=\"https:\/\/insahaertel.de\/wp-content\/uploads\/2023\/07\/Insa-Haertel-about-Asexuality.jpg 613w, https:\/\/insahaertel.de\/wp-content\/uploads\/2023\/07\/Insa-Haertel-about-Asexuality-248x300.jpg 248w\" data-sizes=\"(max-width: 613px) 100vw, 613px\" src=\"data:image\/svg+xml;base64,PHN2ZyB3aWR0aD0iMSIgaGVpZ2h0PSIxIiB4bWxucz0iaHR0cDovL3d3dy53My5vcmcvMjAwMC9zdmciPjwvc3ZnPg==\" style=\"--smush-placeholder-width: 613px; --smush-placeholder-aspect-ratio: 613\/743;\" \/><\/a><\/figure><\/div>\n\n\n\n<div class=\"wp-block-media-text alignwide is-stacked-on-mobile\" style=\"grid-template-columns:17% auto\"><figure class=\"wp-block-media-text__media\"><a href=\"https:\/\/publikationen.ub.uni-frankfurt.de\/opus4\/frontdoor\/deliver\/index\/docId\/69103\/file\/RISS-90-2019_Haertel.pdf\" target=\"_blank\" rel=\"noreferrer noopener\"><img decoding=\"async\" width=\"505\" height=\"501\" data-src=\"https:\/\/insahaertel.de\/wp-content\/uploads\/2024\/10\/Tseng-Yu-Chin-Beitrag-Haertel-e1728286116473.png\" alt=\"Beitrag Insa H\u00e4rtel \u00fcber Tseng Yu-Chin in Riss, Zeitschrift f\u00fcr Psychoanalyse 2019\" class=\"wp-image-8192 size-full lazyload\" data-srcset=\"https:\/\/insahaertel.de\/wp-content\/uploads\/2024\/10\/Tseng-Yu-Chin-Beitrag-Haertel-e1728286116473.png 505w, https:\/\/insahaertel.de\/wp-content\/uploads\/2024\/10\/Tseng-Yu-Chin-Beitrag-Haertel-e1728286116473-300x298.png 300w, https:\/\/insahaertel.de\/wp-content\/uploads\/2024\/10\/Tseng-Yu-Chin-Beitrag-Haertel-e1728286116473-150x150.png 150w\" data-sizes=\"(max-width: 505px) 100vw, 505px\" src=\"data:image\/svg+xml;base64,PHN2ZyB3aWR0aD0iMSIgaGVpZ2h0PSIxIiB4bWxucz0iaHR0cDovL3d3dy53My5vcmcvMjAwMC9zdmciPjwvc3ZnPg==\" style=\"--smush-placeholder-width: 505px; --smush-placeholder-aspect-ratio: 505\/501;\" \/><\/a><\/figure><div class=\"wp-block-media-text__content\">\n<p class=\"has-white-color has-text-color\">mmmmmmm<\/p>\n\n\n\n<p class=\"has-medium-font-size\" style=\"font-style:normal;font-weight:400\"><a href=\"https:\/\/publikationen.ub.uni-frankfurt.de\/opus4\/frontdoor\/deliver\/index\/docId\/69103\/file\/RISS-90-2019_Haertel.pdf\" target=\"_blank\" rel=\"noreferrer noopener\">\u00c4sthetische Erfahrung als \u00dcbergriff.&nbsp;Tseng Yu-Chin:&nbsp;Who\u2018s listening?&nbsp;5<\/a><\/p>\n\n\n\n<p class=\"has-text-color\" style=\"color:#605252e0;font-size:18px\">Der Beitrag nimmt die Videoarbeit <em>Who\u2019s listening? 5<\/em> (2003\u20132004) des taiwanischen K\u00fcnstlers Tseng Yu-Chin zum Anlass, um ausgehend von den so verstandenen k\u00f6rperlichen \u00bb\u00dcbergriffen\u00ab im Bild auch das \u00dcbergreifen der k\u00fcnstlerischen Arbeit auf das hiesige Publikum zu diskutieren. RISS, Zeitschrift f\u00fcr Psychoanalyse 90, 2019, 68-85.<\/p>\n<\/div><\/div>\n\n\n\n<div class=\"wp-block-media-text alignwide has-media-on-the-right is-stacked-on-mobile\" style=\"grid-template-columns:auto 17%\"><div class=\"wp-block-media-text__content\">\n<p class=\"has-white-color has-text-color\">mmmmmmm<\/p>\n\n\n\n<p class=\"has-medium-font-size\" style=\"font-style:normal;font-weight:400\"><a href=\"https:\/\/www.psychoanalyse-journal.ch\/article\/view\/jfp.59.16\/1123\" target=\"_blank\" rel=\"noreferrer noopener\">Positionierungen zwischen Trauma und Trieb: \u00bbTerry Jo Wanted\u00ab (2016)\u00a0<\/a><\/p>\n\n\n\n<p class=\"has-text-color\" style=\"color:#605252e0;font-size:18px\">Ausgehend von dem Film \u00bbTerry Jo Wanted\u00ab (Katharina Jabs, 2016) untersucht dieser Beitrag das Verh\u00e4ltnis von Trieb\/Trauma. Oder besser gesagt: \u00bbTerry Jo Wanted\u00ab inszeniert Schilderungen nach ZeugInnen-Art, suggestive (Fantasie-)Reisen, r\u00e4tselhafte Spielszenen oder ein vermeintliches Eintauchen in intim-perverse, fragmentierte Szenen&#8230;<\/p>\n<\/div><figure class=\"wp-block-media-text__media\"><a href=\"https:\/\/www.psychoanalyse-journal.ch\/article\/view\/jfp.59.16\/1123\" target=\"_blank\" rel=\" noreferrer noopener\"><img decoding=\"async\" width=\"260\" height=\"368\" data-src=\"https:\/\/insahaertel.de\/wp-content\/uploads\/2022\/10\/Uebertragung_Medialitaet.png\" alt=\"Journal f\u00fcr Psychoanalyse\" class=\"wp-image-6616 size-full lazyload\" data-srcset=\"https:\/\/insahaertel.de\/wp-content\/uploads\/2022\/10\/Uebertragung_Medialitaet.png 260w, https:\/\/insahaertel.de\/wp-content\/uploads\/2022\/10\/Uebertragung_Medialitaet-212x300.png 212w\" data-sizes=\"(max-width: 260px) 100vw, 260px\" src=\"data:image\/svg+xml;base64,PHN2ZyB3aWR0aD0iMSIgaGVpZ2h0PSIxIiB4bWxucz0iaHR0cDovL3d3dy53My5vcmcvMjAwMC9zdmciPjwvc3ZnPg==\" style=\"--smush-placeholder-width: 260px; --smush-placeholder-aspect-ratio: 260\/368;\" \/><\/a><\/figure><\/div>\n\n\n\n<div class=\"wp-block-media-text alignwide is-stacked-on-mobile\" style=\"grid-template-columns:17% auto\"><figure class=\"wp-block-media-text__media\"><a href=\"https:\/\/textem-verlag.de\/textem\/theorie\/kleiner-stimmungsatlas\/332\" target=\"_blank\" rel=\" noreferrer noopener\"><img decoding=\"async\" data-src=\"https:\/\/test636937616.files.wordpress.com\/2022\/05\/blickfaenger.png?w=209\" alt=\"Publikation Blickf\u00e4nger: Insa H\u00e4rtel und Karl-Josef Pazzini\" class=\"wp-image-1112 size-full lazyload\" src=\"data:image\/svg+xml;base64,PHN2ZyB3aWR0aD0iMSIgaGVpZ2h0PSIxIiB4bWxucz0iaHR0cDovL3d3dy53My5vcmcvMjAwMC9zdmciPjwvc3ZnPg==\" \/><\/a><\/figure><div class=\"wp-block-media-text__content\">\n<p class=\"has-medium-font-size\" style=\"font-style:normal;font-weight:400\"><a href=\"https:\/\/textem-verlag.de\/textem\/theorie\/kleiner-stimmungsatlas\/332\" target=\"_blank\" rel=\"noreferrer noopener\">B: Blickf\u00e4nger, Insa H\u00e4rtel, Karl-Josef Pazzini&nbsp;<\/a><\/p>\n\n\n\n<p class=\"has-text-color\" style=\"color:#605252e0;font-size:18px\">Ein Stimmungs-Atlas zu: Scharf stellen, Situierung, Abstraktion, Figuration, Abwehrbewegungen, Gewalt, Verst\u00e4ndigung, \u00dcbersetzungen, Terror, Subjektivierungen, Opfer, Gefangennahmen, Analogien, Unterbrechung, dem Rot der Lippen, Kind-Frau-Status, unschuldiger Kindheit, Jungen-M\u00e4dchen, Resonanzen, Verwirbelung und aufgest\u00f6rten Phantasmen.<\/p>\n<\/div><\/div>\n\n\n\n<div class=\"wp-block-media-text alignwide has-media-on-the-right is-stacked-on-mobile\" style=\"grid-template-columns:auto 17%\"><div class=\"wp-block-media-text__content\">\n<p class=\"has-medium-font-size\" style=\"font-style:normal;font-weight:400\"><br><a href=\"https:\/\/insahaertel.de\/wp-content\/uploads\/2026\/02\/Haertel_Fundamentale-Uebergriffigkeit.pdf\" target=\"_blank\" rel=\"noreferrer noopener\">\u00bbFundamentale \u00dcbergriffigkeit\u00ab &#8211; Sexualit\u00e4t, Kinder, Wissen<\/a><\/p>\n\n\n\n<p class=\"has-text-color\" style=\"color:#605252e0;font-size:18px\">Ausgehend von Grenz\u00fcberschreitungen psychoanalytischen Wissens wird Sexualit\u00e4t als in sich \u00bb\u00fcbergriffig\u00ab gefasst &#8211; um von dort einen Bogen zu schlagen zu einem 2007 in der Wochenzeitung <em>stern <\/em>erschienenen Artikel, der um die sog. \u00bbsexuelle Verwahrlosung\u00ab von Kindern und Jugendlichen kreist. Hier erscheint ein einschl\u00e4giger Wissenserwerb durch Kinder durchaus beunruhigend, eine grenz\u00fcberschreitende Lust fundamental delegitimiert.<\/p>\n<\/div><figure class=\"wp-block-media-text__media\"><a href=\"https:\/\/sexuologie-info.de\/pdf\/Bd.21_2014_2.pdf\" target=\"_blank\" rel=\"noreferrer noopener\"><img decoding=\"async\" width=\"613\" height=\"732\" data-src=\"https:\/\/insahaertel.de\/wp-content\/uploads\/2023\/07\/Insa-Haertel-Artikel-Uebergriffigkeit-.jpg\" alt=\"\" class=\"wp-image-7851 size-full lazyload\" data-srcset=\"https:\/\/insahaertel.de\/wp-content\/uploads\/2023\/07\/Insa-Haertel-Artikel-Uebergriffigkeit-.jpg 613w, https:\/\/insahaertel.de\/wp-content\/uploads\/2023\/07\/Insa-Haertel-Artikel-Uebergriffigkeit--251x300.jpg 251w\" data-sizes=\"(max-width: 613px) 100vw, 613px\" src=\"data:image\/svg+xml;base64,PHN2ZyB3aWR0aD0iMSIgaGVpZ2h0PSIxIiB4bWxucz0iaHR0cDovL3d3dy53My5vcmcvMjAwMC9zdmciPjwvc3ZnPg==\" style=\"--smush-placeholder-width: 613px; --smush-placeholder-aspect-ratio: 613\/732;\" \/><\/a><\/figure><\/div>\n\n\n\n<div class=\"wp-block-media-text alignwide is-stacked-on-mobile\" style=\"grid-template-columns:19% auto\"><figure class=\"wp-block-media-text__media\"><a href=\"https:\/\/www.transcript-verlag.de\/978-3-8376-2884-5\/kinder-der-erregung\/\" target=\"_blank\" rel=\" noreferrer noopener\"><img decoding=\"async\" data-src=\"https:\/\/test636937616.files.wordpress.com\/2022\/05\/kinder-der-erregung.jpg?w=673\" alt=\"Kinder der Erregung, DFG-Projektpublikation Insa H\u00e4rtel\" class=\"wp-image-1114 size-full lazyload\" src=\"data:image\/svg+xml;base64,PHN2ZyB3aWR0aD0iMSIgaGVpZ2h0PSIxIiB4bWxucz0iaHR0cDovL3d3dy53My5vcmcvMjAwMC9zdmciPjwvc3ZnPg==\" \/><\/a><\/figure><div class=\"wp-block-media-text__content\">\n<p class=\"has-medium-font-size\" style=\"font-style:normal;font-weight:400\"><a href=\"https:\/\/www.transcript-verlag.de\/978-3-8376-2884-5\/kinder-der-erregung\/#gallery\" target=\"_blank\" rel=\"noreferrer noopener\">Kinder der Erregung<\/a><\/p>\n\n\n\n<p class=\"has-text-color\" style=\"color:#605252e0;font-size:18px\">Die derzeitige kulturelle \u00bbErregtheit\u00ab um die Figur des Kindes bildet einen Ausgangspunkt dieser kulturwissenschaftlichen Studie. Denn diese \u00bbErregtheit\u00ab erweist sich als Teil gesellschaftlicher Konflikthaftigkeit. Somit kehrt zudem Abgewehrtes in westlichen Bildern bzw. Diskursen kindlich-jugendlicher Sexualit\u00e4t mannigfach wieder.<\/p>\n<\/div><\/div>\n\n\n\n<div class=\"wp-block-media-text alignwide has-media-on-the-right is-stacked-on-mobile\" style=\"grid-template-columns:auto 18%\"><div class=\"wp-block-media-text__content\">\n<p class=\"has-medium-font-size\" style=\"font-style:normal;font-weight:400\"><a href=\"https:\/\/www.kulturverlag-kadmos.de\/programm\/details\/erogene_gefahrenzonen\" target=\"_blank\" rel=\"noreferrer noopener\">Erogene Gefahrenzonen<\/a><\/p>\n\n\n\n<p class=\"has-text-color\" style=\"color:#605252e0;font-size:18px\">Wie ist das Sexuelle derzeit kulturell verortet \u2013 und was an ihm ist fehl am Platz? In diesem Band geht es um westliche Vorstellungen des Sexuellen in einer Zeit, in der dessen Bedeutung durchaus zur Debatte steht. Einen Ausgangspunkt bildet die Konflikthaftigkeit des (infantil) Sexuellen und dessen verst\u00f6rendes Potential. Schlie\u00dflich lautet die Frage an Theorie, Kunst, Medien, Klinik: Wo liegen aktuell erogene Gefahrenzonen?<\/p>\n<\/div><figure class=\"wp-block-media-text__media\"><a href=\"https:\/\/www.kulturverlag-kadmos.de\/programm\/details\/erogene_gefahrenzonen\" target=\"_blank\" rel=\" noreferrer noopener\"><img decoding=\"async\" data-src=\"https:\/\/test636937616.files.wordpress.com\/2022\/05\/9783865992109.med_.jpg?w=500\" alt=\"Erogene Gefahrenzonen, Herausgabe Insa H\u00e4rtel\" class=\"wp-image-1889 size-full lazyload\" src=\"data:image\/svg+xml;base64,PHN2ZyB3aWR0aD0iMSIgaGVpZ2h0PSIxIiB4bWxucz0iaHR0cDovL3d3dy53My5vcmcvMjAwMC9zdmciPjwvc3ZnPg==\" \/><\/a><\/figure><\/div>\n\n\n\n<div class=\"wp-block-media-text alignwide is-stacked-on-mobile\" style=\"grid-template-columns:22% auto\"><figure class=\"wp-block-media-text__media\"><a href=\"https:\/\/www.ulrike-helmer-verlag.de\/buchbeschreibungen\/sabine-broeck-plotting-against-modernity\/#cc-m-product-12700780132\" target=\"_blank\" rel=\" noreferrer noopener\"><img decoding=\"async\" data-src=\"https:\/\/test636937616.files.wordpress.com\/2022\/06\/image.jpg?w=237\" alt=\"Sabine Broeck-Publikation\" class=\"wp-image-3027 size-full lazyload\" src=\"data:image\/svg+xml;base64,PHN2ZyB3aWR0aD0iMSIgaGVpZ2h0PSIxIiB4bWxucz0iaHR0cDovL3d3dy53My5vcmcvMjAwMC9zdmciPjwvc3ZnPg==\" \/><\/a><\/figure><div class=\"wp-block-media-text__content\">\n<p class=\"has-medium-font-size\" style=\"font-style:normal;font-weight:400\"><a href=\"https:\/\/www.ulrike-helmer-verlag.de\/buchbeschreibungen\/sabine-broeck-plotting-against-modernity\/#cc-m-product-12700780132\" target=\"_blank\" rel=\"noreferrer noopener\">Sabine Broeck: Plotting against Modernity<\/a><\/p>\n\n\n\n<p class=\"has-text-color\" style=\"color:#605252e0;font-size:18px\">Der Band b\u00fcndelt Aufs\u00e4tze der Amerikanistin Sabine Broeck. Durch Kommentierung und Kontextualisierung der zusammengestellten Aufs\u00e4tze bietet das Buchprojekt dabei einen \u00dcberblick \u00fcber die Arbeit dieser Impulsgeberin und die Kartierung ihrer innovativen Potentiale f\u00fcr die Wissenschaftslandschaft. Herausgabe gemeinsam mit Karin Esders und Carsten Junker.<br><\/p>\n<\/div><\/div>\n\n\n\n<div class=\"wp-block-media-text alignwide has-media-on-the-right is-stacked-on-mobile\" style=\"grid-template-columns:auto 19%\"><div class=\"wp-block-media-text__content\">\n<p class=\"has-medium-font-size\" style=\"font-style:normal;font-weight:400\">Sexuelle Differenz<\/p>\n\n\n\n<p class=\"has-text-color\" style=\"color:#605252e0;font-size:18px\">Im vorliegenden Heft (Gastherausgabe gemeinsam mit Olaf Knellessen) geht es mit dem Thema der sexuellen Differenz um eine wechselseitige Befragung von Psychoanalyse und Geschlechterforschung. Immerhin h\u00e4lt die Psychoanalyse Potentiale f\u00fcr die Debatte um Geschlecht und sexuelle Differenz bereit, von denen sie gelegentlich selbst nichts wei\u00df. Dabei ist sie immer auch selbst auf ihre Geschlechterannahmen hin zu befragen.<br><\/p>\n<\/div><figure class=\"wp-block-media-text__media\"><img decoding=\"async\" data-src=\"https:\/\/test636937616.files.wordpress.com\/2022\/06\/w480_art_289_1-1.jpg?w=480\" alt=\"Sexuelle Differenz, Publikation\" class=\"wp-image-2944 size-full lazyload\" src=\"data:image\/svg+xml;base64,PHN2ZyB3aWR0aD0iMSIgaGVpZ2h0PSIxIiB4bWxucz0iaHR0cDovL3d3dy53My5vcmcvMjAwMC9zdmciPjwvc3ZnPg==\" \/><\/figure><\/div>\n\n\n\n<div class=\"wp-block-media-text alignwide is-stacked-on-mobile\" style=\"grid-template-columns:34% auto\"><figure class=\"wp-block-media-text__media\"><a href=\"https:\/\/www.park-books.com\/index.php?lang=de&amp;page=books&amp;view=co&amp;booktype=order_1_releasedate&amp;subject=1&amp;artist=all&amp;author=all&amp;pd=pb&amp;book=445\" target=\"_blank\" rel=\" noreferrer noopener\"><img decoding=\"async\" data-src=\"https:\/\/test636937616.files.wordpress.com\/2022\/05\/9783906027074_archtekturpsychoanalyse_prov.jpg?w=448\" alt=\"Zwischen Architektur und Psychoanalyse, Publikation\" class=\"wp-image-1907 size-full lazyload\" src=\"data:image\/svg+xml;base64,PHN2ZyB3aWR0aD0iMSIgaGVpZ2h0PSIxIiB4bWxucz0iaHR0cDovL3d3dy53My5vcmcvMjAwMC9zdmciPjwvc3ZnPg==\" \/><\/a><\/figure><div class=\"wp-block-media-text__content\">\n<p class=\"has-medium-font-size\" style=\"font-style:normal;font-weight:400\"><a href=\"https:\/\/www.park-books.com\/index.php?lang=de&amp;page=books&amp;view=co&amp;booktype=order_1_releasedate&amp;subject=1&amp;artist=all&amp;author=all&amp;pd=pb&amp;book=445\" target=\"_blank\" rel=\"noreferrer noopener\">Zwischen Architektur und Psychoanalyse<\/a><\/p>\n\n\n\n<p class=\"has-text-color\" style=\"color:#605252e0;font-size:18px\">Sexualit\u00e4t, Phantasmen, K\u00f6rper: Architektur und Psychoanalyse \u2013 nur auf den ersten Blick haben diese zwei eminenten Bereiche wenig miteinander zu tun. Mit anderen Worten: Das vorliegende Buch (Herausgabe gemeinsam mit Olaf Knellessen und Helge Mooshammer) will den Austausch zwischen den beiden Disziplinen ausbauen. Zwischen die Texte eingestreut sind k\u00fcnstlerische Inserts, u.a. von Valie Export.<\/p>\n<\/div><\/div>\n\n\n\n<div class=\"wp-block-media-text alignwide has-media-on-the-right is-stacked-on-mobile\" style=\"grid-template-columns:auto 19%\"><div class=\"wp-block-media-text__content\">\n<p class=\"has-medium-font-size\" style=\"font-style:normal;font-weight:400\"><a href=\"https:\/\/www.vandenhoeck-ruprecht-verlage.com\/themen-entdecken\/psychologie-psychotherapie-beratung\/psychotherapie-psychosoziale-beratung\/psychoanalyse-psychotherapie\/3701\/das-motiv-der-kaestchenwahl-container-in-psychoanalyse-kunst-kultur#\" target=\"_blank\" rel=\"noreferrer noopener\">\u00bbDas Motiv der K\u00e4stchenwahl\u00ab. Container in Psychoanalyse, Kunst, Kultur<\/a><\/p>\n\n\n\n<p class=\"has-text-color\" style=\"color:#605252e0;font-size:18px\">Die Moderne hat den Container als normierten Beh\u00e4lter \u00bbf\u00fcr alles M\u00f6gliche\u00ab (Hannes B\u00f6hringer) gew\u00e4hlt. Auch in der Psychoanalyse hat der Container diskursver\u00e4ndernd Karriere gemacht. Dieses gemeinsam mit Olaf Knellessen herausgegebene Buch will demzufolge \u2013 ausgehend von Freuds \u00bbMotiv der K\u00e4stchenwahl\u00ab (1913) \u2013 die interdisziplin\u00e4re Beh\u00e4lter-Vielgestaltigkeit ausloten. Wie verschiebt sich der Container-Begriff mit seinem Transfer durch verschiedene kulturelle Felder? <\/p>\n<\/div><figure class=\"wp-block-media-text__media\"><a href=\"https:\/\/www.vandenhoeck-ruprecht-verlage.com\/themen-entdecken\/psychologie-psychotherapie-beratung\/psychotherapie-psychosoziale-beratung\/psychoanalyse-psychotherapie\/3701\/das-motiv-der-kaestchenwahl-container-in-psychoanalyse-kunst-kultur#\" target=\"_blank\" rel=\" noreferrer noopener\"><img decoding=\"async\" data-src=\"https:\/\/test636937616.files.wordpress.com\/2022\/05\/978-3-525-40187-3_600x600.jpg?w=360\" alt=\"Das Motiv der K\u00e4stchenwahl - Container, Publkation\" class=\"wp-image-1911 size-full lazyload\" src=\"data:image\/svg+xml;base64,PHN2ZyB3aWR0aD0iMSIgaGVpZ2h0PSIxIiB4bWxucz0iaHR0cDovL3d3dy53My5vcmcvMjAwMC9zdmciPjwvc3ZnPg==\" \/><\/a><\/figure><\/div>\n\n\n\n<div class=\"wp-block-media-text alignwide is-stacked-on-mobile\" style=\"grid-template-columns:19% auto\"><figure class=\"wp-block-media-text__media\"><a href=\"https:\/\/www.fkw-journal.de\/index.php\/fkw\/issue\/view\/49\" target=\"_blank\" rel=\" noreferrer noopener\"><img decoding=\"async\" data-src=\"https:\/\/test636937616.files.wordpress.com\/2022\/06\/cover_issue_49_de_de.jpg?w=500\" alt=\"Selbst im Bild, FKW Heft\" class=\"wp-image-2952 size-full lazyload\" src=\"data:image\/svg+xml;base64,PHN2ZyB3aWR0aD0iMSIgaGVpZ2h0PSIxIiB4bWxucz0iaHR0cDovL3d3dy53My5vcmcvMjAwMC9zdmciPjwvc3ZnPg==\" \/><\/a><\/figure><div class=\"wp-block-media-text__content\">\n<p class=\"has-text-color has-medium-font-size\" style=\"color:#605252e0;font-style:normal;font-weight:400\"><a href=\"https:\/\/www.fkw-journal.de\/index.php\/fkw\/issue\/view\/49\">Selbst im Bild. Themenheft von FKW<\/a><\/p>\n\n\n\n<p class=\"has-text-color\" style=\"color:#605252e0;font-size:18px\">Das vorliegende Heft (Gastherausgabe, gemeinsam mit Kathrin Heinz) greift Auseinandersetzungen um Aushandlungsprozesse des Subjektiven im gesellschaftlichen Raum auf. Es geht, anders formuliert, um Anordnungen des \u00bbSelbst\u00ab in verschiedenen bild\/r\u00e4umlichen Konstellationen, um (k\u00fcnstlerische) Selbstinszenierungen und -erfindungen.<\/p>\n<\/div><\/div>\n\n\n\n<div class=\"wp-block-media-text alignwide has-media-on-the-right is-stacked-on-mobile\" style=\"grid-template-columns:auto 20%\"><div class=\"wp-block-media-text__content\">\n<p class=\"has-medium-font-size\" style=\"font-style:normal;font-weight:400\"><a href=\"https:\/\/www.transcript-verlag.de\/978-3-8376-1042-0\/symbolische-ordnungen-umschreiben\/\" target=\"_blank\" rel=\"noreferrer noopener\">Symbolische Ordnungen umschreiben<\/a><\/p>\n\n\n\n<p class=\"has-text-color\" style=\"color:#605252e0;font-size:18px\">Anhand von Fallstudien aus Theorie und Kunst widmet sich diese Studie dem sich wandelnden Autorit\u00e4tsgef\u00fcge in westlichen Gesellschaften. Welche Implikationen f\u00fcr Konzeptionen von \u00bbAutorschaft\u00ab und \u00bbHandlungsmacht\u00ab ergeben sich? Welche Phantasmen, Aggressions- und Genie\u00dfensdimensionen geraten folglich in den Blick?<\/p>\n<\/div><figure class=\"wp-block-media-text__media\"><a href=\"https:\/\/www.transcript-verlag.de\/978-3-8376-1042-0\/symbolische-ordnungen-umschreiben\/\" target=\"_blank\" rel=\" noreferrer noopener\"><img decoding=\"async\" data-src=\"https:\/\/test636937616.files.wordpress.com\/2022\/05\/978383761042063zzcppcg114y_600x600.jpg?w=360\" alt=\"Symbolische Ordnungen umschreiben, Publikation Habilitation Insa H\u00e4rtel\" class=\"wp-image-1886 size-full lazyload\" src=\"data:image\/svg+xml;base64,PHN2ZyB3aWR0aD0iMSIgaGVpZ2h0PSIxIiB4bWxucz0iaHR0cDovL3d3dy53My5vcmcvMjAwMC9zdmciPjwvc3ZnPg==\" \/><\/a><\/figure><\/div>\n\n\n\n<div class=\"wp-block-media-text alignwide is-stacked-on-mobile\" style=\"grid-template-columns:19% auto\"><figure class=\"wp-block-media-text__media\"><a href=\"https:\/\/www.vandenhoeck-ruprecht-verlage.com\/themen-entdecken\/psychologie-psychotherapie-beratung\/psychotherapie-psychosoziale-beratung\/psychoanalyse-psychotherapie\/2361\/verwicklungen\" target=\"_blank\" rel=\" noreferrer noopener\"><img decoding=\"async\" data-src=\"https:\/\/test636937616.files.wordpress.com\/2022\/06\/978-3-525-46026-9_600x600.jpg?w=360\" alt=\"Verwicklungen. Psychoanalyse und Wissenschaft\" class=\"wp-image-3023 size-full lazyload\" src=\"data:image\/svg+xml;base64,PHN2ZyB3aWR0aD0iMSIgaGVpZ2h0PSIxIiB4bWxucz0iaHR0cDovL3d3dy53My5vcmcvMjAwMC9zdmciPjwvc3ZnPg==\" \/><\/a><\/figure><div class=\"wp-block-media-text__content\">\n<p class=\"has-medium-font-size\" style=\"font-style:normal;font-weight:400\"><a href=\"https:\/\/www.vandenhoeck-ruprecht-verlage.com\/themen-entdecken\/psychologie-psychotherapie-beratung\/psychotherapie-psychosoziale-beratung\/psychoanalyse-psychotherapie\/2361\/verwicklungen\" target=\"_blank\" rel=\"noreferrer noopener\">Verwicklungen. Psychoanalyse und Wissenschaft<\/a><\/p>\n\n\n\n<p class=\"has-text-color\" style=\"color:#605252e0;font-size:18px\">Psychoanalyse als Erkenntnismethode und Theorie vollzieht nach, wie sich das Subjekt als begehrendes Wesen auf seine Forschungsobjekte bezieht und mit seinen W\u00fcnschen, \u00c4ngsten und Konflikten auch in die abstraktesten und intellektuellsten T\u00e4tigkeiten eindringt. Insoweit kann sie die Verstrickungen des Subjekts erkennbar machen und Grenzen des Erkennbaren aufzeigen. Herausgabe gemeinsam mit Elfriede L\u00f6chel.<\/p>\n<\/div><\/div>\n\n\n\n<div class=\"wp-block-media-text alignwide has-media-on-the-right is-stacked-on-mobile\" style=\"grid-template-columns:auto 19%\"><div class=\"wp-block-media-text__content\">\n<p class=\"has-medium-font-size\" style=\"font-style:normal;font-weight:400\"><a href=\"https:\/\/www.springer.com\/series\/12228\" target=\"_blank\" rel=\"noreferrer noopener\">K\u00f6rper und Repr\u00e4sentation \/ Body and Representation<\/a><\/p>\n\n\n\n<p class=\"has-text-color\" style=\"color:#605252e0;font-size:18px\">\u00bbThe Body and Representation. Feminist Research and Theoretical Perspectives\u00ab fand als zweiw\u00f6chige Studienphase des Projektbereichs BODY der Internationalen Frauenuniversit\u00e4t (ifu) 2000 an der Universit\u00e4t Bremen unter der Leitung von Sigrid Schade statt. Die infolgedessen entstandenen Publikationen (engl.\/dt.) diskutieren Konzepte, Inszenierungen, Handlungen und Repr\u00e4sentationen von K\u00f6rpern in Alltag, politischen Kontexten, Kunst und neuen Medien.<\/p>\n<\/div><figure class=\"wp-block-media-text__media\"><a href=\"https:\/\/www.springer.com\/series\/12228\" target=\"_blank\" rel=\" noreferrer noopener\"><img decoding=\"async\" data-src=\"https:\/\/test636937616.files.wordpress.com\/2022\/06\/978-3-322-95029-1.jpg?w=306\" alt=\"K\u00f6rper und Repr\u00e4sentation, Publikation\" class=\"wp-image-3019 size-full lazyload\" src=\"data:image\/svg+xml;base64,PHN2ZyB3aWR0aD0iMSIgaGVpZ2h0PSIxIiB4bWxucz0iaHR0cDovL3d3dy53My5vcmcvMjAwMC9zdmciPjwvc3ZnPg==\" \/><\/a><\/figure><\/div>\n\n\n\n<div class=\"wp-block-media-text alignwide is-stacked-on-mobile\" style=\"grid-template-columns:25% auto\"><figure class=\"wp-block-media-text__media\"><a href=\"https:\/\/www.turia.at\/titel\/insa.php\" target=\"_blank\" rel=\" noreferrer noopener\"><img decoding=\"async\" data-src=\"https:\/\/test636937616.files.wordpress.com\/2022\/05\/insa_cv.jpg?w=190\" alt=\"Zur Produktion des M\u00fctterlichen (in) der Architektur, Publikation \/ Dissertation Insa H\u00e4rtel\" class=\"wp-image-1888 size-full lazyload\" src=\"data:image\/svg+xml;base64,PHN2ZyB3aWR0aD0iMSIgaGVpZ2h0PSIxIiB4bWxucz0iaHR0cDovL3d3dy53My5vcmcvMjAwMC9zdmciPjwvc3ZnPg==\" \/><\/a><\/figure><div class=\"wp-block-media-text__content\">\n<p class=\"has-medium-font-size\" style=\"font-style:normal;font-weight:400\"><a href=\"https:\/\/www.turia.at\/titel\/insa.php\" target=\"_blank\" rel=\"noreferrer noopener\">Zur Produktion des M\u00fctterlichen (in) der Architektur<\/a><\/p>\n\n\n\n<p class=\"has-text-color\" style=\"color:#605252e0;font-size:18px\">Diese Abhandlung richtet sich auf die Produktion des \u00bbM\u00fctterlichen\u00ab in der Rezeption von Architektur, in Diskursen der Psychologie, Psychoanalyse, Philosophie und Stadtsoziologie, und zwar werden die mit den Bildern von der \u00bbersten Wohnstatt\u00ab verbundenen Phantasmen analysiert. L\u00e4\u00dft sich der Wunsch einer architektonischen \u00bbR\u00fcckkehr\u00ab zur bzw. einer Abkehr von der \u00bbMutter\u00ab umartikulieren?<\/p>\n<\/div><\/div>\n\n\n\n<h6 class=\"wp-block-heading has-text-color has-small-font-size\" style=\"color:#b5182d\"><a href=\"https:\/\/insahaertel.de\/\">Startseite<\/a><\/h6>\n","protected":false},"excerpt":{"rendered":"<p>Kostproben &#8211; Roboter, mediale Blasen, Realit\u00e4ten \u2013 Fragen der Spaltung im R\u00fcckblick auf Wall-E, Z\u00fcrich 20.6.26 Im Rahmen der Veranstaltungsreihe Don\u2019t Panic! Ph\u00e4nomene der Spaltung in Psyche, Familie und Gesellschaft des Vereins f\u00fcr psychoanalytische Sozialarbeit Z\u00fcrich steuere ich im Juni einen Beitrag bei zu dem Film WALL\u00b7E \u2013 Der Letzte r\u00e4umt die Erde auf (USA [&hellip;]<\/p>\n","protected":false},"author":1,"featured_media":0,"parent":0,"menu_order":0,"comment_status":"closed","ping_status":"closed","template":"fullwidth-page.php","meta":{"footnotes":""},"tags":[],"class_list":["post-166","page","type-page","status-publish","hentry"],"yoast_head":"<!-- This site is optimized with the Yoast SEO plugin v27.4 - https:\/\/yoast.com\/product\/yoast-seo-wordpress\/ -->\n<title>Kostproben &#8211; Insa H\u00e4rtel<\/title>\n<meta name=\"description\" content=\"Kostproben: Verschiedene Beispiele aus der kulturwissenschaftlichen Arbeit von Prof. Dr. Insa H\u00e4rtel zum Anklicken.\" \/>\n<meta name=\"robots\" content=\"index, follow, max-snippet:-1, max-image-preview:large, max-video-preview:-1\" \/>\n<link rel=\"canonical\" href=\"https:\/\/insahaertel.de\/index.php\/kostproben\/\" \/>\n<meta property=\"og:locale\" content=\"de_DE\" \/>\n<meta property=\"og:type\" content=\"article\" \/>\n<meta property=\"og:title\" content=\"Kostproben &#8211; Insa H\u00e4rtel\" \/>\n<meta property=\"og:description\" content=\"Kostproben: Verschiedene Beispiele aus der kulturwissenschaftlichen Arbeit von Prof. Dr. Insa H\u00e4rtel zum Anklicken.\" \/>\n<meta property=\"og:url\" content=\"https:\/\/insahaertel.de\/index.php\/kostproben\/\" \/>\n<meta property=\"og:site_name\" content=\"Insa H\u00e4rtel\" \/>\n<meta property=\"article:modified_time\" content=\"2026-04-26T19:20:46+00:00\" \/>\n<meta name=\"twitter:card\" content=\"summary_large_image\" \/>\n<meta name=\"twitter:label1\" content=\"Gesch\u00e4tzte Lesezeit\" \/>\n\t<meta name=\"twitter:data1\" content=\"26\u00a0Minuten\" \/>\n<script type=\"application\/ld+json\" class=\"yoast-schema-graph\">{\"@context\":\"https:\\\/\\\/schema.org\",\"@graph\":[{\"@type\":\"WebPage\",\"@id\":\"https:\\\/\\\/insahaertel.de\\\/index.php\\\/kostproben\\\/\",\"url\":\"https:\\\/\\\/insahaertel.de\\\/index.php\\\/kostproben\\\/\",\"name\":\"Kostproben &#8211; Insa H\u00e4rtel\",\"isPartOf\":{\"@id\":\"https:\\\/\\\/insahaertel.de\\\/#website\"},\"primaryImageOfPage\":{\"@id\":\"https:\\\/\\\/insahaertel.de\\\/index.php\\\/kostproben\\\/#primaryimage\"},\"image\":{\"@id\":\"https:\\\/\\\/insahaertel.de\\\/index.php\\\/kostproben\\\/#primaryimage\"},\"thumbnailUrl\":\"https:\\\/\\\/test636937616.files.wordpress.com\\\/2022\\\/06\\\/versuch2-1.jpg\",\"datePublished\":\"2022-04-30T15:28:00+00:00\",\"dateModified\":\"2026-04-26T19:20:46+00:00\",\"description\":\"Kostproben: Verschiedene Beispiele aus der kulturwissenschaftlichen Arbeit von Prof. Dr. Insa H\u00e4rtel zum Anklicken.\",\"breadcrumb\":{\"@id\":\"https:\\\/\\\/insahaertel.de\\\/index.php\\\/kostproben\\\/#breadcrumb\"},\"inLanguage\":\"de\",\"potentialAction\":[{\"@type\":\"ReadAction\",\"target\":[\"https:\\\/\\\/insahaertel.de\\\/index.php\\\/kostproben\\\/\"]}]},{\"@type\":\"ImageObject\",\"inLanguage\":\"de\",\"@id\":\"https:\\\/\\\/insahaertel.de\\\/index.php\\\/kostproben\\\/#primaryimage\",\"url\":\"https:\\\/\\\/test636937616.files.wordpress.com\\\/2022\\\/06\\\/versuch2-1.jpg\",\"contentUrl\":\"https:\\\/\\\/test636937616.files.wordpress.com\\\/2022\\\/06\\\/versuch2-1.jpg\"},{\"@type\":\"BreadcrumbList\",\"@id\":\"https:\\\/\\\/insahaertel.de\\\/index.php\\\/kostproben\\\/#breadcrumb\",\"itemListElement\":[{\"@type\":\"ListItem\",\"position\":1,\"name\":\"Startseite\",\"item\":\"https:\\\/\\\/insahaertel.de\\\/\"},{\"@type\":\"ListItem\",\"position\":2,\"name\":\"Kostproben\"}]},{\"@type\":\"WebSite\",\"@id\":\"https:\\\/\\\/insahaertel.de\\\/#website\",\"url\":\"https:\\\/\\\/insahaertel.de\\\/\",\"name\":\"Insa H\u00e4rtel\",\"description\":\"Kulturwissenschaft, Kinder- und Jugendlichenpsychotherapie\",\"publisher\":{\"@id\":\"https:\\\/\\\/insahaertel.de\\\/#\\\/schema\\\/person\\\/487f7a0df0cef941b2257eba433a46bd\"},\"potentialAction\":[{\"@type\":\"SearchAction\",\"target\":{\"@type\":\"EntryPoint\",\"urlTemplate\":\"https:\\\/\\\/insahaertel.de\\\/?s={search_term_string}\"},\"query-input\":{\"@type\":\"PropertyValueSpecification\",\"valueRequired\":true,\"valueName\":\"search_term_string\"}}],\"inLanguage\":\"de\"},{\"@type\":[\"Person\",\"Organization\"],\"@id\":\"https:\\\/\\\/insahaertel.de\\\/#\\\/schema\\\/person\\\/487f7a0df0cef941b2257eba433a46bd\",\"name\":\"Insa H\u00e4rtel\",\"image\":{\"@type\":\"ImageObject\",\"inLanguage\":\"de\",\"@id\":\"https:\\\/\\\/insahaertel.de\\\/wp-content\\\/uploads\\\/2022\\\/09\\\/tab-icon-insa-haertel.jpg\",\"url\":\"https:\\\/\\\/insahaertel.de\\\/wp-content\\\/uploads\\\/2022\\\/09\\\/tab-icon-insa-haertel.jpg\",\"contentUrl\":\"https:\\\/\\\/insahaertel.de\\\/wp-content\\\/uploads\\\/2022\\\/09\\\/tab-icon-insa-haertel.jpg\",\"width\":512,\"height\":512,\"caption\":\"Insa H\u00e4rtel\"},\"logo\":{\"@id\":\"https:\\\/\\\/insahaertel.de\\\/wp-content\\\/uploads\\\/2022\\\/09\\\/tab-icon-insa-haertel.jpg\"},\"sameAs\":[\"https:\\\/\\\/insahaertel.de\"]}]}<\/script>\n<!-- \/ Yoast SEO plugin. -->","yoast_head_json":{"title":"Kostproben &#8211; Insa H\u00e4rtel","description":"Kostproben: Verschiedene Beispiele aus der kulturwissenschaftlichen Arbeit von Prof. Dr. Insa H\u00e4rtel zum Anklicken.","robots":{"index":"index","follow":"follow","max-snippet":"max-snippet:-1","max-image-preview":"max-image-preview:large","max-video-preview":"max-video-preview:-1"},"canonical":"https:\/\/insahaertel.de\/index.php\/kostproben\/","og_locale":"de_DE","og_type":"article","og_title":"Kostproben &#8211; Insa H\u00e4rtel","og_description":"Kostproben: Verschiedene Beispiele aus der kulturwissenschaftlichen Arbeit von Prof. Dr. Insa H\u00e4rtel zum Anklicken.","og_url":"https:\/\/insahaertel.de\/index.php\/kostproben\/","og_site_name":"Insa H\u00e4rtel","article_modified_time":"2026-04-26T19:20:46+00:00","twitter_card":"summary_large_image","twitter_misc":{"Gesch\u00e4tzte Lesezeit":"26\u00a0Minuten"},"schema":{"@context":"https:\/\/schema.org","@graph":[{"@type":"WebPage","@id":"https:\/\/insahaertel.de\/index.php\/kostproben\/","url":"https:\/\/insahaertel.de\/index.php\/kostproben\/","name":"Kostproben &#8211; Insa H\u00e4rtel","isPartOf":{"@id":"https:\/\/insahaertel.de\/#website"},"primaryImageOfPage":{"@id":"https:\/\/insahaertel.de\/index.php\/kostproben\/#primaryimage"},"image":{"@id":"https:\/\/insahaertel.de\/index.php\/kostproben\/#primaryimage"},"thumbnailUrl":"https:\/\/test636937616.files.wordpress.com\/2022\/06\/versuch2-1.jpg","datePublished":"2022-04-30T15:28:00+00:00","dateModified":"2026-04-26T19:20:46+00:00","description":"Kostproben: Verschiedene Beispiele aus der kulturwissenschaftlichen Arbeit von Prof. Dr. Insa H\u00e4rtel zum Anklicken.","breadcrumb":{"@id":"https:\/\/insahaertel.de\/index.php\/kostproben\/#breadcrumb"},"inLanguage":"de","potentialAction":[{"@type":"ReadAction","target":["https:\/\/insahaertel.de\/index.php\/kostproben\/"]}]},{"@type":"ImageObject","inLanguage":"de","@id":"https:\/\/insahaertel.de\/index.php\/kostproben\/#primaryimage","url":"https:\/\/test636937616.files.wordpress.com\/2022\/06\/versuch2-1.jpg","contentUrl":"https:\/\/test636937616.files.wordpress.com\/2022\/06\/versuch2-1.jpg"},{"@type":"BreadcrumbList","@id":"https:\/\/insahaertel.de\/index.php\/kostproben\/#breadcrumb","itemListElement":[{"@type":"ListItem","position":1,"name":"Startseite","item":"https:\/\/insahaertel.de\/"},{"@type":"ListItem","position":2,"name":"Kostproben"}]},{"@type":"WebSite","@id":"https:\/\/insahaertel.de\/#website","url":"https:\/\/insahaertel.de\/","name":"Insa H\u00e4rtel","description":"Kulturwissenschaft, Kinder- und Jugendlichenpsychotherapie","publisher":{"@id":"https:\/\/insahaertel.de\/#\/schema\/person\/487f7a0df0cef941b2257eba433a46bd"},"potentialAction":[{"@type":"SearchAction","target":{"@type":"EntryPoint","urlTemplate":"https:\/\/insahaertel.de\/?s={search_term_string}"},"query-input":{"@type":"PropertyValueSpecification","valueRequired":true,"valueName":"search_term_string"}}],"inLanguage":"de"},{"@type":["Person","Organization"],"@id":"https:\/\/insahaertel.de\/#\/schema\/person\/487f7a0df0cef941b2257eba433a46bd","name":"Insa H\u00e4rtel","image":{"@type":"ImageObject","inLanguage":"de","@id":"https:\/\/insahaertel.de\/wp-content\/uploads\/2022\/09\/tab-icon-insa-haertel.jpg","url":"https:\/\/insahaertel.de\/wp-content\/uploads\/2022\/09\/tab-icon-insa-haertel.jpg","contentUrl":"https:\/\/insahaertel.de\/wp-content\/uploads\/2022\/09\/tab-icon-insa-haertel.jpg","width":512,"height":512,"caption":"Insa H\u00e4rtel"},"logo":{"@id":"https:\/\/insahaertel.de\/wp-content\/uploads\/2022\/09\/tab-icon-insa-haertel.jpg"},"sameAs":["https:\/\/insahaertel.de"]}]}},"jetpack_sharing_enabled":true,"_links":{"self":[{"href":"https:\/\/insahaertel.de\/index.php\/wp-json\/wp\/v2\/pages\/166","targetHints":{"allow":["GET"]}}],"collection":[{"href":"https:\/\/insahaertel.de\/index.php\/wp-json\/wp\/v2\/pages"}],"about":[{"href":"https:\/\/insahaertel.de\/index.php\/wp-json\/wp\/v2\/types\/page"}],"author":[{"embeddable":true,"href":"https:\/\/insahaertel.de\/index.php\/wp-json\/wp\/v2\/users\/1"}],"replies":[{"embeddable":true,"href":"https:\/\/insahaertel.de\/index.php\/wp-json\/wp\/v2\/comments?post=166"}],"version-history":[{"count":310,"href":"https:\/\/insahaertel.de\/index.php\/wp-json\/wp\/v2\/pages\/166\/revisions"}],"predecessor-version":[{"id":8449,"href":"https:\/\/insahaertel.de\/index.php\/wp-json\/wp\/v2\/pages\/166\/revisions\/8449"}],"wp:attachment":[{"href":"https:\/\/insahaertel.de\/index.php\/wp-json\/wp\/v2\/media?parent=166"}],"wp:term":[{"taxonomy":"post_tag","embeddable":true,"href":"https:\/\/insahaertel.de\/index.php\/wp-json\/wp\/v2\/tags?post=166"}],"curies":[{"name":"wp","href":"https:\/\/api.w.org\/{rel}","templated":true}]}}