{"id":2459,"date":"2022-09-09T12:23:55","date_gmt":"2022-09-09T10:23:55","guid":{"rendered":"https:\/\/test636937616.wordpress.com\/?page_id=2459"},"modified":"2023-07-22T15:13:06","modified_gmt":"2023-07-22T13:13:06","slug":"impressum","status":"publish","type":"page","link":"https:\/\/insahaertel.de\/index.php\/impressum\/","title":{"rendered":"Impressum"},"content":{"rendered":"\n<div class=\"wp-block-cover alignwide is-light\" style=\"min-height:107px;aspect-ratio:unset;\"><span aria-hidden=\"true\" class=\"wp-block-cover__background has-white-background-color has-background-dim-10 has-background-dim\"><\/span><img decoding=\"async\" width=\"2560\" height=\"820\" class=\"wp-block-cover__image-background wp-image-7233 lazyload\" alt=\"\" data-src=\"https:\/\/insahaertel.de\/wp-content\/uploads\/2022\/10\/cover-impressum-insa-haertel-scaled.jpg\" style=\"--smush-placeholder-width: 2560px; --smush-placeholder-aspect-ratio: 2560\/820;object-position:0% 88%\" data-object-fit=\"cover\" data-object-position=\"0% 88%\" data-srcset=\"https:\/\/insahaertel.de\/wp-content\/uploads\/2022\/10\/cover-impressum-insa-haertel-scaled.jpg 2560w, https:\/\/insahaertel.de\/wp-content\/uploads\/2022\/10\/cover-impressum-insa-haertel-scaled-300x96.jpg 300w, https:\/\/insahaertel.de\/wp-content\/uploads\/2022\/10\/cover-impressum-insa-haertel-scaled-1024x328.jpg 1024w, https:\/\/insahaertel.de\/wp-content\/uploads\/2022\/10\/cover-impressum-insa-haertel-scaled-768x246.jpg 768w, https:\/\/insahaertel.de\/wp-content\/uploads\/2022\/10\/cover-impressum-insa-haertel-scaled-1536x492.jpg 1536w, https:\/\/insahaertel.de\/wp-content\/uploads\/2022\/10\/cover-impressum-insa-haertel-scaled-2048x656.jpg 2048w\" data-sizes=\"(max-width: 2560px) 100vw, 2560px\" src=\"data:image\/svg+xml;base64,PHN2ZyB3aWR0aD0iMSIgaGVpZ2h0PSIxIiB4bWxucz0iaHR0cDovL3d3dy53My5vcmcvMjAwMC9zdmciPjwvc3ZnPg==\" \/><div class=\"wp-block-cover__inner-container is-layout-flow wp-block-cover-is-layout-flow\">\n<h2 class=\"wp-block-heading speziell-H2 has-text-color\" style=\"color:#a7091e;font-size:35px;font-style:normal;font-weight:500;letter-spacing:3px;text-transform:uppercase\">IMPRESSUM<\/h2>\n<\/div><\/div>\n\n\n\n<p class=\"has-white-color has-text-color\" style=\"font-size:1px\">Impressum Website Insa H\u00e4rtel<\/p>\n\n\n\n<p>Information gem\u00e4\u00df \u00a7 5 Absatz 1 des Telemediengesetztes (TMG)<\/p>\n\n\n\n<p>Verantwortlich f\u00fcr den Inhalt: Prof. Dr. Insa H\u00e4rtel<\/p>\n\n\n\n<h3 class=\"wp-block-heading\"><strong>Kontakt:<\/strong><\/h3>\n\n\n\n<h3 class=\"wp-block-heading\" style=\"font-style:normal;font-weight:900\"><a href=\"https:\/\/insahaertel.de\/index.php\/kulturwissenschaft\/\" target=\"_blank\" rel=\"noreferrer noopener\">1) Kulturwissenschaft<\/a><\/h3>\n\n\n\n<p>I. H\u00e4rtel, aktuell Permanent Senior Research Fellow, <a href=\"https:\/\/kunstuni-linz.at\/Kulturwissenschaft.1401.0.html\" target=\"_blank\" rel=\"noreferrer noopener\">Kunstuniversit\u00e4t Linz, Abteilung Kulturwissenschaft<\/a>, Email: insa.haertel@kunstuni-linz.at; Tel.: 01786700117<br><\/p>\n\n\n\n<h3 class=\"wp-block-heading\" style=\"font-style:normal;font-weight:900\"><a href=\"https:\/\/insahaertel.de\/index.php\/praxis-hamburg-und-norderstedt\/\" target=\"_blank\" rel=\"noreferrer noopener\">2) Psychotherapeutische Praxis f\u00fcr Kinder und Jugendliche in Hamburg (BAG) und in Norderstedt<\/a><\/h3>\n\n\n\n<p>I. H\u00e4rtel, Sitz der Praxis <strong>Hamburg <\/strong>(Berufsaus\u00fcbungsgemeinschaft): Feldstr. 60, 20357 Hamburg; Email: praxis.haertel@gmx.de \/ Sitz der Praxis <strong>Norderstedt<\/strong>: Wiesenstr. 34, 22850 Norderstedt; Email: praxis@insahaertel.de &#8211; Tel.: 0178 6700 117.<br><strong>Zust\u00e4ndige Aufsichtsbeh\u00f6rden<\/strong>: Senat der Freien und Hansestadt Hamburg, Beh\u00f6rde f\u00fcr Gesundheit und Verbraucherschutz, Amt f\u00fcr Gesundheit, Landespr\u00fcfungsamt f\u00fcr Heilberufe, Billstra\u00dfe 80, 20539 Hamburg, Tel.: (040) 428 37-0 \/ Ministerium f\u00fcr Soziales, Gesundheit, Jugend, Familie und Senioren des Landes Schleswig-Holstein, Adolf-Westphal Stra\u00dfe 4, 24143 Kiel: (0431) 9880<br><strong>Zust\u00e4ndige Psychotherapeutenkammern<\/strong>:<a href=\"https:\/\/ptk-hamburg.de\/\" target=\"_blank\" rel=\"noreferrer noopener\"> Hamburgische Kammer der Psychologischen Psychotherapeut\/innen und Kinder- und Jugendlichenpsychotherapeut\/innen<\/a>, K\u00f6rperschaft des \u00f6ffentlichen Rechts; Hallerstra\u00dfe 61, 20146 Hamburg, Tel.: 040\/226 226-060 \/ <a href=\"https:\/\/www.pksh.de\/\" target=\"_blank\" rel=\"noreferrer noopener\">Psychotherapeutenkammer Schleswig-Holstein<\/a>, Alter Markt 1-2, Jacobsen Haus, 24103 Kiel, Tel: 0431\/661 1990<br>Die <strong>Approbation<\/strong> wurde mir verliehen durch die Freie und Hansestadt Hamburg, Beh\u00f6rde f\u00fcr Gesundheit und Verbraucherschutz,<a href=\"https:\/\/www.hamburg.de\/landespruefungsamt\/\" target=\"_blank\" rel=\"noreferrer noopener\"> Landespr\u00fcfungsamt f\u00fcr Heilberufe<\/a>. Die Approbation berechtigt zur Aus\u00fcbung der heilkundlichen Psychotherapie im Sinne des \u00a71 des Psychotherapeutengesetzes.<br><strong>Berufsrechtliche Regelungen<\/strong>:<br>&#8211; Berufsordnung der Psychotherapeutenkammer Hamburg (<a href=\"https:\/\/ptk-hamburg.de\/wp-content\/uploads\/2023\/02\/Berufsordnung_2021-09-16.pdf\" target=\"_blank\" rel=\"noreferrer noopener\">https:\/\/ptk-hamburg.de\/wp-content\/uploads\/2023\/02\/Berufsordnung_2021-09-16.pdf<\/a>)<br>Berufsordnung der Psychotherapeutenkammer Schleswig Holstein (<a href=\"https:\/\/www.pksh.de\/sites\/default\/files\/2016-12\/BO_Lesefassung_20150320.pdf\" target=\"_blank\" rel=\"noreferrer noopener\">https:\/\/www.pksh.de\/sites\/default\/files\/2016-12\/BO_Lesefassung_20150320.pdf<\/a>)<br>&#8211; PsychThG, Gesetz \u00fcber den Beruf der Psychotherapeutin und des Psychotherapeuten (<a href=\"http:\/\/www.gesetze-im-internet.de\/\" target=\"_blank\" rel=\"noreferrer noopener\">http:\/\/www.gesetze-im-internet.de\/<\/a>)<br>&#8211; Weitere berufsrechtliche Informationen unter: Psychotherapeutenkammer Hamburg (<a href=\"http:\/\/www.ptk-hamburg.de\" target=\"_blank\" rel=\"noreferrer noopener\">http:\/\/www.ptk-hamburg.de<\/a>); Kassen\u00e4rztliche Vereinigung Hamburg (<a href=\"http:\/\/www.kvhh.net\/kvhh\" target=\"_blank\" rel=\"noreferrer noopener\">http:\/\/www.kvhh.net\/kvhh<\/a>); Psychotherapeutenkammer Schleswig-Holstein (<a href=\"https:\/\/www.pksh.de\/\" target=\"_blank\" rel=\"noreferrer noopener\">https:\/\/www.pksh.de\/<\/a>); Kassen\u00e4rztliche Vereinigung Schleswig-Holstein (<a href=\"https:\/\/www.kvsh.de\/\" target=\"_blank\" rel=\"noreferrer noopener\">https:\/\/www.kvsh.de\/<\/a>)<\/p>\n\n\n\n<h3 class=\"wp-block-heading\"><strong>Haftungshinweise<\/strong>:<\/h3>\n\n\n\n<p>Die Angaben auf dieser Website dienen ausschlie\u00dflich der allgemeinen Information. Die Inhalte werden regelm\u00e4\u00dfig \u00fcberpr\u00fcft und aktualisiert. Ich \u00fcbernehme jedoch keine Gew\u00e4hr f\u00fcr Vollst\u00e4ndigkeit, Richtigkeit und Aktualit\u00e4t.<br>Ich \u00fcbernehme keine Haftung f\u00fcr die Inhalte externer Links. F\u00fcr diese sind ausschlie\u00dflich deren Betreiber\/innen verantwortlich. Bei Bekanntwerden von Rechtsverletzungen werde ich entsprechende Links entfernen. Ich \u00fcbernehme keine Verantwortung f\u00fcr die unwissentlich durchgef\u00fchrte Verlinkung dieser Website durch Dritte.<\/p>\n\n\n\n<h3 class=\"wp-block-heading\"><strong>Datenschutz:<\/strong><\/h3>\n\n\n\n<p>Die Nutzung dieser Website ist ohne die Angabe personenbezogener Daten m\u00f6glich. Soweit personenbezogene Daten z.B. durch die Nutzung eines Kontaktformulars o.\u00c4. erhoben werden, geschieht dies durch die Nutzer\/innen auf freiwilliger Basis. Die Daten werden ohne ausdr\u00fcckliche Zustimmung nicht an Dritte weitergegeben.<br>Ich weise darauf hin, dass die Daten\u00fcbertragung im Internet Sicherheitsl\u00fccken aufweisen kann. Ein l\u00fcckenloser Schutz der Daten vor dem Zugriff durch Dritte ist nicht m\u00f6glich<\/p>\n\n\n\n<p>Der Nutzung von im Rahmen der Impressumspflicht ver\u00f6ffentlichten Kontaktdaten durch Dritte zur \u00dcbersendung von nicht ausdr\u00fccklich angeforderter Werbung und Informationsmaterialien wird hiermit ausdr\u00fccklich widersprochen. Die Betreiberin der Seiten beh\u00e4lt sich im Falle der unverlangten Zusendung von Werbeinformationen, etwa durch Spam-Mails, rechtliche Schritte vor.<\/p>\n\n\n\n<h3 class=\"wp-block-heading\"><strong>Urheberrecht<\/strong>:<\/h3>\n\n\n\n<p>Die durch die Seitenbetreiberin erstellten Inhalte und Werke auf diesen Seiten unterliegen dem deutschen Urheberrecht. Die Vervielf\u00e4ltigung, Bearbeitung, Verbreitung und jede Art der Verwertung au\u00dferhalb der Grenzen des Urheberrechtes bed\u00fcrfen der schriftlichen Zustimmung des\/der jeweiligen Autors\/-in bzw. Erstellers\/-in. Downloads und Kopien dieser Seite sind nur f\u00fcr den privaten, nicht kommerziellen Gebrauch gestattet. Soweit die Inhalte auf dieser Seite nicht vom Betreiber erstellt wurden, werden die Urheberrechte Dritter beachtet. Insbesondere werden Inhalte Dritter als solche gekennzeichnet. Sollten Sie trotzdem auf eine Urheberrechtsverletzung aufmerksam werden, bitte ich um einen entsprechenden Hinweis. Bei Bekanntwerden von Rechtsverletzungen werde ich derartige Inhalte entfernen.<\/p>\n\n\n\n<h6 class=\"wp-block-heading has-text-color has-small-font-size\" style=\"color:#b5182d\"><a href=\"https:\/\/insahaertel.de\/\">Startseite<\/a><\/h6>\n","protected":false},"excerpt":{"rendered":"<p>Impressum Website Insa H\u00e4rtel Information gem\u00e4\u00df \u00a7 5 Absatz 1 des Telemediengesetztes (TMG) Verantwortlich f\u00fcr den Inhalt: Prof. Dr. Insa H\u00e4rtel Kontakt: 1) Kulturwissenschaft I. H\u00e4rtel, aktuell Permanent Senior Research Fellow, Kunstuniversit\u00e4t Linz, Abteilung Kulturwissenschaft, Email: insa.haertel@kunstuni-linz.at; Tel.: 01786700117 2) Psychotherapeutische Praxis f\u00fcr Kinder und Jugendliche in Hamburg (BAG) und in Norderstedt I. H\u00e4rtel, Sitz [&hellip;]<\/p>\n","protected":false},"author":1,"featured_media":0,"parent":0,"menu_order":0,"comment_status":"closed","ping_status":"closed","template":"fullwidth-page.php","meta":{"footnotes":""},"tags":[],"class_list":["post-2459","page","type-page","status-publish","hentry"],"yoast_head":"<!-- This site is optimized with the Yoast SEO plugin v27.4 - https:\/\/yoast.com\/product\/yoast-seo-wordpress\/ -->\n<title>Impressum &#8211; Insa H\u00e4rtel<\/title>\n<meta name=\"description\" content=\"Impressum der Website von Prof. Dr. Insa H\u00e4rtel, Kulturwissenschaftlerin und Kinder- und Jugendlichenpsychotherapeutin\" \/>\n<meta name=\"robots\" content=\"index, follow, max-snippet:-1, max-image-preview:large, max-video-preview:-1\" \/>\n<link rel=\"canonical\" href=\"https:\/\/insahaertel.de\/index.php\/impressum\/\" \/>\n<meta property=\"og:locale\" content=\"de_DE\" \/>\n<meta property=\"og:type\" content=\"article\" \/>\n<meta property=\"og:title\" content=\"Impressum &#8211; Insa H\u00e4rtel\" \/>\n<meta property=\"og:description\" content=\"Impressum der Website von Prof. Dr. Insa H\u00e4rtel, Kulturwissenschaftlerin und Kinder- und Jugendlichenpsychotherapeutin\" \/>\n<meta property=\"og:url\" content=\"https:\/\/insahaertel.de\/index.php\/impressum\/\" \/>\n<meta property=\"og:site_name\" content=\"Insa H\u00e4rtel\" \/>\n<meta property=\"article:modified_time\" content=\"2023-07-22T13:13:06+00:00\" \/>\n<meta property=\"og:image\" content=\"https:\/\/insahaertel.de\/wp-content\/uploads\/2022\/10\/cover-impressum-insa-haertel-scaled.jpg\" \/>\n<meta name=\"twitter:card\" content=\"summary_large_image\" \/>\n<meta name=\"twitter:label1\" content=\"Gesch\u00e4tzte Lesezeit\" \/>\n\t<meta name=\"twitter:data1\" content=\"4\u00a0Minuten\" \/>\n<script type=\"application\/ld+json\" class=\"yoast-schema-graph\">{\"@context\":\"https:\\\/\\\/schema.org\",\"@graph\":[{\"@type\":\"WebPage\",\"@id\":\"https:\\\/\\\/insahaertel.de\\\/index.php\\\/impressum\\\/\",\"url\":\"https:\\\/\\\/insahaertel.de\\\/index.php\\\/impressum\\\/\",\"name\":\"Impressum &#8211; Insa H\u00e4rtel\",\"isPartOf\":{\"@id\":\"https:\\\/\\\/insahaertel.de\\\/#website\"},\"primaryImageOfPage\":{\"@id\":\"https:\\\/\\\/insahaertel.de\\\/index.php\\\/impressum\\\/#primaryimage\"},\"image\":{\"@id\":\"https:\\\/\\\/insahaertel.de\\\/index.php\\\/impressum\\\/#primaryimage\"},\"thumbnailUrl\":\"https:\\\/\\\/insahaertel.de\\\/wp-content\\\/uploads\\\/2022\\\/10\\\/cover-impressum-insa-haertel-scaled.jpg\",\"datePublished\":\"2022-09-09T10:23:55+00:00\",\"dateModified\":\"2023-07-22T13:13:06+00:00\",\"description\":\"Impressum der Website von Prof. Dr. Insa H\u00e4rtel, Kulturwissenschaftlerin und Kinder- und Jugendlichenpsychotherapeutin\",\"breadcrumb\":{\"@id\":\"https:\\\/\\\/insahaertel.de\\\/index.php\\\/impressum\\\/#breadcrumb\"},\"inLanguage\":\"de\",\"potentialAction\":[{\"@type\":\"ReadAction\",\"target\":[\"https:\\\/\\\/insahaertel.de\\\/index.php\\\/impressum\\\/\"]}]},{\"@type\":\"ImageObject\",\"inLanguage\":\"de\",\"@id\":\"https:\\\/\\\/insahaertel.de\\\/index.php\\\/impressum\\\/#primaryimage\",\"url\":\"https:\\\/\\\/insahaertel.de\\\/wp-content\\\/uploads\\\/2022\\\/10\\\/cover-impressum-insa-haertel-scaled.jpg\",\"contentUrl\":\"https:\\\/\\\/insahaertel.de\\\/wp-content\\\/uploads\\\/2022\\\/10\\\/cover-impressum-insa-haertel-scaled.jpg\",\"width\":2560,\"height\":820,\"caption\":\"Cover Impressum Website Insa H\u00e4rtel\"},{\"@type\":\"BreadcrumbList\",\"@id\":\"https:\\\/\\\/insahaertel.de\\\/index.php\\\/impressum\\\/#breadcrumb\",\"itemListElement\":[{\"@type\":\"ListItem\",\"position\":1,\"name\":\"Startseite\",\"item\":\"https:\\\/\\\/insahaertel.de\\\/\"},{\"@type\":\"ListItem\",\"position\":2,\"name\":\"Impressum\"}]},{\"@type\":\"WebSite\",\"@id\":\"https:\\\/\\\/insahaertel.de\\\/#website\",\"url\":\"https:\\\/\\\/insahaertel.de\\\/\",\"name\":\"Insa H\u00e4rtel\",\"description\":\"Kulturwissenschaft, Kinder- und Jugendlichenpsychotherapie\",\"publisher\":{\"@id\":\"https:\\\/\\\/insahaertel.de\\\/#\\\/schema\\\/person\\\/487f7a0df0cef941b2257eba433a46bd\"},\"potentialAction\":[{\"@type\":\"SearchAction\",\"target\":{\"@type\":\"EntryPoint\",\"urlTemplate\":\"https:\\\/\\\/insahaertel.de\\\/?s={search_term_string}\"},\"query-input\":{\"@type\":\"PropertyValueSpecification\",\"valueRequired\":true,\"valueName\":\"search_term_string\"}}],\"inLanguage\":\"de\"},{\"@type\":[\"Person\",\"Organization\"],\"@id\":\"https:\\\/\\\/insahaertel.de\\\/#\\\/schema\\\/person\\\/487f7a0df0cef941b2257eba433a46bd\",\"name\":\"Insa H\u00e4rtel\",\"image\":{\"@type\":\"ImageObject\",\"inLanguage\":\"de\",\"@id\":\"https:\\\/\\\/insahaertel.de\\\/wp-content\\\/uploads\\\/2022\\\/09\\\/tab-icon-insa-haertel.jpg\",\"url\":\"https:\\\/\\\/insahaertel.de\\\/wp-content\\\/uploads\\\/2022\\\/09\\\/tab-icon-insa-haertel.jpg\",\"contentUrl\":\"https:\\\/\\\/insahaertel.de\\\/wp-content\\\/uploads\\\/2022\\\/09\\\/tab-icon-insa-haertel.jpg\",\"width\":512,\"height\":512,\"caption\":\"Insa H\u00e4rtel\"},\"logo\":{\"@id\":\"https:\\\/\\\/insahaertel.de\\\/wp-content\\\/uploads\\\/2022\\\/09\\\/tab-icon-insa-haertel.jpg\"},\"sameAs\":[\"https:\\\/\\\/insahaertel.de\"]}]}<\/script>\n<!-- \/ Yoast SEO plugin. -->","yoast_head_json":{"title":"Impressum &#8211; Insa H\u00e4rtel","description":"Impressum der Website von Prof. Dr. Insa H\u00e4rtel, Kulturwissenschaftlerin und Kinder- und Jugendlichenpsychotherapeutin","robots":{"index":"index","follow":"follow","max-snippet":"max-snippet:-1","max-image-preview":"max-image-preview:large","max-video-preview":"max-video-preview:-1"},"canonical":"https:\/\/insahaertel.de\/index.php\/impressum\/","og_locale":"de_DE","og_type":"article","og_title":"Impressum &#8211; Insa H\u00e4rtel","og_description":"Impressum der Website von Prof. Dr. Insa H\u00e4rtel, Kulturwissenschaftlerin und Kinder- und Jugendlichenpsychotherapeutin","og_url":"https:\/\/insahaertel.de\/index.php\/impressum\/","og_site_name":"Insa H\u00e4rtel","article_modified_time":"2023-07-22T13:13:06+00:00","og_image":[{"url":"https:\/\/insahaertel.de\/wp-content\/uploads\/2022\/10\/cover-impressum-insa-haertel-scaled.jpg","type":"","width":"","height":""}],"twitter_card":"summary_large_image","twitter_misc":{"Gesch\u00e4tzte Lesezeit":"4\u00a0Minuten"},"schema":{"@context":"https:\/\/schema.org","@graph":[{"@type":"WebPage","@id":"https:\/\/insahaertel.de\/index.php\/impressum\/","url":"https:\/\/insahaertel.de\/index.php\/impressum\/","name":"Impressum &#8211; Insa H\u00e4rtel","isPartOf":{"@id":"https:\/\/insahaertel.de\/#website"},"primaryImageOfPage":{"@id":"https:\/\/insahaertel.de\/index.php\/impressum\/#primaryimage"},"image":{"@id":"https:\/\/insahaertel.de\/index.php\/impressum\/#primaryimage"},"thumbnailUrl":"https:\/\/insahaertel.de\/wp-content\/uploads\/2022\/10\/cover-impressum-insa-haertel-scaled.jpg","datePublished":"2022-09-09T10:23:55+00:00","dateModified":"2023-07-22T13:13:06+00:00","description":"Impressum der Website von Prof. Dr. Insa H\u00e4rtel, Kulturwissenschaftlerin und Kinder- und Jugendlichenpsychotherapeutin","breadcrumb":{"@id":"https:\/\/insahaertel.de\/index.php\/impressum\/#breadcrumb"},"inLanguage":"de","potentialAction":[{"@type":"ReadAction","target":["https:\/\/insahaertel.de\/index.php\/impressum\/"]}]},{"@type":"ImageObject","inLanguage":"de","@id":"https:\/\/insahaertel.de\/index.php\/impressum\/#primaryimage","url":"https:\/\/insahaertel.de\/wp-content\/uploads\/2022\/10\/cover-impressum-insa-haertel-scaled.jpg","contentUrl":"https:\/\/insahaertel.de\/wp-content\/uploads\/2022\/10\/cover-impressum-insa-haertel-scaled.jpg","width":2560,"height":820,"caption":"Cover Impressum Website Insa H\u00e4rtel"},{"@type":"BreadcrumbList","@id":"https:\/\/insahaertel.de\/index.php\/impressum\/#breadcrumb","itemListElement":[{"@type":"ListItem","position":1,"name":"Startseite","item":"https:\/\/insahaertel.de\/"},{"@type":"ListItem","position":2,"name":"Impressum"}]},{"@type":"WebSite","@id":"https:\/\/insahaertel.de\/#website","url":"https:\/\/insahaertel.de\/","name":"Insa H\u00e4rtel","description":"Kulturwissenschaft, Kinder- und Jugendlichenpsychotherapie","publisher":{"@id":"https:\/\/insahaertel.de\/#\/schema\/person\/487f7a0df0cef941b2257eba433a46bd"},"potentialAction":[{"@type":"SearchAction","target":{"@type":"EntryPoint","urlTemplate":"https:\/\/insahaertel.de\/?s={search_term_string}"},"query-input":{"@type":"PropertyValueSpecification","valueRequired":true,"valueName":"search_term_string"}}],"inLanguage":"de"},{"@type":["Person","Organization"],"@id":"https:\/\/insahaertel.de\/#\/schema\/person\/487f7a0df0cef941b2257eba433a46bd","name":"Insa H\u00e4rtel","image":{"@type":"ImageObject","inLanguage":"de","@id":"https:\/\/insahaertel.de\/wp-content\/uploads\/2022\/09\/tab-icon-insa-haertel.jpg","url":"https:\/\/insahaertel.de\/wp-content\/uploads\/2022\/09\/tab-icon-insa-haertel.jpg","contentUrl":"https:\/\/insahaertel.de\/wp-content\/uploads\/2022\/09\/tab-icon-insa-haertel.jpg","width":512,"height":512,"caption":"Insa H\u00e4rtel"},"logo":{"@id":"https:\/\/insahaertel.de\/wp-content\/uploads\/2022\/09\/tab-icon-insa-haertel.jpg"},"sameAs":["https:\/\/insahaertel.de"]}]}},"jetpack_sharing_enabled":true,"_links":{"self":[{"href":"https:\/\/insahaertel.de\/index.php\/wp-json\/wp\/v2\/pages\/2459","targetHints":{"allow":["GET"]}}],"collection":[{"href":"https:\/\/insahaertel.de\/index.php\/wp-json\/wp\/v2\/pages"}],"about":[{"href":"https:\/\/insahaertel.de\/index.php\/wp-json\/wp\/v2\/types\/page"}],"author":[{"embeddable":true,"href":"https:\/\/insahaertel.de\/index.php\/wp-json\/wp\/v2\/users\/1"}],"replies":[{"embeddable":true,"href":"https:\/\/insahaertel.de\/index.php\/wp-json\/wp\/v2\/comments?post=2459"}],"version-history":[{"count":87,"href":"https:\/\/insahaertel.de\/index.php\/wp-json\/wp\/v2\/pages\/2459\/revisions"}],"predecessor-version":[{"id":7893,"href":"https:\/\/insahaertel.de\/index.php\/wp-json\/wp\/v2\/pages\/2459\/revisions\/7893"}],"wp:attachment":[{"href":"https:\/\/insahaertel.de\/index.php\/wp-json\/wp\/v2\/media?parent=2459"}],"wp:term":[{"taxonomy":"post_tag","embeddable":true,"href":"https:\/\/insahaertel.de\/index.php\/wp-json\/wp\/v2\/tags?post=2459"}],"curies":[{"name":"wp","href":"https:\/\/api.w.org\/{rel}","templated":true}]}}