{"id":39,"date":"2022-03-28T20:49:14","date_gmt":"2022-03-28T18:49:14","guid":{"rendered":"https:\/\/test636937616.wordpress.com\/?page_id=39"},"modified":"2026-04-28T07:12:17","modified_gmt":"2026-04-28T05:12:17","slug":"kulturwissenschaft","status":"publish","type":"page","link":"https:\/\/insahaertel.de\/index.php\/kulturwissenschaft\/","title":{"rendered":"Kulturwissenschaft"},"content":{"rendered":"\n<div class=\"wp-block-cover is-light\" style=\"min-height:95px;aspect-ratio:unset;\"><img decoding=\"async\" class=\"wp-block-cover__image-background wp-image-2348 lazyload\" alt=\"Cover der Seite &quot;Kulturwissenschaft&quot;, Insa H\u00e4rtel\" data-src=\"https:\/\/test636937616.files.wordpress.com\/2022\/05\/eier-1.jpg\" style=\"object-position:2% 77%\" data-object-fit=\"cover\" data-object-position=\"2% 77%\" src=\"data:image\/svg+xml;base64,PHN2ZyB3aWR0aD0iMSIgaGVpZ2h0PSIxIiB4bWxucz0iaHR0cDovL3d3dy53My5vcmcvMjAwMC9zdmciPjwvc3ZnPg==\" \/><span aria-hidden=\"true\" class=\"wp-block-cover__background has-background-dim-0 has-background-dim\" style=\"background-color:#f2f2f2\"><\/span><div class=\"wp-block-cover__inner-container is-layout-flow wp-block-cover-is-layout-flow\">\n<h2 class=\"wp-block-heading speziell-H2 has-text-color\" style=\"color:#a7091e;font-size:35px;font-style:normal;font-weight:500;letter-spacing:3px\">KULTURWISSENSCHAFT<\/h2>\n<\/div><\/div>\n\n\n\n<p class=\"has-white-color has-text-color has-small-font-size\">mmmmmmmmmmmmmmmmmmmmm<\/p>\n\n\n\n<h2 class=\"wp-block-heading has-text-align-right speziell-H2-KuWi has-text-color\" style=\"color:#a7091e;font-size:30px;font-style:normal;font-weight:500;letter-spacing:3px\">DOPPELTER BLICK<\/h2>\n\n\n\n<div class=\"wp-block-columns is-layout-flex wp-container-core-columns-is-layout-9d6595d7 wp-block-columns-is-layout-flex\">\n<div class=\"wp-block-column is-layout-flow wp-block-column-is-layout-flow\">\n<p class=\"has-text-align-left has-text-color\" style=\"color:#605252e0;line-height:1.7;font-size:23px;font-style:italic;text-align:right;margin-right:10px;margin-left:70px;margin-bottom:10px;\">\u00bbDie Psychoanalyse wird als Wissenschaft nicht durch den Stoff, den sie behandelt, <br> sondern durch die Technik, mit der sie arbeitet, charakterisiert.\u00ab (S. Freud)<\/p>\n<\/div>\n<\/div>\n\n\n\n<div class=\"wp-block-columns is-layout-flex wp-container-core-columns-is-layout-9d6595d7 wp-block-columns-is-layout-flex\">\n<div class=\"wp-block-column is-layout-flow wp-block-column-is-layout-flow\" style=\"flex-basis:75%\">\n<p class=\"has-text-color has-link-color wp-elements-d5920118dfd22404cf84ffe163361c7a\" style=\"color:#605252e0\">Von Anfang an sind kulturelle Ph\u00e4nomene und Prozesse Untersuchungsgegenstand der Psychoanalyse, nicht allein die psychische Verfasstheit von Subjekten. Psychoanalytische Herangehensweisen sind konstitutiv f\u00fcr die Kulturwissenschaften. Umgekehrt bringen diese sie zum Rotieren, hinterfragen und ver\u00e4ndern sie.<br>Doppelte Blicke dieser Art erm\u00f6glichen einen produktiven Zugang zu kulturellen Dynamiken &#8211; zum Beispiel im Umgang mit dem Sexuellen.<\/p>\n\n\n\n<div class=\"wp-block-columns is-layout-flex wp-container-core-columns-is-layout-9d6595d7 wp-block-columns-is-layout-flex\">\n<div class=\"wp-block-column is-layout-flow wp-block-column-is-layout-flow\"><\/div>\n<\/div>\n<\/div>\n\n\n\n<div class=\"wp-block-column is-layout-flow wp-block-column-is-layout-flow\" style=\"flex-basis:25%\">\n<figure class=\"wp-block-image size-full is-resized\"><img decoding=\"async\" width=\"301\" height=\"368\" data-src=\"https:\/\/insahaertel.de\/wp-content\/uploads\/2022\/10\/Logo-1.jpg\" alt=\"Kulturwissenschaft\" class=\"wp-image-7107 lazyload\" style=\"--smush-placeholder-width: 301px; --smush-placeholder-aspect-ratio: 301\/368;width:192px;height:auto\" data-srcset=\"https:\/\/insahaertel.de\/wp-content\/uploads\/2022\/10\/Logo-1.jpg 301w, https:\/\/insahaertel.de\/wp-content\/uploads\/2022\/10\/Logo-1-245x300.jpg 245w\" data-sizes=\"(max-width: 301px) 100vw, 301px\" src=\"data:image\/svg+xml;base64,PHN2ZyB3aWR0aD0iMSIgaGVpZ2h0PSIxIiB4bWxucz0iaHR0cDovL3d3dy53My5vcmcvMjAwMC9zdmciPjwvc3ZnPg==\" \/><\/figure>\n<\/div>\n<\/div>\n\n\n\n<div class=\"wp-block-columns is-not-stacked-on-mobile is-layout-flex wp-container-core-columns-is-layout-9d6595d7 wp-block-columns-is-layout-flex\">\n<div class=\"wp-block-column is-layout-flow wp-block-column-is-layout-flow\">\n<h2 class=\"wp-block-heading has-text-align-left speziell-KuWi-Ueberschrift has-text-color\" style=\"color:#a7091e;font-style:normal;font-weight:500;letter-spacing:3px;line-height:1.5\">SCHWERPUNKTE<\/h2>\n\n\n\n<div class=\"wp-block-columns is-layout-flex wp-container-core-columns-is-layout-9d6595d7 wp-block-columns-is-layout-flex\">\n<div class=\"wp-block-column is-layout-flow wp-block-column-is-layout-flow\">\n<p class=\"speziell-KuWi-Ueberschrift has-text-color\" style=\"color:#605252e0;font-style:normal;font-weight:500;letter-spacing:1px;line-height:0\">Sexualit\u00e4ts- und Geschlechterforschung <\/p>\n\n\n\n<p class=\"speziell-Texte-seitenuebergreifend has-text-color\" style=\"color:#605252e0\">In diesem Rahmen befasse ich mich mit <a href=\"#aktuelles-projekt\"><em>\u00c4sthetiken des Sexuellen<\/em> <\/a>(aktuelles Buchprojekt, erscheint 2026) oder forsche zu sexueller Differenz. Einige Themen: Kulturelle Bilder und Diskurse kindlicher Sexualit\u00e4t, Erogene Gefahrenzonen, Filmische Impotenz.<\/p>\n<\/div>\n\n\n\n<div class=\"wp-block-column is-layout-flow wp-block-column-is-layout-flow\">\n<p class=\"has-text-align-right speziell-KuWi-Ueberschrift2 has-text-color\" style=\"color:#605252e0;font-style:normal;font-weight:500;letter-spacing:1px;line-height:0\">Psychoanalytische Kulturforschung<\/p>\n\n\n\n<p class=\"has-text-align-right speziell-Texte-seitenuebergreifend has-text-color\" style=\"color:#605252e0\"> Hier geht es um Kunst- und Kulturtheorie in ihrer Verschr\u00e4nkung mit psychoanalytischen Ans\u00e4tzen. Zum Beispiel habe ich einen Band<a href=\"http:\/\/www.textem.de\/haertel-reibung-reizung.html\"> <\/a><em><a href=\"http:\/\/www.textem.de\/haertel-reibung-reizung.html\" target=\"_blank\" rel=\"noreferrer noopener\">Reibung und Reizung. Psychoanalyse, Kultur und deren Wissenschaf<\/a><\/em><a href=\"http:\/\/www.textem.de\/haertel-reibung-reizung.html\"><em>t<\/em><\/a> herausgegeben (Hamburg 2021).<\/p>\n<\/div>\n<\/div>\n\n\n\n<div class=\"wp-block-columns is-layout-flex wp-container-core-columns-is-layout-9d6595d7 wp-block-columns-is-layout-flex\">\n<div class=\"wp-block-column is-layout-flow wp-block-column-is-layout-flow\">\n<h2 class=\"wp-block-heading has-text-align-right speziell-KuWi-Ueberschrift2 has-text-color\" style=\"color:#a7091e;font-style:normal;font-weight:500;letter-spacing:3px\">KOOPERATIONEN | KONTAKT<\/h2>\n\n\n\n<div class=\"wp-block-columns is-not-stacked-on-mobile speziell-SpaltenundTexthoehe is-layout-flex wp-container-core-columns-is-layout-9d6595d7 wp-block-columns-is-layout-flex\">\n<div class=\"wp-block-column is-layout-flow wp-block-column-is-layout-flow\" style=\"flex-basis:20%\">\n<p class=\"speziell-KuWi-Ueberschrift has-text-color\" style=\"color:#605252e0;font-style:normal;font-weight:500\">Kontakt<\/p>\n<\/div>\n\n\n\n<div class=\"wp-block-column is-layout-flow wp-block-column-is-layout-flow\" style=\"flex-basis:66.66%\">\n<p class=\"has-text-color\" style=\"color:#605252e0\">Insa H\u00e4rtel, Prof. Dr. phil. habil., Permanent Senior Research Fellow, <a href=\"https:\/\/kunstuni-linz.at\/Kulturwissenschaft.1401.0.html\" target=\"_blank\" rel=\"noreferrer noopener\">Kunstuniversit\u00e4t Linz, Abteilung Kulturwissenschaft \/ Institut f\u00fcr Bildende Kunst und Kulturwissenschaften<\/a>, <a href=\"mailto:insa.haertel@kunstuni-linz.at\" target=\"_blank\" rel=\"noreferrer noopener\">insa.haertel[at]kunstuni-linz.at<\/a><\/p>\n<\/div>\n<\/div>\n\n\n\n<div class=\"wp-block-columns is-not-stacked-on-mobile speziell-SpaltenundTexthoehe is-layout-flex wp-container-core-columns-is-layout-9d6595d7 wp-block-columns-is-layout-flex\">\n<div class=\"wp-block-column is-layout-flow wp-block-column-is-layout-flow\" style=\"flex-basis:20%\">\n<p class=\"speziell-KuWi-Ueberschrift has-text-color\" style=\"color:#605252e0;font-style:normal;font-weight:500\">Journals<\/p>\n<\/div>\n\n\n\n<div class=\"wp-block-column is-layout-flow wp-block-column-is-layout-flow\" style=\"flex-basis:66.66%\">\n<p class=\"has-text-color\" style=\"color:#605252e0\">\u2027 Redaktionsmitglied: <em><a href=\"https:\/\/riss-psychoanalyse.de\/\" target=\"_blank\" rel=\"noreferrer noopener\">Riss. Zeitschrift f\u00fcr Psychoanalyse<\/a><\/em> (OpenAccess)<br>\u2027 Mitglied im wissenschaftlichen Beirat von: <em><a href=\"https:\/\/www.passagen.at\/serien\/abo-texte\/\" target=\"_blank\" rel=\"noreferrer noopener\">texte. psychoanalyse. \u00e4sthetik. kulturkritik<\/a><\/em>. Passagen-Verlag, Wien.<\/p>\n<\/div>\n<\/div>\n\n\n\n<div class=\"wp-block-columns is-not-stacked-on-mobile speziell-SpaltenundTexthoehe is-layout-flex wp-container-core-columns-is-layout-9d6595d7 wp-block-columns-is-layout-flex\">\n<div class=\"wp-block-column is-layout-flow wp-block-column-is-layout-flow\" style=\"flex-basis:20%\">\n<p class=\"speziell-KuWi-Ueberschrift has-text-color\" style=\"color:#605252e0;font-style:normal;font-weight:500\">Mitgliedschaft<\/p>\n<\/div>\n\n\n\n<div class=\"wp-block-column is-layout-flow wp-block-column-is-layout-flow\" style=\"flex-basis:66.66%\">\n<p class=\"has-text-color\" style=\"color:#605252e0\">\u2027 Assoziiert am <a href=\"http:\/\/mariann-steegmann-institut.de\/\" target=\"_blank\" rel=\"noreferrer noopener\">Mariann Steegmann Institut, Bremen<\/a>, langj\u00e4hrige Forschungskooperation.<br>\u2027 Mitglied des <a href=\"https:\/\/film-medien.ftmk.uni-mainz.de\/dfg-netzwerk-interdisziplinaere-pornografie-forschung\/\" target=\"_blank\" rel=\"noreferrer noopener\">DFG-Netzwerks <em>Interdisziplin\u00e4re Pornografie-Forschung<\/em><\/a> (Leitung: Leonie Zilch, Friederike Nastold, 2026-2028)<br>\u2027 Mitglied der Jury <em>The Missing Link. Preis f\u00fcr Psychoanalyse und&#8230;<\/em>, Z\u00fcrich (2007-2022), seit 2025 Mitwirkung am <a href=\"https:\/\/open.spotify.com\/show\/0MCbhGczzmUN4VBYGnQJIZ\" target=\"_blank\" rel=\"noreferrer noopener\">Podcast Traumstation: zu Psychoanalyse und Traumdeutung<\/a> vom Verein <a href=\"https:\/\/the-missing-link.online\/traumstationen\/\" target=\"_blank\" rel=\"noreferrer noopener\"><em>The Missing Link<\/em><\/a>.<br>\u2027 Gr\u00fcndungsmitglied des <em>Forum Sexualkultur: Verkupplungen mit der Psychoanalyse<\/em>&nbsp;(seit 2022).<br>\u2027 Gr\u00fcndungsmitglied des Netzwerks&nbsp;<em><a href=\"http:\/\/heil-versprechen.org\/heil-versprechen-en-detail\/\" target=\"_blank\" rel=\"noreferrer noopener\">Heil versprechen: Kulturelle Gef\u00fcge, W\u00fcnsche, Phantasmen<\/a><\/em>&nbsp;(2015). <br>\u2027 Mitglied der <a href=\"https:\/\/kwgev.wordpress.com\/\" target=\"_blank\" rel=\"noreferrer noopener\">Kulturwissenschaftlichen Gesellschaft<\/a> (KWG).<br><\/p>\n<\/div>\n<\/div>\n\n\n\n<h2 class=\"wp-block-heading has-text-align-left speziell-KuWi-Ueberschrift has-text-color\" style=\"color:#b5182d;font-style:normal;font-weight:500;letter-spacing:3px\">PUBLIKATIONEN | VORTR\u00c4GE<\/h2>\n\n\n\n<div class=\"wp-block-columns is-not-stacked-on-mobile speziell-SpaltenundTexthoehe is-layout-flex wp-container-core-columns-is-layout-9d6595d7 wp-block-columns-is-layout-flex\">\n<div class=\"wp-block-column is-layout-flow wp-block-column-is-layout-flow\" style=\"flex-basis:20%\">\n<p class=\"speziell-KuWi-Ueberschrift has-text-color\" style=\"color:#605252e0;font-style:normal;font-weight:500\">Publikationen<\/p>\n<\/div>\n\n\n\n<div class=\"wp-block-column is-layout-flow wp-block-column-is-layout-flow\" style=\"flex-basis:66.66%\">\n<p class=\"has-text-color\" style=\"color:#605252e0\">seit 1993 Publikationst\u00e4tigkeit: Monographien, Herausgaben, Redaktionen, Aufs\u00e4tze, Artikel in Fachzeitschriften und Sammelb\u00e4nden, Kommentare, Rezensionen, Podcasts in Sachen Kulturwissenschaft.<\/p>\n\n\n\n<p class=\"has-text-color\" style=\"color:#605252e0\">PUBLIKATIONSLISTE [<a href=\"https:\/\/insahaertel.de\/wp-content\/uploads\/2026\/04\/Publikationen-Haertel.pdf\" target=\"_blank\" rel=\"noreferrer noopener\">hier herunterladen<\/a>]<\/p>\n<\/div>\n<\/div>\n\n\n\n<div class=\"wp-block-columns is-not-stacked-on-mobile speziell-SpaltenundTexthoehe is-layout-flex wp-container-core-columns-is-layout-9d6595d7 wp-block-columns-is-layout-flex\">\n<div class=\"wp-block-column is-layout-flow wp-block-column-is-layout-flow\" style=\"flex-basis:20%\">\n<p class=\"speziell-KuWi-Ueberschrift has-text-color\" style=\"color:#605252e0;font-style:normal;font-weight:500\">Vortr\u00e4ge<\/p>\n<\/div>\n\n\n\n<div class=\"wp-block-column is-layout-flow wp-block-column-is-layout-flow\" style=\"flex-basis:66.66%\">\n<p class=\"has-text-color\" style=\"color:#605252e0\">seit 1993 interdisziplin\u00e4re Vortragst\u00e4tigkeit an Universit\u00e4ten, Kunsthochschulen, Psychoanalytischen Institutionen zu meinen Forschungsthemen in Bereichen der Kulturwissenschaft | z.B. <a href=\"https:\/\/www.zhdk.ch\/veranstaltung\/19627\" target=\"_blank\" rel=\"noreferrer noopener\">Z\u00fcrcher Hochschule der K\u00fcnste<\/a>, <a href=\"https:\/\/german.princeton.edu\/whats-on\/events\/past\/sexuality-failure-psychoanalytic-concepts-cultural-perspectives\" target=\"_blank\" rel=\"noreferrer noopener\">Princeton University<\/a>, <a href=\"https:\/\/arthist.net\/archive\/2278\" target=\"_blank\" rel=\"noreferrer noopener\">Deichtorhallen Hamburg<\/a>, <a href=\"https:\/\/www.uni-giessen.de\/en\/faculties\/ggkgcsc\/events\/semesteroverview\/previous\/archive\/sose2023\/copy_of_keynote-lectures\/knl_haertel\" target=\"_blank\" rel=\"noreferrer noopener\">International Graduate Centre for the Study of Culture, Justus-Liebig-Universit\u00e4t Gie\u00dfen<\/a>, <a href=\"https:\/\/www.angewandtekunstgeschichte.net\/news\/2018\/die-wiederkehr-des-k%C3%BCnstlers-themen-und-positionen-der-aktuellen-k%C3%BCnstler-innenforschung\" target=\"_blank\" rel=\"noreferrer noopener\">Universit\u00e4t f\u00fcr angewandte Kunst Wien<\/a>, Psychoanalytische Bibliothek Berlin, Humboldt-Universit\u00e4t zu Berlin.<\/p>\n<\/div>\n<\/div>\n\n\n\n<h2 class=\"wp-block-heading has-text-align-right speziell-KuWi-Ueberschrift2 has-text-color\" style=\"color:#a7091e;font-style:normal;font-weight:500;letter-spacing:3px\">VERANSTALTUNGEN<\/h2>\n\n\n\n<div class=\"wp-block-columns is-not-stacked-on-mobile speziell-SpaltenundTexthoehe is-layout-flex wp-container-core-columns-is-layout-9d6595d7 wp-block-columns-is-layout-flex\">\n<div class=\"wp-block-column is-layout-flow wp-block-column-is-layout-flow\" style=\"flex-basis:20%\">\n<p class=\"speziell-KuWi-Ueberschrift has-text-color\" style=\"color:#605252e0;font-style:normal;font-weight:500\">Tagungen<\/p>\n<\/div>\n\n\n\n<div class=\"wp-block-column is-layout-flow wp-block-column-is-layout-flow\" style=\"flex-basis:66.66%\">\n<p class=\"has-text-color\" style=\"color:#605252e0\">seit 1996 Konzeption und Organisation einer Vielzahl von Tagungen sowie Vortragsreihen | z.B. zu: <a href=\"https:\/\/kunst.uni-koeln.de\/szenen-des-sexuellen\/\" target=\"_blank\" rel=\"noreferrer noopener\">Sexualit\u00e4t<\/a>\/<a href=\"https:\/\/insahaertel.de\/wp-content\/uploads\/2024\/01\/flyer_Erogene-Gefahrenzonen.pdf\" target=\"_blank\" rel=\"noreferrer noopener\">Erogentit\u00e4t<\/a>\/<a href=\"https:\/\/www.psychosozial-verlag.de\/cms\/terminleser\/events\/id-24-und-25-januar-2014-berlin.html\" target=\"_blank\" rel=\"noreferrer noopener\">Geschlecht<\/a>, <a href=\"https:\/\/idw-online.de\/de\/news97204\" target=\"_blank\" rel=\"noreferrer noopener\">Psychoanalyse<\/a>\/<a href=\"https:\/\/www.ipu-berlin.de\/unter-strom-special-psychoanalyse-unter-spannung\/\" target=\"_blank\" rel=\"noreferrer noopener\">Kultur<\/a>, <a href=\"http:\/\/heil-versprechen.org\/heil-versprechen-en-detail\/\" target=\"_blank\" rel=\"noreferrer noopener\">Heilversprechen<\/a>, <a href=\"https:\/\/insahaertel.de\/wp-content\/uploads\/2024\/01\/Flyer-Symposium-Raum-Subjekt-Verstoerung.pdf\" target=\"_blank\" rel=\"noreferrer noopener\">Raum<\/a>, <a href=\"https:\/\/taz.de\/Ueber-das-Kleid-des-weiblichen-Koerpers\/!1218145\/\" target=\"_blank\" rel=\"noreferrer noopener\">K\u00f6rper <\/a>| Internationale Universit\u00e4t Berlin (IPU), Universit\u00e4t Bremen, Wien, Z\u00fcrich, Duderstadt, online.<\/p>\n<\/div>\n<\/div>\n\n\n\n<div class=\"wp-block-columns is-not-stacked-on-mobile speziell-SpaltenundTexthoehe is-layout-flex wp-container-core-columns-is-layout-9d6595d7 wp-block-columns-is-layout-flex\">\n<div class=\"wp-block-column is-layout-flow wp-block-column-is-layout-flow\" style=\"flex-basis:20%\">\n<p class=\"speziell-KuWi-Ueberschrift has-text-color\" style=\"color:#605252e0;font-style:normal;font-weight:500\">Lehre<\/p>\n<\/div>\n\n\n\n<div class=\"wp-block-column is-layout-flow wp-block-column-is-layout-flow\" style=\"flex-basis:66.66%\">\n<p class=\"has-text-color\" style=\"color:#605252e0\">Entwicklung der Module f\u00fcr den M.A. Studiengang&nbsp;<em>Psychoanalytische Kulturwissenschaften<\/em>&nbsp;IPU Berlin (Start 2012 bis 2024).<\/p>\n\n\n\n<p class=\"has-text-color\" style=\"color:#605252e0\">seit 1996 Seminare, Vorlesungen, Kurse, auch im Co-Teaching | zu: Kulturtheorie, Psychoanalytische Theorie, Visuelle Kultur\/Blick, Psychoanalyse und Kinematographie, Geschlecht\/Sexuelle Differenz, Raum\/Bewegungspraktiken, Wissen\/Wissenschaft, Kulturelle Transformationen, Autorschaft, Autorit\u00e4t, Symbolisierung, K\u00f6rper-Konzepte, Handlung und kulturelle Struktur | IPU Berlin, Universit\u00e4t Bremen sowie Hamburg, Z\u00fcrich, Wien, Innsbruck, <a href=\"https:\/\/www.studienstiftung.de\/jahresbericht\/2013\/files\/assets\/common\/downloads\/publication.pdf\" target=\"_blank\" rel=\"noreferrer noopener\">Hohenlohe\/Jagsttal<\/a>. <\/p>\n<\/div>\n<\/div>\n<\/div>\n<\/div>\n\n\n\n<h2 class=\"wp-block-heading has-text-align-left speziell-KuWi-Ueberschrift has-text-color\" id=\"aktuelles-projekt\" style=\"color:#a7091e;font-style:normal;font-weight:500;letter-spacing:3px;text-transform:uppercase\">FORSCHUNGSPROJEKTE<\/h2>\n\n\n\n<div class=\"wp-block-columns is-layout-flex wp-container-core-columns-is-layout-9d6595d7 wp-block-columns-is-layout-flex\">\n<div class=\"wp-block-column is-layout-flow wp-block-column-is-layout-flow\">\n<p class=\"has-text-color has-link-color wp-elements-62d53adf8826b4927fc34d1d035dcd46\" style=\"color:#605252e0;font-style:normal;font-weight:500\"><a href=\"https:\/\/www.transcript-verlag.de\/978-3-8376-7777-5\/aesthetik-des-sexuellen\/?c=313000000\" target=\"_blank\" rel=\"noreferrer noopener\">Aktuelles Projekt: \u00c4sthetik des Sexuellen<\/a><\/p>\n\n\n\n<p class=\"has-text-color has-link-color wp-elements-b1c00c9de1e5540889336b9254e0f41d\" style=\"color:#605252e0\">Dieses Projekt zeigt, wie kulturelle Produktionen aus Kunst, Medien bzw. Pop jene Erregungs- oder Genie\u00dfensformen, die in der \u00e4sthetischen Erfahrung wirksam werden, aufgreifen und adressieren. So wird etwa &#8211; durch <a href=\"https:\/\/textem-verlag.de\/textem\/magazine\/riss\/541\" target=\"_blank\" rel=\"noreferrer noopener\">\u00bbweibliche\u00ab <em>Crotch Grab<\/em><\/a>&#8211; oder Einverleibungs<em>&#8211;<\/em>Gesten etc. &#8211; die einschl\u00e4gige Grenze zum Publikum bespielt. Umgekehrt geht es auch um die \u00e4sthetische Verfasstheit von Sexualit\u00e4t, die sich z.B. in deren inh\u00e4renter Gespaltenheit, Mediatisiertheit oder \u00bb<a href=\"https:\/\/www.jku.at\/kepler-salon\/ereignisse\/events\/detail\/news\/relatifs-aesthetik-des-sexuellen-oder-zur-kondomhaftigkeit-von-sexualitaet\/\">Kondomhaftigkeit<\/a>\u00ab zeigt. Die Buchpublikation erscheint 2026 bei <a href=\"https:\/\/www.transcript-verlag.de\/978-3-8376-7777-5\/aesthetik-des-sexuellen\/?c=313000000\"><em>transcript<\/em> <\/a>in der Reihe Edition Kulturwissenschaft.<\/p>\n<\/div>\n<\/div>\n\n\n\n<div class=\"wp-block-columns is-layout-flex wp-container-core-columns-is-layout-9d6595d7 wp-block-columns-is-layout-flex\">\n<div class=\"wp-block-column is-layout-flow wp-block-column-is-layout-flow\">\n<p class=\"speziell-KuWi-Ueberschrift has-text-color\" style=\"color:#605252e0;font-style:normal;font-weight:500\"><a href=\"https:\/\/insahaertel.de\/wp-content\/uploads\/2026\/04\/Publikationen_Haertel_Mediale-Messies.pdf\" target=\"_blank\" rel=\"noreferrer noopener\">\u00bbMessie\u00ab mit Methode: Wohnm\u00fcll im TV-Format<\/a><\/p>\n\n\n\n<p class=\"speziell-Texte-seitenuebergreifend has-text-color\" style=\"color:#605252e0\">Anhand von \u00bbMessie-Sendungen\u00ab erfolgt eine Untersuchung der Formen und Funktionen jener episodisch offenbar fernsehtauglichen Reinigungsrituale. Welche kulturellen Thematiken werden hier verhandelt?<\/p>\n<\/div>\n\n\n\n<div class=\"wp-block-column is-layout-flow wp-block-column-is-layout-flow\">\n<p class=\"has-text-align-right speziell-KuWi-Ueberschrift2 has-text-color\" style=\"color:#605252e0;font-style:normal;font-weight:500\"><a href=\"https:\/\/insahaertel.de\/wp-content\/uploads\/2026\/04\/Publikationen_Haertel_Brust-Krebs-Schnitt.pdf\" target=\"_blank\" rel=\"noreferrer noopener\">Brust-Krebs-Schnitt: Angelina Jolies \u00bbMy Medical Choice\u00ab<\/a><\/p>\n\n\n\n<p class=\"has-text-align-right speziell-Texte-seitenuebergreifend has-text-color\" style=\"color:#605252e0\">  Ausgehend von Jolies Beitrag \u00bbMy Medical Choice\u00ab in der New York Times (2013) werden Medienberichte zu ihrer prophylaktischen Mastektomie als Austragungsort kultureller Dynamiken analysiert.<\/p>\n<\/div>\n<\/div>\n\n\n\n<div class=\"wp-block-columns is-layout-flex wp-container-core-columns-is-layout-9d6595d7 wp-block-columns-is-layout-flex\">\n<div class=\"wp-block-column is-layout-flow wp-block-column-is-layout-flow\">\n<p class=\"speziell-KuWi-Ueberschrift has-text-color\" style=\"color:#605252e0;font-style:normal;font-weight:500;letter-spacing:1px\"><a href=\"https:\/\/www.transcript-verlag.de\/978-3-8376-2884-5\/kinder-der-erregung\/\" target=\"_blank\" rel=\"noreferrer noopener\">Bilder und Diskurse kindlich-jugendlicher Sexualit\u00e4t<\/a><a style=\"font-size:revert;\" href=\"https:\/\/www.transcript-verlag.de\/978-3-8376-2884-5\/kinder-der-erregung\/\"> <\/a><span style=\"font-size:revert;\">(DFG-Projekt 2010-2013)<\/span><\/p>\n\n\n\n<p class=\"speziell-Texte-seitenuebergreifend has-text-color\" style=\"color:#605252e0\"><span style=\"font-size:revert;\">Einen Ausgangspunkt dieser Untersuchung von k\u00fcnstlerischen und medialen Vorstellungen kindlich-jugendlicher Sexualit\u00e4t bildet die kulturelle \u00bbErregtheit\u00ab um die Figur des Kindes, die sich als Teil gesellschaftlicher Konflikthaftigkeit erweist. <\/span> <\/p>\n<\/div>\n\n\n\n<div class=\"wp-block-column is-layout-flow wp-block-column-is-layout-flow\">\n<p class=\"has-text-align-right speziell-KuWi-Ueberschrift2 has-text-color\" style=\"color:#605252e0;font-style:normal;font-weight:500;letter-spacing:1px\"><a href=\"https:\/\/textem-verlag.de\/textem\/theorie\/kleiner-stimmungsatlas\/332\" target=\"_blank\" rel=\"noreferrer noopener\">Scharf gestellt und umgedreht. Gerhard Richter \u00bbBetty\u00ab (1977)<\/a>, gemeinsam mit Karl-Josef-Pazzini<\/p>\n\n\n\n<p class=\"has-text-align-right speziell-Texte-seitenuebergreifend has-text-color\" style=\"color:#605252e0\">Der Fokus dieser Studie liegt auf den Irritationen, die Gerhard Richters Bild <em>Betty<\/em> (425\/4, 1977) ausl\u00f6sen kann (z.B. im Kontext der <em>documenta 12<\/em>) und auf der damit einhergehenden Verst\u00f6rung eingespielter kultureller Phantasmen.<\/p>\n<\/div>\n<\/div>\n\n\n\n<div class=\"wp-block-columns is-layout-flex wp-container-core-columns-is-layout-9d6595d7 wp-block-columns-is-layout-flex\">\n<div class=\"wp-block-column is-layout-flow wp-block-column-is-layout-flow\">\n<p class=\"speziell-KuWi-Ueberschrift has-text-color\" style=\"color:#605252e0;font-style:normal;font-weight:500;letter-spacing:1px\"><a href=\"https:\/\/www.transcript-verlag.de\/978-3-8376-1042-0\/symbolische-ordnungen-umschreiben\/\" target=\"_blank\" rel=\"noreferrer noopener\">Transformationen symbolisch-autoritativer Dimensionen: Entw\u00fcrfe von Autorschaft und Handlungsmacht<\/a><a href=\"https:\/\/www.transcript-verlag.de\/978-3-8376-1042-0\/symbolische-ordnungen-umschreiben\/\"> <\/a>(Habiltationsschrift)<\/p>\n\n\n\n<p class=\"speziell-Texte-seitenuebergreifend has-text-color\" style=\"color:#605252e0\">In Fallstudien zu theoretischen Entw\u00fcrfen und k\u00fcnstlerischen Produktionen wird untersucht, welche Dimensionen von <em>Autorschaft<\/em> oder <em>Handlungsmacht<\/em> potentiell zu Tage treten, wenn die Bindungen an \u00bbv\u00e4terliche\u00ab Autorit\u00e4tsideale in Frage stehen.<\/p>\n<\/div>\n\n\n\n<div class=\"wp-block-column is-layout-flow wp-block-column-is-layout-flow\">\n<p class=\"has-text-align-right speziell-KuWi-Ueberschrift2 has-text-color\" style=\"color:#605252e0;font-style:normal;font-weight:500;letter-spacing:1px\"><a href=\"https:\/\/www.turia.at\/titel\/insa.php\" target=\"_blank\" rel=\"noreferrer noopener\">Zur Produktion des M\u00fctterlichen (in) der Architekt<\/a><a href=\"https:\/\/www.turia.at\/titel\/insa.php\">ur<\/a> (Dissertation)<\/p>\n\n\n\n<p class=\"has-text-align-right speziell-Texte-seitenuebergreifend has-text-color\" style=\"color:#605252e0\">Analysiert werden Bilder und Diskurse vom Mutterleib als \u00bberster Wohnstatt\u00ab bzw. von architektonischen \u00bbWiederherstellungsversuchen\u00ab der Situation <em>in utero<\/em> sowie die damit verbundenen kulturell dominanten Phantasmen. <\/p>\n<\/div>\n<\/div>\n<\/div>\n<\/div>\n\n\n\n<h6 class=\"wp-block-heading has-text-color has-small-font-size\" style=\"color:#b5182d\"><a href=\"https:\/\/insahaertel.de\/\">Startseite<\/a><\/h6>\n","protected":false},"excerpt":{"rendered":"<p>mmmmmmmmmmmmmmmmmmmmm DOPPELTER BLICK \u00bbDie Psychoanalyse wird als Wissenschaft nicht durch den Stoff, den sie behandelt, sondern durch die Technik, mit der sie arbeitet, charakterisiert.\u00ab (S. Freud) Von Anfang an sind kulturelle Ph\u00e4nomene und Prozesse Untersuchungsgegenstand der Psychoanalyse, nicht allein die psychische Verfasstheit von Subjekten. Psychoanalytische Herangehensweisen sind konstitutiv f\u00fcr die Kulturwissenschaften. Umgekehrt bringen diese sie [&hellip;]<\/p>\n","protected":false},"author":1,"featured_media":0,"parent":0,"menu_order":0,"comment_status":"closed","ping_status":"closed","template":"fullwidth-page.php","meta":{"footnotes":""},"tags":[],"class_list":["post-39","page","type-page","status-publish","hentry"],"yoast_head":"<!-- This site is optimized with the Yoast SEO plugin v27.4 - https:\/\/yoast.com\/product\/yoast-seo-wordpress\/ -->\n<title>Kulturwissenschaft &#8211; Insa H\u00e4rtel<\/title>\n<meta name=\"description\" content=\"Kulturwissenschaft - Insa H\u00e4rtel, Prof. Dr. phil. habil., Psychoanalytische Kunst- und Kulturforschung, Sexualit\u00e4tsforschung...\" \/>\n<meta name=\"robots\" content=\"index, follow, max-snippet:-1, max-image-preview:large, max-video-preview:-1\" \/>\n<link rel=\"canonical\" href=\"https:\/\/insahaertel.de\/index.php\/kulturwissenschaft\/\" \/>\n<meta property=\"og:locale\" content=\"de_DE\" \/>\n<meta property=\"og:type\" content=\"article\" \/>\n<meta property=\"og:title\" content=\"Kulturwissenschaft &#8211; Insa H\u00e4rtel\" \/>\n<meta property=\"og:description\" content=\"Kulturwissenschaft - Insa H\u00e4rtel, Prof. Dr. phil. habil., Psychoanalytische Kunst- und Kulturforschung, Sexualit\u00e4tsforschung...\" \/>\n<meta property=\"og:url\" content=\"https:\/\/insahaertel.de\/index.php\/kulturwissenschaft\/\" \/>\n<meta property=\"og:site_name\" content=\"Insa H\u00e4rtel\" \/>\n<meta property=\"article:modified_time\" content=\"2026-04-28T05:12:17+00:00\" \/>\n<meta name=\"twitter:card\" content=\"summary_large_image\" \/>\n<meta name=\"twitter:label1\" content=\"Gesch\u00e4tzte Lesezeit\" \/>\n\t<meta name=\"twitter:data1\" content=\"5\u00a0Minuten\" \/>\n<script type=\"application\/ld+json\" class=\"yoast-schema-graph\">{\"@context\":\"https:\\\/\\\/schema.org\",\"@graph\":[{\"@type\":\"WebPage\",\"@id\":\"https:\\\/\\\/insahaertel.de\\\/index.php\\\/kulturwissenschaft\\\/\",\"url\":\"https:\\\/\\\/insahaertel.de\\\/index.php\\\/kulturwissenschaft\\\/\",\"name\":\"Kulturwissenschaft &#8211; Insa H\u00e4rtel\",\"isPartOf\":{\"@id\":\"https:\\\/\\\/insahaertel.de\\\/#website\"},\"primaryImageOfPage\":{\"@id\":\"https:\\\/\\\/insahaertel.de\\\/index.php\\\/kulturwissenschaft\\\/#primaryimage\"},\"image\":{\"@id\":\"https:\\\/\\\/insahaertel.de\\\/index.php\\\/kulturwissenschaft\\\/#primaryimage\"},\"thumbnailUrl\":\"https:\\\/\\\/test636937616.files.wordpress.com\\\/2022\\\/05\\\/eier-1.jpg\",\"datePublished\":\"2022-03-28T18:49:14+00:00\",\"dateModified\":\"2026-04-28T05:12:17+00:00\",\"description\":\"Kulturwissenschaft - Insa H\u00e4rtel, Prof. Dr. phil. habil., Psychoanalytische Kunst- und Kulturforschung, Sexualit\u00e4tsforschung...\",\"breadcrumb\":{\"@id\":\"https:\\\/\\\/insahaertel.de\\\/index.php\\\/kulturwissenschaft\\\/#breadcrumb\"},\"inLanguage\":\"de\",\"potentialAction\":[{\"@type\":\"ReadAction\",\"target\":[\"https:\\\/\\\/insahaertel.de\\\/index.php\\\/kulturwissenschaft\\\/\"]}]},{\"@type\":\"ImageObject\",\"inLanguage\":\"de\",\"@id\":\"https:\\\/\\\/insahaertel.de\\\/index.php\\\/kulturwissenschaft\\\/#primaryimage\",\"url\":\"https:\\\/\\\/test636937616.files.wordpress.com\\\/2022\\\/05\\\/eier-1.jpg\",\"contentUrl\":\"https:\\\/\\\/test636937616.files.wordpress.com\\\/2022\\\/05\\\/eier-1.jpg\"},{\"@type\":\"BreadcrumbList\",\"@id\":\"https:\\\/\\\/insahaertel.de\\\/index.php\\\/kulturwissenschaft\\\/#breadcrumb\",\"itemListElement\":[{\"@type\":\"ListItem\",\"position\":1,\"name\":\"Startseite\",\"item\":\"https:\\\/\\\/insahaertel.de\\\/\"},{\"@type\":\"ListItem\",\"position\":2,\"name\":\"Kulturwissenschaft\"}]},{\"@type\":\"WebSite\",\"@id\":\"https:\\\/\\\/insahaertel.de\\\/#website\",\"url\":\"https:\\\/\\\/insahaertel.de\\\/\",\"name\":\"Insa H\u00e4rtel\",\"description\":\"Kulturwissenschaft, Kinder- und Jugendlichenpsychotherapie\",\"publisher\":{\"@id\":\"https:\\\/\\\/insahaertel.de\\\/#\\\/schema\\\/person\\\/487f7a0df0cef941b2257eba433a46bd\"},\"potentialAction\":[{\"@type\":\"SearchAction\",\"target\":{\"@type\":\"EntryPoint\",\"urlTemplate\":\"https:\\\/\\\/insahaertel.de\\\/?s={search_term_string}\"},\"query-input\":{\"@type\":\"PropertyValueSpecification\",\"valueRequired\":true,\"valueName\":\"search_term_string\"}}],\"inLanguage\":\"de\"},{\"@type\":[\"Person\",\"Organization\"],\"@id\":\"https:\\\/\\\/insahaertel.de\\\/#\\\/schema\\\/person\\\/487f7a0df0cef941b2257eba433a46bd\",\"name\":\"Insa H\u00e4rtel\",\"image\":{\"@type\":\"ImageObject\",\"inLanguage\":\"de\",\"@id\":\"https:\\\/\\\/insahaertel.de\\\/wp-content\\\/uploads\\\/2022\\\/09\\\/tab-icon-insa-haertel.jpg\",\"url\":\"https:\\\/\\\/insahaertel.de\\\/wp-content\\\/uploads\\\/2022\\\/09\\\/tab-icon-insa-haertel.jpg\",\"contentUrl\":\"https:\\\/\\\/insahaertel.de\\\/wp-content\\\/uploads\\\/2022\\\/09\\\/tab-icon-insa-haertel.jpg\",\"width\":512,\"height\":512,\"caption\":\"Insa H\u00e4rtel\"},\"logo\":{\"@id\":\"https:\\\/\\\/insahaertel.de\\\/wp-content\\\/uploads\\\/2022\\\/09\\\/tab-icon-insa-haertel.jpg\"},\"sameAs\":[\"https:\\\/\\\/insahaertel.de\"]}]}<\/script>\n<!-- \/ Yoast SEO plugin. -->","yoast_head_json":{"title":"Kulturwissenschaft &#8211; Insa H\u00e4rtel","description":"Kulturwissenschaft - Insa H\u00e4rtel, Prof. Dr. phil. habil., Psychoanalytische Kunst- und Kulturforschung, Sexualit\u00e4tsforschung...","robots":{"index":"index","follow":"follow","max-snippet":"max-snippet:-1","max-image-preview":"max-image-preview:large","max-video-preview":"max-video-preview:-1"},"canonical":"https:\/\/insahaertel.de\/index.php\/kulturwissenschaft\/","og_locale":"de_DE","og_type":"article","og_title":"Kulturwissenschaft &#8211; Insa H\u00e4rtel","og_description":"Kulturwissenschaft - Insa H\u00e4rtel, Prof. Dr. phil. habil., Psychoanalytische Kunst- und Kulturforschung, Sexualit\u00e4tsforschung...","og_url":"https:\/\/insahaertel.de\/index.php\/kulturwissenschaft\/","og_site_name":"Insa H\u00e4rtel","article_modified_time":"2026-04-28T05:12:17+00:00","twitter_card":"summary_large_image","twitter_misc":{"Gesch\u00e4tzte Lesezeit":"5\u00a0Minuten"},"schema":{"@context":"https:\/\/schema.org","@graph":[{"@type":"WebPage","@id":"https:\/\/insahaertel.de\/index.php\/kulturwissenschaft\/","url":"https:\/\/insahaertel.de\/index.php\/kulturwissenschaft\/","name":"Kulturwissenschaft &#8211; Insa H\u00e4rtel","isPartOf":{"@id":"https:\/\/insahaertel.de\/#website"},"primaryImageOfPage":{"@id":"https:\/\/insahaertel.de\/index.php\/kulturwissenschaft\/#primaryimage"},"image":{"@id":"https:\/\/insahaertel.de\/index.php\/kulturwissenschaft\/#primaryimage"},"thumbnailUrl":"https:\/\/test636937616.files.wordpress.com\/2022\/05\/eier-1.jpg","datePublished":"2022-03-28T18:49:14+00:00","dateModified":"2026-04-28T05:12:17+00:00","description":"Kulturwissenschaft - Insa H\u00e4rtel, Prof. Dr. phil. habil., Psychoanalytische Kunst- und Kulturforschung, Sexualit\u00e4tsforschung...","breadcrumb":{"@id":"https:\/\/insahaertel.de\/index.php\/kulturwissenschaft\/#breadcrumb"},"inLanguage":"de","potentialAction":[{"@type":"ReadAction","target":["https:\/\/insahaertel.de\/index.php\/kulturwissenschaft\/"]}]},{"@type":"ImageObject","inLanguage":"de","@id":"https:\/\/insahaertel.de\/index.php\/kulturwissenschaft\/#primaryimage","url":"https:\/\/test636937616.files.wordpress.com\/2022\/05\/eier-1.jpg","contentUrl":"https:\/\/test636937616.files.wordpress.com\/2022\/05\/eier-1.jpg"},{"@type":"BreadcrumbList","@id":"https:\/\/insahaertel.de\/index.php\/kulturwissenschaft\/#breadcrumb","itemListElement":[{"@type":"ListItem","position":1,"name":"Startseite","item":"https:\/\/insahaertel.de\/"},{"@type":"ListItem","position":2,"name":"Kulturwissenschaft"}]},{"@type":"WebSite","@id":"https:\/\/insahaertel.de\/#website","url":"https:\/\/insahaertel.de\/","name":"Insa H\u00e4rtel","description":"Kulturwissenschaft, Kinder- und Jugendlichenpsychotherapie","publisher":{"@id":"https:\/\/insahaertel.de\/#\/schema\/person\/487f7a0df0cef941b2257eba433a46bd"},"potentialAction":[{"@type":"SearchAction","target":{"@type":"EntryPoint","urlTemplate":"https:\/\/insahaertel.de\/?s={search_term_string}"},"query-input":{"@type":"PropertyValueSpecification","valueRequired":true,"valueName":"search_term_string"}}],"inLanguage":"de"},{"@type":["Person","Organization"],"@id":"https:\/\/insahaertel.de\/#\/schema\/person\/487f7a0df0cef941b2257eba433a46bd","name":"Insa H\u00e4rtel","image":{"@type":"ImageObject","inLanguage":"de","@id":"https:\/\/insahaertel.de\/wp-content\/uploads\/2022\/09\/tab-icon-insa-haertel.jpg","url":"https:\/\/insahaertel.de\/wp-content\/uploads\/2022\/09\/tab-icon-insa-haertel.jpg","contentUrl":"https:\/\/insahaertel.de\/wp-content\/uploads\/2022\/09\/tab-icon-insa-haertel.jpg","width":512,"height":512,"caption":"Insa H\u00e4rtel"},"logo":{"@id":"https:\/\/insahaertel.de\/wp-content\/uploads\/2022\/09\/tab-icon-insa-haertel.jpg"},"sameAs":["https:\/\/insahaertel.de"]}]}},"jetpack_sharing_enabled":true,"_links":{"self":[{"href":"https:\/\/insahaertel.de\/index.php\/wp-json\/wp\/v2\/pages\/39","targetHints":{"allow":["GET"]}}],"collection":[{"href":"https:\/\/insahaertel.de\/index.php\/wp-json\/wp\/v2\/pages"}],"about":[{"href":"https:\/\/insahaertel.de\/index.php\/wp-json\/wp\/v2\/types\/page"}],"author":[{"embeddable":true,"href":"https:\/\/insahaertel.de\/index.php\/wp-json\/wp\/v2\/users\/1"}],"replies":[{"embeddable":true,"href":"https:\/\/insahaertel.de\/index.php\/wp-json\/wp\/v2\/comments?post=39"}],"version-history":[{"count":483,"href":"https:\/\/insahaertel.de\/index.php\/wp-json\/wp\/v2\/pages\/39\/revisions"}],"predecessor-version":[{"id":8481,"href":"https:\/\/insahaertel.de\/index.php\/wp-json\/wp\/v2\/pages\/39\/revisions\/8481"}],"wp:attachment":[{"href":"https:\/\/insahaertel.de\/index.php\/wp-json\/wp\/v2\/media?parent=39"}],"wp:term":[{"taxonomy":"post_tag","embeddable":true,"href":"https:\/\/insahaertel.de\/index.php\/wp-json\/wp\/v2\/tags?post=39"}],"curies":[{"name":"wp","href":"https:\/\/api.w.org\/{rel}","templated":true}]}}