{"id":673,"date":"2022-05-21T11:07:02","date_gmt":"2022-05-21T09:07:02","guid":{"rendered":"https:\/\/test636937616.wordpress.com\/?page_id=673"},"modified":"2026-04-26T19:33:33","modified_gmt":"2026-04-26T17:33:33","slug":"about","status":"publish","type":"page","link":"https:\/\/insahaertel.de\/index.php\/about\/","title":{"rendered":"About"},"content":{"rendered":"\n<div class=\"wp-block-cover is-light\" style=\"min-height:102px;aspect-ratio:unset;\"><img decoding=\"async\" class=\"wp-block-cover__image-background wp-image-2829 lazyload\" alt=\"Cover Insa Haertel Website &quot;About&quot;\" data-src=\"https:\/\/test636937616.files.wordpress.com\/2022\/06\/praesentation2a.jpg\" style=\"object-position:98% 86%\" data-object-fit=\"cover\" data-object-position=\"98% 86%\" src=\"data:image\/svg+xml;base64,PHN2ZyB3aWR0aD0iMSIgaGVpZ2h0PSIxIiB4bWxucz0iaHR0cDovL3d3dy53My5vcmcvMjAwMC9zdmciPjwvc3ZnPg==\" \/><span aria-hidden=\"true\" class=\"wp-block-cover__background has-white-background-color has-background-dim-20 has-background-dim\"><\/span><div class=\"wp-block-cover__inner-container is-layout-flow wp-block-cover-is-layout-flow\">\n<h2 class=\"wp-block-heading has-text-align-left speziell-H2 has-text-color\" style=\"color:#b5182d;font-size:35px;font-style:normal;font-weight:500;letter-spacing:3px\">ABOUT<\/h2>\n<\/div><\/div>\n\n\n\n<div class=\"wp-block-jetpack-layout-grid column1-desktop-grid__span-12 column1-desktop-grid__row-1 column1-tablet-grid__span-8 column1-tablet-grid__row-1 column1-mobile-grid__span-4 column1-mobile-grid__row-1\">\n<div class=\"wp-block-jetpack-layout-grid-column wp-block-jetpack-layout-grid__padding-none\">\n<h6 class=\"wp-block-heading has-white-color has-text-color\" style=\"font-size:4px\">About, das hei\u00dft, dass dies der CV von Insa Haertel ist und infolgedessen Stationen ihrer beruflichen Laufbahn aufz\u00e4hlt und dabei sowohl die kulturwissenschaftlichen als auch die kinder- und jugendlichenpsychotherapeutischen Qualifikationen nennt.. Damit wird also deutlich, als was sie schon gearbeitet hat: &#8222;About&#8220;<\/h6>\n<\/div>\n<\/div>\n\n\n\n<div class=\"wp-block-jetpack-layout-grid column1-desktop-grid__span-8 column1-desktop-grid__row-1 column2-desktop-grid__span-4 column2-desktop-grid__start-9 column2-desktop-grid__row-1 column1-tablet-grid__span-4 column1-tablet-grid__row-1 column2-tablet-grid__span-4 column2-tablet-grid__start-5 column2-tablet-grid__row-1 column1-mobile-grid__span-4 column1-mobile-grid__row-1 column2-mobile-grid__span-4 column2-mobile-grid__row-2\">\n<div class=\"wp-block-jetpack-layout-grid-column wp-block-jetpack-layout-grid__padding-none\">\n<figure class=\"wp-block-image size-large is-resized\"><img decoding=\"async\" data-src=\"https:\/\/test636937616.files.wordpress.com\/2022\/05\/img_4908-neuneuneuneu.jpg?w=1024\" alt=\"Insa H\u00e4rtel, Website &quot;About \/ Zur Person&quot;\" class=\"wp-image-2187 lazyload\" style=\"width:623px;height:494px\" src=\"data:image\/svg+xml;base64,PHN2ZyB3aWR0aD0iMSIgaGVpZ2h0PSIxIiB4bWxucz0iaHR0cDovL3d3dy53My5vcmcvMjAwMC9zdmciPjwvc3ZnPg==\" \/><\/figure>\n<\/div>\n\n\n\n<div class=\"wp-block-jetpack-layout-grid-column wp-block-jetpack-layout-grid__padding-none\">\n<p class=\"has-white-color has-text-color\" style=\"font-size:23px;letter-spacing:1px\"> xxxxxxxxxxxxxxxxxxxxxxxxxxxx About<\/p>\n\n\n\n<p class=\"has-text-color\" style=\"color:#533737e0;font-size:23px;letter-spacing:1px\">PROF. DR. PHIL. HABIL. <a href=\"mailto:insa.haertel@kunstuni-linz.at\">KULTURWISSENSCHAFT<\/a><\/p>\n\n\n\n<p class=\"has-text-color\" style=\"color:#533737e0;font-size:23px;letter-spacing:1px\"><a href=\"mailto:praxis.haertel@gmx.de\" target=\"_blank\" rel=\"noreferrer noopener\"><strong><strong> <\/strong><\/strong>KINDER- &amp; JUGENDLICHEN-PSYCHOTHERAPEUTIN<\/a><\/p>\n<\/div>\n<\/div>\n\n\n\n<div class=\"wp-block-columns has-white-background-color has-background is-layout-flex wp-container-core-columns-is-layout-9d6595d7 wp-block-columns-is-layout-flex\">\n<div class=\"wp-block-column is-layout-flow wp-block-column-is-layout-flow\">\n<p class=\"has-text-color\" style=\"color:#59323205;font-size:5px;font-style:normal;font-weight:500;line-height:0.9\">x<\/p>\n\n\n\n<p class=\"speziell-Text-seitenuebergreifend has-text-color\" style=\"color:#605252e0;font-size:19px;font-style:normal;font-weight:400\">aktuell <a href=\"https:\/\/insahaertel.de\/index.php\/praxis-hamburg-und-norderstedt\/\" target=\"_blank\" rel=\"noreferrer noopener\">Kinder- und Jugendlichenpsychotherapeutin in niedergelassener Praxis<\/a> in Hamburg (BAG, seit 2018) und Norderstedt (seit 2023)<\/p>\n\n\n\n<p class=\"speziell-Text-seitenuebergreifend has-text-color\" style=\"color:#605252e0;font-size:19px;font-style:normal;font-weight:400\">&amp; Permanent Senior Research Fellow, <a href=\"https:\/\/kunstuni-linz.at\/Kulturwissenschaft.1401.0.html\" target=\"_blank\" rel=\"noreferrer noopener\">Kunstuniversit\u00e4t Linz, Abteilung Kulturwissenschaft \/ Institut f\u00fcr Bildende Kunst und Kulturwissenschaften<\/a> (seit 2022)<\/p>\n\n\n\n<p class=\"speziell-Text-seitenuebergreifend has-text-color\" style=\"color:#605252e0;font-size:19px;font-style:normal;font-weight:400\">2012-2022 Professorin f\u00fcr Kulturwissenschaft mit Schwerpunkt Kulturtheorie und Psychoanalyse an der <a href=\"https:\/\/www.ipu-berlin.de\/\" target=\"_blank\" rel=\"noreferrer noopener\">International Psychoanalytic University Berlin (IPU)<\/a><\/p>\n\n\n\n<p class=\"speziell-Text-seitenuebergreifend has-text-color\" style=\"color:#605252e0;font-size:19px;font-style:normal;font-weight:400\">2017-2018 T\u00e4tigkeit im <a href=\"https:\/\/ankerland.de\/\" target=\"_blank\" rel=\"noreferrer noopener\">Trauma-Therapiezentrum Ankerland<\/a>, Hamburg<\/p>\n\n\n\n<p class=\"speziell-Text-seitenuebergreifend has-text-color\" style=\"color:#605252e0;font-size:19px;font-style:normal;font-weight:400\">2010-2013 DFG-Projekt: \u00bb<em>\u00dcbergriffe\u00ab und \u00bbObjekte\u00ab: Bilder und Diskurse kindlich-jugendlicher Sexualit\u00e4t&nbsp;<\/em>(erschienen bei transcript:&nbsp;<a href=\"https:\/\/www.transcript-verlag.de\/978-3-8376-2884-5\/kinder-der-erregung\/\" target=\"_blank\" rel=\"noreferrer noopener\"><em>Kinder der Erregung<\/em>, Bielefeld 2014<\/a>), 2010-2012 an der Universit\u00e4t Bremen, danach an der IPU Berlin<\/p>\n\n\n\n<p class=\"speziell-Text-seitenuebergreifend has-text-color\" style=\"color:#605252e0;font-size:19px;font-style:normal;font-weight:400\">2010 Wissenschaftliche Angestellte\/Dipl.-Psychologin im&nbsp;<a href=\"https:\/\/www.hamburg.de\/hamburg-nord\/jppd\/\" target=\"_blank\" rel=\"noreferrer noopener\">Jugendpsychologischen\/-psychiatrischen Dienst (JPPD) der Stadt Hamburg<\/a><\/p>\n\n\n\n<p class=\"speziell-Text-seitenuebergreifend has-text-color\" style=\"color:#605252e0;font-size:19px;font-style:normal;font-weight:400\">2009-2010 Wissenschaftliche Mitarbeiterin am <a href=\"https:\/\/www.uke.de\/kliniken-institute\/kliniken\/kinder-und-jugendpsychiatrie-psychotherapie-und-psychosomatik\/index.html\" target=\"_blank\" rel=\"noreferrer noopener\">Universit\u00e4tsklinikum Hamburg-Eppendorf<\/a>, Klinik und Poliklinik f\u00fcr Psychiatrie und Psychotherapie des Kindes- und Jugendalters<\/p>\n\n\n\n<p class=\"speziell-Text-seitenuebergreifend has-text-color\" style=\"color:#605252e0;font-size:19px;font-style:normal;font-weight:400\">Visiting Scholar an der Universit\u00e4t f\u00fcr angewandte Kunst Wien (13.-19.6.2012), am Institut f\u00fcr Medienwissenschaft an der Universit\u00e4t Basel (19.-24.3.2012), am Institute for Cultural Studies in the Arts (ICS) an der Z\u00fcrcher Hochschule der K\u00fcnste (5.-10.12.2011, 1.12.-9.12.2007) sowie am Psychoanalytischen Seminar Z\u00fcrich (PSZ) (5.-10.12.2011), am Programm f\u00fcr Wissenschaftsforschung, Universit\u00e4t Basel (26.3.-3.4.2007), am <a href=\"http:\/\/old.inst-krim.si\/index64a5.html?id=31&amp;L=1\" target=\"_blank\" rel=\"noreferrer noopener\">Institute of Criminology, Faculty of Law, University of Ljubljana <\/a>(28.8-5.9.2006), an der <a href=\"https:\/\/igcs.cornell.edu\/visiting-scholars-fellows\" target=\"_blank\" rel=\"noreferrer noopener\">Cornell University, Institute for German Cultural Studies<\/a>, Ithaca \/ New York (6.8-5.10.2004)<\/p>\n\n\n\n<p class=\"speziell-Text-seitenuebergreifend has-text-color\" style=\"color:#605252e0;font-size:19px;font-style:normal;font-weight:400\">2008 Habilitation zum Thema: Transformationen symbolisch-autoritativer Dimensionen: Entw\u00fcrfe von Autorschaft und Handlungsmacht (erschienen bei transcript:&nbsp;<em><a href=\"https:\/\/www.transcript-verlag.de\/978-3-8376-1042-0\/symbolische-ordnungen-umschreiben\/\" target=\"_blank\" rel=\"noreferrer noopener\">Symbolische Ordnungen umschreiben. Autorit\u00e4t, Autorschaft und Handlungsmacht<\/a><\/em>, Bielefeld 2009).<br>Venia legendi f\u00fcr das Fachgebiet&nbsp;<em><a href=\"https:\/\/insahaertel.de\/index.php\/kulturwissenschaft\/\" target=\"_blank\" rel=\"noreferrer noopener\">Kulturwissenschaft<\/a><\/em>. Privatdozentin am <a href=\"https:\/\/www.uni-bremen.de\/fb9\/fachbereich-9\" target=\"_blank\" rel=\"noreferrer noopener\">Fachbereich Kulturwissenschaften, Universit\u00e4t Bremen<\/a><\/p>\n\n\n\n<p class=\"speziell-Text-seitenuebergreifend has-text-color\" style=\"color:#605252e0;font-size:19px;font-style:normal;font-weight:400\">2002-2007 Wissenschaftliche Assistentin (C1) an der Universit\u00e4t Bremen, Zentrum Gender Studies (ZGS) und Fachbereich Kulturwissenschaften<\/p>\n\n\n\n<p class=\"speziell-Text-seitenuebergreifend has-text-color\" style=\"color:#605252e0;font-size:19px;font-style:normal;font-weight:400\">2001 Wissenschaftliche Gesch\u00e4ftsf\u00fchrung des ZGS, Universit\u00e4t Bremen<\/p>\n\n\n\n<p class=\"speziell-Text-seitenuebergreifend has-text-color\" style=\"color:#605252e0;font-size:19px;font-style:normal;font-weight:400\">1999-2001 Wissenschaftliche Mitarbeiterin an der Universit\u00e4t Bremen, Koordination der <a href=\"https:\/\/link.springer.com\/content\/pdf\/bfm:978-3-322-95029-1\/1.pdf\" target=\"_blank\" rel=\"noreferrer noopener\">Bremer Studienphase <\/a>der Project Area \u00bbBody\u00ab unter der Leitung von Prof. Dr. Sigrid Schade im Rahmen der<a href=\"https:\/\/www.pedocs.de\/volltexte\/2021\/6239\/pdf\/ZEP_2000_1_Kreutzner_Globaler_Austausch.pdf\" target=\"_blank\" rel=\"noreferrer noopener\"> International Women\u2019s University \/ Internationale Frauenuniversit\u00e4t (ifu)<\/a><\/p>\n\n\n\n<p class=\"speziell-Text-seitenuebergreifend has-text-color\" style=\"color:#605252e0;font-size:19px;font-style:normal;font-weight:400\">1999 Postdoktorandenstipendium des Graduiertenkollegs&nbsp;<em>\u00c4sthetische Bildung<\/em>, Fachbereich Erziehungswissenschaft, Universit\u00e4t Hamburg<\/p>\n\n\n\n<p class=\"speziell-Text-seitenuebergreifend has-text-color\" style=\"color:#605252e0;font-size:19px;font-style:normal;font-weight:400\">1994-1998 Promotion zum Thema:&nbsp;<em><a href=\"https:\/\/www.turia.at\/titel\/insa.php\" target=\"_blank\" rel=\"noreferrer noopener\">Zur Produktion des M\u00fctterlichen (in) der Architektur<\/a><\/em>&nbsp;(Turia + Kant, Wien 1999), Universit\u00e4t Hamburg. 1998 Promotionsstipendium des <a href=\"https:\/\/gepris.dfg.de\/gepris\/projekt\/271237?context=projekt&amp;task=showDetail&amp;id=271237&amp;\" target=\"_blank\" rel=\"noreferrer noopener\">Graduiertenkollegs&nbsp;<em>Psychische Energien bildender Kunst<\/em><\/a>, Kunstgeschichtliches Institut, Johann Wolfgang Goethe-Universit\u00e4t, Frankfurt\/M.; 1994-1997 Promotionsstipendium der&nbsp;<em>Frauen-Anstiftung&nbsp;<\/em>\/&nbsp;<em>Heinrich-B\u00f6ll-Stiftung<\/em><\/p>\n\n\n\n<p class=\"speziell-Text-seitenuebergreifend has-text-color\" style=\"color:#605252e0;font-size:19px;font-style:normal;font-weight:400\">1987-1994 Studium der Psychologie (Hauptfach), Kunstgeschichte und Soziologie (Nebenf\u00e4cher), Universit\u00e4t Hamburg. 1991-1993 Studienstipendium der&nbsp;<em>Frauen-Anstiftung<\/em><\/p>\n<\/div>\n<\/div>\n\n\n\n<h6 class=\"wp-block-heading has-text-align-left has-text-color has-small-font-size\" style=\"color:#b5182d\"><a href=\"https:\/\/insahaertel.de\/\">Startseite<\/a><\/h6>\n\n\n\n<h6 class=\"wp-block-heading has-white-color has-text-color\" style=\"font-size:2px\">Dies ist also das Ende dessen, wie sich infolgedessen die Kurzfassung des Lebenslaufs von Insa Haertel darstellt: &#8222;About&#8220;.<\/h6>\n","protected":false},"excerpt":{"rendered":"<p>About, das hei\u00dft, dass dies der CV von Insa Haertel ist und infolgedessen Stationen ihrer beruflichen Laufbahn aufz\u00e4hlt und dabei sowohl die kulturwissenschaftlichen als auch die kinder- und jugendlichenpsychotherapeutischen Qualifikationen nennt.. Damit wird also deutlich, als was sie schon gearbeitet hat: &#8222;About&#8220; xxxxxxxxxxxxxxxxxxxxxxxxxxxx About PROF. DR. PHIL. HABIL. KULTURWISSENSCHAFT KINDER- &amp; JUGENDLICHEN-PSYCHOTHERAPEUTIN x aktuell Kinder- [&hellip;]<\/p>\n","protected":false},"author":1,"featured_media":0,"parent":0,"menu_order":0,"comment_status":"closed","ping_status":"closed","template":"fullwidth-page.php","meta":{"footnotes":""},"tags":[],"class_list":["post-673","page","type-page","status-publish","hentry"],"yoast_head":"<!-- This site is optimized with the Yoast SEO plugin v27.4 - https:\/\/yoast.com\/product\/yoast-seo-wordpress\/ -->\n<title>About &#8211; Insa H\u00e4rtel<\/title>\n<meta name=\"description\" content=\"About - Insa H\u00e4rtel, Prof. Dr. phil., Kulturwissenschaft (Kulturtheorie, Psychoanalyse...), und: Kinder- u. Jugendlichenpsychotherapeutin.\" \/>\n<meta name=\"robots\" content=\"index, follow, max-snippet:-1, max-image-preview:large, max-video-preview:-1\" \/>\n<link rel=\"canonical\" href=\"https:\/\/insahaertel.de\/index.php\/about\/\" \/>\n<meta property=\"og:locale\" content=\"de_DE\" \/>\n<meta property=\"og:type\" content=\"article\" \/>\n<meta property=\"og:title\" content=\"About &#8211; Insa H\u00e4rtel\" \/>\n<meta property=\"og:description\" content=\"About - Insa H\u00e4rtel, Prof. Dr. phil., Kulturwissenschaft (Kulturtheorie, Psychoanalyse...), und: Kinder- u. Jugendlichenpsychotherapeutin.\" \/>\n<meta property=\"og:url\" content=\"https:\/\/insahaertel.de\/index.php\/about\/\" \/>\n<meta property=\"og:site_name\" content=\"Insa H\u00e4rtel\" \/>\n<meta property=\"article:modified_time\" content=\"2026-04-26T17:33:33+00:00\" \/>\n<meta name=\"twitter:card\" content=\"summary_large_image\" \/>\n<meta name=\"twitter:label1\" content=\"Gesch\u00e4tzte Lesezeit\" \/>\n\t<meta name=\"twitter:data1\" content=\"3\u00a0Minuten\" \/>\n<script type=\"application\/ld+json\" class=\"yoast-schema-graph\">{\"@context\":\"https:\\\/\\\/schema.org\",\"@graph\":[{\"@type\":\"WebPage\",\"@id\":\"https:\\\/\\\/insahaertel.de\\\/index.php\\\/about\\\/\",\"url\":\"https:\\\/\\\/insahaertel.de\\\/index.php\\\/about\\\/\",\"name\":\"About &#8211; Insa H\u00e4rtel\",\"isPartOf\":{\"@id\":\"https:\\\/\\\/insahaertel.de\\\/#website\"},\"primaryImageOfPage\":{\"@id\":\"https:\\\/\\\/insahaertel.de\\\/index.php\\\/about\\\/#primaryimage\"},\"image\":{\"@id\":\"https:\\\/\\\/insahaertel.de\\\/index.php\\\/about\\\/#primaryimage\"},\"thumbnailUrl\":\"https:\\\/\\\/test636937616.files.wordpress.com\\\/2022\\\/06\\\/praesentation2a.jpg\",\"datePublished\":\"2022-05-21T09:07:02+00:00\",\"dateModified\":\"2026-04-26T17:33:33+00:00\",\"description\":\"About - Insa H\u00e4rtel, Prof. Dr. phil., Kulturwissenschaft (Kulturtheorie, Psychoanalyse...), und: Kinder- u. Jugendlichenpsychotherapeutin.\",\"breadcrumb\":{\"@id\":\"https:\\\/\\\/insahaertel.de\\\/index.php\\\/about\\\/#breadcrumb\"},\"inLanguage\":\"de\",\"potentialAction\":[{\"@type\":\"ReadAction\",\"target\":[\"https:\\\/\\\/insahaertel.de\\\/index.php\\\/about\\\/\"]}]},{\"@type\":\"ImageObject\",\"inLanguage\":\"de\",\"@id\":\"https:\\\/\\\/insahaertel.de\\\/index.php\\\/about\\\/#primaryimage\",\"url\":\"https:\\\/\\\/test636937616.files.wordpress.com\\\/2022\\\/06\\\/praesentation2a.jpg\",\"contentUrl\":\"https:\\\/\\\/test636937616.files.wordpress.com\\\/2022\\\/06\\\/praesentation2a.jpg\"},{\"@type\":\"BreadcrumbList\",\"@id\":\"https:\\\/\\\/insahaertel.de\\\/index.php\\\/about\\\/#breadcrumb\",\"itemListElement\":[{\"@type\":\"ListItem\",\"position\":1,\"name\":\"Startseite\",\"item\":\"https:\\\/\\\/insahaertel.de\\\/\"},{\"@type\":\"ListItem\",\"position\":2,\"name\":\"About\"}]},{\"@type\":\"WebSite\",\"@id\":\"https:\\\/\\\/insahaertel.de\\\/#website\",\"url\":\"https:\\\/\\\/insahaertel.de\\\/\",\"name\":\"Insa H\u00e4rtel\",\"description\":\"Kulturwissenschaft, Kinder- und Jugendlichenpsychotherapie\",\"publisher\":{\"@id\":\"https:\\\/\\\/insahaertel.de\\\/#\\\/schema\\\/person\\\/487f7a0df0cef941b2257eba433a46bd\"},\"potentialAction\":[{\"@type\":\"SearchAction\",\"target\":{\"@type\":\"EntryPoint\",\"urlTemplate\":\"https:\\\/\\\/insahaertel.de\\\/?s={search_term_string}\"},\"query-input\":{\"@type\":\"PropertyValueSpecification\",\"valueRequired\":true,\"valueName\":\"search_term_string\"}}],\"inLanguage\":\"de\"},{\"@type\":[\"Person\",\"Organization\"],\"@id\":\"https:\\\/\\\/insahaertel.de\\\/#\\\/schema\\\/person\\\/487f7a0df0cef941b2257eba433a46bd\",\"name\":\"Insa H\u00e4rtel\",\"image\":{\"@type\":\"ImageObject\",\"inLanguage\":\"de\",\"@id\":\"https:\\\/\\\/insahaertel.de\\\/wp-content\\\/uploads\\\/2022\\\/09\\\/tab-icon-insa-haertel.jpg\",\"url\":\"https:\\\/\\\/insahaertel.de\\\/wp-content\\\/uploads\\\/2022\\\/09\\\/tab-icon-insa-haertel.jpg\",\"contentUrl\":\"https:\\\/\\\/insahaertel.de\\\/wp-content\\\/uploads\\\/2022\\\/09\\\/tab-icon-insa-haertel.jpg\",\"width\":512,\"height\":512,\"caption\":\"Insa H\u00e4rtel\"},\"logo\":{\"@id\":\"https:\\\/\\\/insahaertel.de\\\/wp-content\\\/uploads\\\/2022\\\/09\\\/tab-icon-insa-haertel.jpg\"},\"sameAs\":[\"https:\\\/\\\/insahaertel.de\"]}]}<\/script>\n<!-- \/ Yoast SEO plugin. -->","yoast_head_json":{"title":"About &#8211; Insa H\u00e4rtel","description":"About - Insa H\u00e4rtel, Prof. Dr. phil., Kulturwissenschaft (Kulturtheorie, Psychoanalyse...), und: Kinder- u. Jugendlichenpsychotherapeutin.","robots":{"index":"index","follow":"follow","max-snippet":"max-snippet:-1","max-image-preview":"max-image-preview:large","max-video-preview":"max-video-preview:-1"},"canonical":"https:\/\/insahaertel.de\/index.php\/about\/","og_locale":"de_DE","og_type":"article","og_title":"About &#8211; Insa H\u00e4rtel","og_description":"About - Insa H\u00e4rtel, Prof. Dr. phil., Kulturwissenschaft (Kulturtheorie, Psychoanalyse...), und: Kinder- u. Jugendlichenpsychotherapeutin.","og_url":"https:\/\/insahaertel.de\/index.php\/about\/","og_site_name":"Insa H\u00e4rtel","article_modified_time":"2026-04-26T17:33:33+00:00","twitter_card":"summary_large_image","twitter_misc":{"Gesch\u00e4tzte Lesezeit":"3\u00a0Minuten"},"schema":{"@context":"https:\/\/schema.org","@graph":[{"@type":"WebPage","@id":"https:\/\/insahaertel.de\/index.php\/about\/","url":"https:\/\/insahaertel.de\/index.php\/about\/","name":"About &#8211; Insa H\u00e4rtel","isPartOf":{"@id":"https:\/\/insahaertel.de\/#website"},"primaryImageOfPage":{"@id":"https:\/\/insahaertel.de\/index.php\/about\/#primaryimage"},"image":{"@id":"https:\/\/insahaertel.de\/index.php\/about\/#primaryimage"},"thumbnailUrl":"https:\/\/test636937616.files.wordpress.com\/2022\/06\/praesentation2a.jpg","datePublished":"2022-05-21T09:07:02+00:00","dateModified":"2026-04-26T17:33:33+00:00","description":"About - Insa H\u00e4rtel, Prof. Dr. phil., Kulturwissenschaft (Kulturtheorie, Psychoanalyse...), und: Kinder- u. Jugendlichenpsychotherapeutin.","breadcrumb":{"@id":"https:\/\/insahaertel.de\/index.php\/about\/#breadcrumb"},"inLanguage":"de","potentialAction":[{"@type":"ReadAction","target":["https:\/\/insahaertel.de\/index.php\/about\/"]}]},{"@type":"ImageObject","inLanguage":"de","@id":"https:\/\/insahaertel.de\/index.php\/about\/#primaryimage","url":"https:\/\/test636937616.files.wordpress.com\/2022\/06\/praesentation2a.jpg","contentUrl":"https:\/\/test636937616.files.wordpress.com\/2022\/06\/praesentation2a.jpg"},{"@type":"BreadcrumbList","@id":"https:\/\/insahaertel.de\/index.php\/about\/#breadcrumb","itemListElement":[{"@type":"ListItem","position":1,"name":"Startseite","item":"https:\/\/insahaertel.de\/"},{"@type":"ListItem","position":2,"name":"About"}]},{"@type":"WebSite","@id":"https:\/\/insahaertel.de\/#website","url":"https:\/\/insahaertel.de\/","name":"Insa H\u00e4rtel","description":"Kulturwissenschaft, Kinder- und Jugendlichenpsychotherapie","publisher":{"@id":"https:\/\/insahaertel.de\/#\/schema\/person\/487f7a0df0cef941b2257eba433a46bd"},"potentialAction":[{"@type":"SearchAction","target":{"@type":"EntryPoint","urlTemplate":"https:\/\/insahaertel.de\/?s={search_term_string}"},"query-input":{"@type":"PropertyValueSpecification","valueRequired":true,"valueName":"search_term_string"}}],"inLanguage":"de"},{"@type":["Person","Organization"],"@id":"https:\/\/insahaertel.de\/#\/schema\/person\/487f7a0df0cef941b2257eba433a46bd","name":"Insa H\u00e4rtel","image":{"@type":"ImageObject","inLanguage":"de","@id":"https:\/\/insahaertel.de\/wp-content\/uploads\/2022\/09\/tab-icon-insa-haertel.jpg","url":"https:\/\/insahaertel.de\/wp-content\/uploads\/2022\/09\/tab-icon-insa-haertel.jpg","contentUrl":"https:\/\/insahaertel.de\/wp-content\/uploads\/2022\/09\/tab-icon-insa-haertel.jpg","width":512,"height":512,"caption":"Insa H\u00e4rtel"},"logo":{"@id":"https:\/\/insahaertel.de\/wp-content\/uploads\/2022\/09\/tab-icon-insa-haertel.jpg"},"sameAs":["https:\/\/insahaertel.de"]}]}},"jetpack_sharing_enabled":true,"_links":{"self":[{"href":"https:\/\/insahaertel.de\/index.php\/wp-json\/wp\/v2\/pages\/673","targetHints":{"allow":["GET"]}}],"collection":[{"href":"https:\/\/insahaertel.de\/index.php\/wp-json\/wp\/v2\/pages"}],"about":[{"href":"https:\/\/insahaertel.de\/index.php\/wp-json\/wp\/v2\/types\/page"}],"author":[{"embeddable":true,"href":"https:\/\/insahaertel.de\/index.php\/wp-json\/wp\/v2\/users\/1"}],"replies":[{"embeddable":true,"href":"https:\/\/insahaertel.de\/index.php\/wp-json\/wp\/v2\/comments?post=673"}],"version-history":[{"count":69,"href":"https:\/\/insahaertel.de\/index.php\/wp-json\/wp\/v2\/pages\/673\/revisions"}],"predecessor-version":[{"id":8441,"href":"https:\/\/insahaertel.de\/index.php\/wp-json\/wp\/v2\/pages\/673\/revisions\/8441"}],"wp:attachment":[{"href":"https:\/\/insahaertel.de\/index.php\/wp-json\/wp\/v2\/media?parent=673"}],"wp:term":[{"taxonomy":"post_tag","embeddable":true,"href":"https:\/\/insahaertel.de\/index.php\/wp-json\/wp\/v2\/tags?post=673"}],"curies":[{"name":"wp","href":"https:\/\/api.w.org\/{rel}","templated":true}]}}